{"id":337,"date":"2024-09-13T11:19:52","date_gmt":"2024-09-13T09:19:52","guid":{"rendered":"https:\/\/ekineisis.fr\/?page_id=337"},"modified":"2025-06-06T16:41:33","modified_gmt":"2025-06-06T14:41:33","slug":"a-propos-de-moi","status":"publish","type":"page","link":"https:\/\/ekineisis.fr\/index.php\/a-propos-de-moi\/","title":{"rendered":"Qui-suis-je ?"},"content":{"rendered":"<p>[et_pb_section fb_built=\u00a0\u00bb1&Prime; disabled_on=\u00a0\u00bboff|off|on\u00a0\u00bb admin_label=\u00a0\u00bbHeader\u00a0\u00bb _builder_version=\u00a0\u00bb4.27.0&Prime; _module_preset=\u00a0\u00bbdefault\u00a0\u00bb background_color=\u00a0\u00bb#F5F3EB\u00a0\u00bb use_background_color_gradient=\u00a0\u00bbon\u00a0\u00bb background_color_gradient_direction=\u00a0\u00bb90deg\u00a0\u00bb background_color_gradient_stops=\u00a0\u00bbrgba(255,255,255,0) 37%|#ffffff 37%\u00a0\u00bb background_color_gradient_overlays_image=\u00a0\u00bbon\u00a0\u00bb background_enable_image=\u00a0\u00bboff\u00a0\u00bb module_alignment=\u00a0\u00bbcenter\u00a0\u00bb height=\u00a0\u00bb975px\u00a0\u00bb background_color_phone=\u00a0\u00bb#F7E9E9&Prime; background_last_edited=\u00a0\u00bbon|desktop\u00a0\u00bb background_enable_color_phone=\u00a0\u00bbon\u00a0\u00bb background_color_gradient_direction_tablet=\u00a0\u00bb-180deg\u00a0\u00bb locked=\u00a0\u00bboff\u00a0\u00bb collapsed=\u00a0\u00bbon\u00a0\u00bb global_colors_info=\u00a0\u00bb{}\u00a0\u00bb][et_pb_row column_structure=\u00a0\u00bb1_3,2_3&Prime; _builder_version=\u00a0\u00bb4.27.0&Prime; _module_preset=\u00a0\u00bbdefault\u00a0\u00bb global_colors_info=\u00a0\u00bb{}\u00a0\u00bb][et_pb_column type=\u00a0\u00bb1_3&Prime; _builder_version=\u00a0\u00bb4.20.0&Prime; _module_preset=\u00a0\u00bbdefault\u00a0\u00bb global_colors_info=\u00a0\u00bb{}\u00a0\u00bb][et_pb_image src=\u00a0\u00bbhttp:\/\/ekineisis.fr\/wp-content\/uploads\/2025\/06\/IMG_7123-scaled.jpeg\u00a0\u00bb alt=\u00a0\u00bbC\u00e9line EYMERY Kin\u00e9siologue Kin\u00e9siologue humaine et animale et lib\u00e9ration cranio-sacr\u00e9e\u00a0\u00bb title_text=\u00a0\u00bbC\u00e9line EYMERY Kin\u00e9siologue Kin\u00e9siologue humaine et animale et lib\u00e9ration cranio-sacr\u00e9e\u00a0\u00bb _builder_version=\u00a0\u00bb4.27.0&Prime; _module_preset=\u00a0\u00bbdefault\u00a0\u00bb global_colors_info=\u00a0\u00bb{}\u00a0\u00bb][\/et_pb_image][\/et_pb_column][et_pb_column type=\u00a0\u00bb2_3&Prime; _builder_version=\u00a0\u00bb4.20.0&Prime; _module_preset=\u00a0\u00bbdefault\u00a0\u00bb global_colors_info=\u00a0\u00bb{}\u00a0\u00bb][et_pb_text _builder_version=\u00a0\u00bb4.27.0&Prime; _module_preset=\u00a0\u00bbbb0292e6-e95b-4959-b527-0afde651a9a3&Prime; text_font=\u00a0\u00bb&#8211;et_global_heading_font||||||||\u00a0\u00bb header_font=\u00a0\u00bb&#8211;et_global_body_font|200|||||||\u00a0\u00bb header_4_font=\u00a0\u00bb&#8211;et_global_body_font|700||on|||||\u00a0\u00bb header_4_text_color=\u00a0\u00bb#7F6A93&Prime; header_4_font_size=\u00a0\u00bb29px\u00a0\u00bb custom_padding=\u00a0\u00bb||0px|||\u00a0\u00bb global_colors_info=\u00a0\u00bb{}\u00a0\u00bb]<\/p>\n<h4>Pourquoi travailler ensemble ?<\/h4>\n<p>[\/et_pb_text][et_pb_text _builder_version=\u00a0\u00bb4.27.0&Prime; _module_preset=\u00a0\u00bbdefault\u00a0\u00bb text_text_color=\u00a0\u00bb#000000&Prime; custom_margin=\u00a0\u00bb||43px|||\u00a0\u00bb global_colors_info=\u00a0\u00bb{}\u00a0\u00bb]<\/p>\n<p style=\"text-align: justify;\">Avant de vouloir devenir <strong>kin\u00e9siologue<\/strong>,\u00a0j\u2019ai travaill\u00e9 pendant pr\u00e8s de 17 ans au sein de la Fonction Publique Territoriale. Le dernier poste sur lequel j\u2019ai \u00e9t\u00e9 recrut\u00e9e m\u2019a conduite \u00e0 un <strong>\u00e9puisement professionnel<\/strong>, ce qui m\u2019a oblig\u00e9e \u00e0 voir ce que je ne voulais pas voir depuis plusieurs ann\u00e9es : mon m\u00e9tier ne me correspondait plus et<strong> ne m\u2019\u00e9panouissait plus<\/strong>.<br \/>J\u2019ai donc d\u00e9cid\u00e9 de reprendre <strong>les r\u00eanes de mon bien-\u00eatre<\/strong>. Et ainsi trouver ce qui am\u00e8nerait du<strong> sens \u00e0 ma vie professionnelle.<\/strong><\/p>\n<p>[\/et_pb_text][et_pb_heading title=\u00a0\u00bbLe m\u00e9tier de l&rsquo;accompagnement\u00a0\u00bb _builder_version=\u00a0\u00bb4.27.0&Prime; _module_preset=\u00a0\u00bbdefault\u00a0\u00bb title_text_align=\u00a0\u00bbcenter\u00a0\u00bb title_text_color=\u00a0\u00bb#878E99&Prime; custom_margin=\u00a0\u00bb||0px|||\u00a0\u00bb global_colors_info=\u00a0\u00bb{}\u00a0\u00bb][\/et_pb_heading][et_pb_heading title=\u00a0\u00bbet devenir kin\u00e9siologue :\u00a0\u00bb _builder_version=\u00a0\u00bb4.27.0&Prime; _module_preset=\u00a0\u00bbdefault\u00a0\u00bb title_font=\u00a0\u00bb&#8211;et_global_heading_font|500|||||||\u00a0\u00bb title_text_align=\u00a0\u00bbcenter\u00a0\u00bb title_text_color=\u00a0\u00bb#878E99&Prime; title_font_size=\u00a0\u00bb32px\u00a0\u00bb global_colors_info=\u00a0\u00bb{}\u00a0\u00bb][\/et_pb_heading][et_pb_text _builder_version=\u00a0\u00bb4.27.0&Prime; _module_preset=\u00a0\u00bb1a5eb77d-692d-4946-b033-87717abf6463&Prime; custom_padding=\u00a0\u00bb||0px|||\u00a0\u00bb locked=\u00a0\u00bboff\u00a0\u00bb global_colors_info=\u00a0\u00bb{}\u00a0\u00bb]<\/p>\n<p style=\"text-align: justify;\">Accompagn\u00e9e depuis de nombreuses ann\u00e9es en kin\u00e9siologie, en m\u00e9decine chinoise en \u00e9nerg\u00e9tique, <strong>les m\u00e9tiers de l\u2019accompagnement<\/strong> m\u2019ont toujours passionn\u00e9s mais je n\u2019osais franchir le pas d\u2019int\u00e9grer une formation certifiante.<\/p>\n<p style=\"text-align: justify;\">La kin\u00e9siologie repr\u00e9sente pour moi une <strong>m\u00e9thode holistique<\/strong>, naturelle et <strong>\u00e9volutive<\/strong> qui est suffisamment ouverte pour pouvoir la pratiquer sans s\u2019en lasser.<\/p>\n<p style=\"text-align: justify;\">Elle permet d\u2019<strong>accompagner les autres, les reconnecter avec leur corps, \u00e0 leurs \u00e9motions et les aider \u00e0 retrouver tout leur potentiel.<\/strong><\/p>\n<p style=\"text-align: justify;\">Selon moi, il n\u2019y a pas de d\u00e9bat sur le fait de choisir telle ou telle m\u00e9decine lorsqu\u2019une probl\u00e9matique se pr\u00e9sente. <strong>L\u2019objectif de chacune est donc diff\u00e9rent.<\/strong><\/p>\n<p style=\"text-align: justify;\">En effet, <strong>la m\u00e9decine contemporaine soigne<\/strong>, quand les techniques compl\u00e9mentaires <strong>accompagnent, soulagent et permettent plus de bien-\u00eatre.<\/strong><\/p>\n<p style=\"text-align: justify;\"><strong>La m\u00e9decine occidentale \u00e0 pour but de te <span style=\"text-decoration: underline;\">garder en vie<\/span><\/strong>, quand les techniques que j\u2019utilise permettent de <strong>vivre en se sentant mieux<\/strong>.<\/p>\n<p style=\"text-align: justify;\">Aussi avant d\u2019entreprendre un parcours compl\u00e9mentaire, il est conseill\u00e9 de se rendre chez son m\u00e9decin traitant pour <strong>\u00e9carter toute cause m\u00e9dicale<\/strong> . C\u2019est d\u2019ailleurs en cela que nous pouvons parler de techniques compl\u00e9mentaires : en tant que kin\u00e9siologue, j\u2019interviens sur un champ qui est tout autre que celui du corps m\u00e9dical : <strong>le bien-\u00eatre, le mieux-\u00eatre.<\/strong><\/p>\n<p><!-- notionvc: 0c6ce12e-7f25-4c30-bd6f-950dc9bd1d56 --><\/p>\n<p>[\/et_pb_text][et_pb_button button_text=\u00a0\u00bbPrendre rendez-vous\u00a0\u00bb button_alignment=\u00a0\u00bbcenter\u00a0\u00bb _builder_version=\u00a0\u00bb4.27.0&Prime; _module_preset=\u00a0\u00bbdefault\u00a0\u00bb custom_button=\u00a0\u00bbon\u00a0\u00bb button_text_color=\u00a0\u00bb#7F6A93&Prime; button_bg_color=\u00a0\u00bb#A2C5AC\u00a0\u00bb button_border_color=\u00a0\u00bbRGBA(255,255,255,0)\u00a0\u00bb button_border_radius=\u00a0\u00bb44px\u00a0\u00bb global_colors_info=\u00a0\u00bb{}\u00a0\u00bb][\/et_pb_button][\/et_pb_column][\/et_pb_row][\/et_pb_section][et_pb_section fb_built=\u00a0\u00bb1&Prime; _builder_version=\u00a0\u00bb4.27.0&Prime; _module_preset=\u00a0\u00bbdefault\u00a0\u00bb global_colors_info=\u00a0\u00bb{}\u00a0\u00bb][et_pb_row _builder_version=\u00a0\u00bb4.27.0&Prime; _module_preset=\u00a0\u00bbdefault\u00a0\u00bb global_colors_info=\u00a0\u00bb{}\u00a0\u00bb][et_pb_column type=\u00a0\u00bb4_4&Prime; _builder_version=\u00a0\u00bb4.27.0&Prime; _module_preset=\u00a0\u00bbdefault\u00a0\u00bb global_colors_info=\u00a0\u00bb{}\u00a0\u00bb][\/et_pb_column][\/et_pb_row][\/et_pb_section][et_pb_section fb_built=\u00a0\u00bb1&Prime; disabled_on=\u00a0\u00bbon|on|off\u00a0\u00bb admin_label=\u00a0\u00bbHeader\u00a0\u00bb _builder_version=\u00a0\u00bb4.27.0&Prime; _module_preset=\u00a0\u00bbdefault\u00a0\u00bb background_color=\u00a0\u00bb#9DB5B2&Prime; use_background_color_gradient=\u00a0\u00bbon\u00a0\u00bb background_color_gradient_direction=\u00a0\u00bb90deg\u00a0\u00bb background_color_gradient_stops=\u00a0\u00bbrgba(255,255,255,0) 37%|#ffffff 37%\u00a0\u00bb background_color_gradient_overlays_image=\u00a0\u00bbon\u00a0\u00bb background_enable_image=\u00a0\u00bboff\u00a0\u00bb background_last_edited=\u00a0\u00bbon|desktop\u00a0\u00bb background_color_gradient_direction_tablet=\u00a0\u00bb-180deg\u00a0\u00bb locked=\u00a0\u00bboff\u00a0\u00bb collapsed=\u00a0\u00bbon\u00a0\u00bb global_colors_info=\u00a0\u00bb{}\u00a0\u00bb][et_pb_row column_structure=\u00a0\u00bb1_3,2_3&Prime; _builder_version=\u00a0\u00bb4.20.0&Prime; _module_preset=\u00a0\u00bbdefault\u00a0\u00bb global_colors_info=\u00a0\u00bb{}\u00a0\u00bb][et_pb_column type=\u00a0\u00bb1_3&Prime; _builder_version=\u00a0\u00bb4.20.0&Prime; _module_preset=\u00a0\u00bbdefault\u00a0\u00bb global_colors_info=\u00a0\u00bb{}\u00a0\u00bb][et_pb_image src=\u00a0\u00bbhttp:\/\/ekineisis.fr\/wp-content\/uploads\/2024\/12\/IMG-20241118-WA0098.jpg\u00a0\u00bb alt=\u00a0\u00bbC\u00e9line EYMERY Kin\u00e9siologue Kin\u00e9siologue humaine et animale et lib\u00e9ration cranio-sacr\u00e9e\u00a0\u00bb title_text=\u00a0\u00bbC\u00e9line EYMERY Kin\u00e9siologue Kin\u00e9siologue humaine et animale et lib\u00e9ration cranio-sacr\u00e9e\u00a0\u00bb _builder_version=\u00a0\u00bb4.27.0&Prime; _module_preset=\u00a0\u00bbdefault\u00a0\u00bb max_height_tablet=\u00a0\u00bb300px\u00a0\u00bb max_height_phone=\u00a0\u00bb300px\u00a0\u00bb max_height_last_edited=\u00a0\u00bbon|tablet\u00a0\u00bb global_colors_info=\u00a0\u00bb{}\u00a0\u00bb][\/et_pb_image][\/et_pb_column][et_pb_column type=\u00a0\u00bb2_3&Prime; _builder_version=\u00a0\u00bb4.20.0&Prime; _module_preset=\u00a0\u00bbdefault\u00a0\u00bb global_colors_info=\u00a0\u00bb{}\u00a0\u00bb][et_pb_text _builder_version=\u00a0\u00bb4.27.0&Prime; _module_preset=\u00a0\u00bbbb0292e6-e95b-4959-b527-0afde651a9a3&Prime; text_font=\u00a0\u00bb&#8211;et_global_heading_font||||||||\u00a0\u00bb header_font=\u00a0\u00bb&#8211;et_global_body_font|200|||||||\u00a0\u00bb header_4_font=\u00a0\u00bb&#8211;et_global_body_font|700||on|||||\u00a0\u00bb header_4_text_color=\u00a0\u00bb#7F6A93&Prime; header_4_font_size=\u00a0\u00bb29px\u00a0\u00bb custom_padding=\u00a0\u00bb||0px|||\u00a0\u00bb global_colors_info=\u00a0\u00bb{}\u00a0\u00bb]<\/p>\n<h4>Pourquoi travailler ensemble ?<\/h4>\n<p>[\/et_pb_text][et_pb_text _builder_version=\u00a0\u00bb4.27.0&Prime; _module_preset=\u00a0\u00bb58eab933-ff43-4a99-b688-f120ed87ca87&Prime; global_colors_info=\u00a0\u00bb{}\u00a0\u00bb][\/et_pb_text][et_pb_text _builder_version=\u00a0\u00bb4.27.0&Prime; _module_preset=\u00a0\u00bb1a5eb77d-692d-4946-b033-87717abf6463&Prime; global_colors_info=\u00a0\u00bb{}\u00a0\u00bb]<\/p>\n<p>Avant de vouloir devenir <strong>kin\u00e9siologue<\/strong>,\u00a0j\u2019ai travaill\u00e9 pendant pr\u00e8s de 17 ans au sein de la Fonction Publique Territoriale. Le dernier poste sur lequel j\u2019ai \u00e9t\u00e9 recrut\u00e9e m\u2019a conduite \u00e0 un <strong>\u00e9puisement professionnel<\/strong>, ce qui m\u2019a oblig\u00e9e \u00e0 voir ce que je ne voulais pas voir depuis plusieurs ann\u00e9es : mon m\u00e9tier ne me correspondait plus et<strong> ne m\u2019\u00e9panouissait plus<\/strong>.<br \/>J\u2019ai donc d\u00e9cid\u00e9 de reprendre <strong>les r\u00eanes de mon bien-\u00eatre<\/strong>. Et ainsi trouver ce qui am\u00e8nerait du<strong> sens \u00e0 ma vie professionnelle.<\/strong><!-- notionvc: edc824b9-a0ae-47fa-a720-fed9e64d329d --><\/p>\n<p>[\/et_pb_text][et_pb_heading title=\u00a0\u00bbLe m\u00e9tier de l\u2019accompagnement et devenir kin\u00e9siologue :\u00a0\u00bb _builder_version=\u00a0\u00bb4.27.0&Prime; _module_preset=\u00a0\u00bbdefault\u00a0\u00bb title_font=\u00a0\u00bb&#8211;et_global_heading_font|500|||||||\u00a0\u00bb title_text_color=\u00a0\u00bb#878E99&Prime; title_font_size=\u00a0\u00bb32px\u00a0\u00bb global_colors_info=\u00a0\u00bb{}\u00a0\u00bb][\/et_pb_heading][et_pb_text _builder_version=\u00a0\u00bb4.27.0&Prime; _module_preset=\u00a0\u00bb1a5eb77d-692d-4946-b033-87717abf6463&Prime; locked=\u00a0\u00bboff\u00a0\u00bb global_colors_info=\u00a0\u00bb{}\u00a0\u00bb]<\/p>\n<p>Accompagn\u00e9e depuis de nombreuses ann\u00e9es en kin\u00e9siologie, en m\u00e9decine chinoise en \u00e9nerg\u00e9tique , <strong>les m\u00e9tiers de l\u2019accompagnement<\/strong> m\u2019ont toujours passionn\u00e9s mais je n\u2019osais franchir le pas d\u2019int\u00e9grer une formation certifiante.<\/p>\n<p>La kin\u00e9siologie repr\u00e9sente pour moi une <strong>m\u00e9thode holistique<\/strong>, naturelle et <strong>\u00e9volutive<\/strong> qui est suffisamment ouverte pour pouvoir la pratiquer sans s\u2019en lasser.<\/p>\n<p>Elle permet d\u2019<strong>accompagner les autres, les reconnecter avec leur corps, \u00e0 leurs \u00e9motions et les aider \u00e0 retrouver tout leur potentiel.<\/strong><\/p>\n<p>Selon moi, il n\u2019y a pas de d\u00e9bat sur le fait de choisir telle ou telle m\u00e9decine lorsqu\u2019une probl\u00e9matique se pr\u00e9sente. <strong>L\u2019objectif de chacune est donc diff\u00e9rent.<\/strong><\/p>\n<p>En effet, <strong>la m\u00e9decine contemporaine soigne<\/strong>, quand les techniques compl\u00e9mentaires <strong>accompagnent, soulagent et permettent plus de bien-\u00eatre.<\/strong><\/p>\n<p><strong>La m\u00e9decine occidentale \u00e0 pour but de te <span style=\"text-decoration: underline;\">garder en vie<\/span><\/strong>, quand les techniques que j\u2019utilise permettent de <strong>vivre en se sentant mieux<\/strong>. Aussi avant d\u2019entreprendre un parcours compl\u00e9mentaire, il est conseill\u00e9 de se rendre chez son m\u00e9decin traitant pour <strong>\u00e9carter toute cause m\u00e9dicale<\/strong> . C\u2019est d\u2019ailleurs en cela que nous pouvons parler de techniques compl\u00e9mentaires : en tant que kin\u00e9siologue, j\u2019interviens sur un champ qui est tout autre que celui du corps m\u00e9dical : <strong>le bien-\u00eatre, le mieux-\u00eatre.<\/strong><\/p>\n<p><!-- notionvc: 0c6ce12e-7f25-4c30-bd6f-950dc9bd1d56 --><\/p>\n<p>[\/et_pb_text][et_pb_button button_url=\u00a0\u00bbhttps:\/\/zcal.co\/kinesiohumaine\/ekineisis\u00a0\u00bb button_text=\u00a0\u00bbRendez-vous kin\u00e9sio humaine\u00a0\u00bb button_alignment=\u00a0\u00bbcenter\u00a0\u00bb _builder_version=\u00a0\u00bb4.27.0&Prime; _module_preset=\u00a0\u00bbdefault\u00a0\u00bb custom_button=\u00a0\u00bbon\u00a0\u00bb button_text_size=\u00a0\u00bb20px\u00a0\u00bb button_text_color=\u00a0\u00bb#7F6A93&Prime; button_bg_color=\u00a0\u00bb#A2C5AC\u00a0\u00bb button_border_width=\u00a0\u00bb2px\u00a0\u00bb button_border_color=\u00a0\u00bbRGBA(255,255,255,0)\u00a0\u00bb button_border_radius=\u00a0\u00bb44px\u00a0\u00bb button_letter_spacing=\u00a0\u00bb5px\u00a0\u00bb global_colors_info=\u00a0\u00bb{}\u00a0\u00bb][\/et_pb_button][et_pb_button button_text=\u00a0\u00bbRendez-vous m\u00e9thode %22Raconte-moi mon histoire%22&Prime; button_alignment=\u00a0\u00bbcenter\u00a0\u00bb _builder_version=\u00a0\u00bb4.27.0&Prime; _module_preset=\u00a0\u00bbdefault\u00a0\u00bb custom_button=\u00a0\u00bbon\u00a0\u00bb button_text_size=\u00a0\u00bb19px\u00a0\u00bb button_text_color=\u00a0\u00bb#c4a03b\u00a0\u00bb button_bg_color=\u00a0\u00bb#305670&Prime; button_border_color=\u00a0\u00bbRGBA(255,255,255,0)\u00a0\u00bb button_border_radius=\u00a0\u00bb44px\u00a0\u00bb hover_enabled=\u00a0\u00bb0&Prime; global_colors_info=\u00a0\u00bb{}\u00a0\u00bb button_url=\u00a0\u00bbhttps:\/\/zcal.co\/kinesiohumaine\/racontemoi\u00a0\u00bb sticky_enabled=\u00a0\u00bb0&Prime;][\/et_pb_button][et_pb_button button_url=\u00a0\u00bbhttps:\/\/zcal.co\/kinesiohumaine\/Animale\u00a0\u00bb button_text=\u00a0\u00bbRendez-vous kin\u00e9sio animale\u00a0\u00bb button_alignment=\u00a0\u00bbcenter\u00a0\u00bb _builder_version=\u00a0\u00bb4.27.0&Prime; _module_preset=\u00a0\u00bbdefault\u00a0\u00bb custom_button=\u00a0\u00bbon\u00a0\u00bb button_text_color=\u00a0\u00bb#FFFFFF\u00a0\u00bb button_bg_color=\u00a0\u00bb#7F6A93&Prime; button_border_color=\u00a0\u00bbRGBA(255,255,255,0)\u00a0\u00bb button_border_radius=\u00a0\u00bb44px\u00a0\u00bb button_letter_spacing=\u00a0\u00bb6px\u00a0\u00bb global_colors_info=\u00a0\u00bb{}\u00a0\u00bb][\/et_pb_button][\/et_pb_column][\/et_pb_row][\/et_pb_section][et_pb_section fb_built=\u00a0\u00bb1&Prime; disabled_on=\u00a0\u00bboff|off|off\u00a0\u00bb admin_label=\u00a0\u00bbAbout\u00a0\u00bb _builder_version=\u00a0\u00bb4.27.0&Prime; _module_preset=\u00a0\u00bbdefault\u00a0\u00bb background_color=\u00a0\u00bb#F7E9E9&Prime; custom_margin=\u00a0\u00bb||||false|false\u00a0\u00bb custom_padding=\u00a0\u00bb0px||0px||true|false\u00a0\u00bb collapsed=\u00a0\u00bbon\u00a0\u00bb global_colors_info=\u00a0\u00bb{}\u00a0\u00bb][et_pb_row column_structure=\u00a0\u00bb1_2,1_2&Prime; _builder_version=\u00a0\u00bb4.20.0&Prime; _module_preset=\u00a0\u00bbdefault\u00a0\u00bb custom_padding=\u00a0\u00bb0px||0px||true|false\u00a0\u00bb global_colors_info=\u00a0\u00bb{}\u00a0\u00bb][et_pb_column type=\u00a0\u00bb1_2&Prime; _builder_version=\u00a0\u00bb4.20.0&Prime; _module_preset=\u00a0\u00bbdefault\u00a0\u00bb custom_padding=\u00a0\u00bb8%||8%||true|false\u00a0\u00bb global_colors_info=\u00a0\u00bb{}\u00a0\u00bb][et_pb_text _builder_version=\u00a0\u00bb4.27.0&Prime; _module_preset=\u00a0\u00bbbb0292e6-e95b-4959-b527-0afde651a9a3&Prime; header_font=\u00a0\u00bb&#8211;et_global_body_font||||||||\u00a0\u00bb global_colors_info=\u00a0\u00bb{}\u00a0\u00bb]<\/p>\n<h4>Pourquoi accompagner l&rsquo;autre ?<\/h4>\n<p>[\/et_pb_text][et_pb_text _builder_version=\u00a0\u00bb4.27.0&Prime; _module_preset=\u00a0\u00bb1a5eb77d-692d-4946-b033-87717abf6463&Prime; text_font=\u00a0\u00bb&#8211;et_global_body_font||||||||\u00a0\u00bb global_colors_info=\u00a0\u00bb{}\u00a0\u00bb]<\/p>\n<p>L\u2019adage dit \u201cSeul on va plus vite, ensemble on va plus loin\u201d.<\/p>\n<p>J\u2019ai \u00e9tudi\u00e9 les sciences de l\u2019\u00e9ducation et les sciences humaines car l\u2019accompagnement des autres dans la connaissance d\u2019eux m\u00eame m\u2019a toujours passionn\u00e9e. Moi m\u00eame hypersensible, j\u2019ai toujours aim\u00e9 \u00e9couter mes \u00e9motions, m\u00eame si je me sentais en d\u00e9calage avec mon entourage.<\/p>\n<p>Grande lectrice de romans policiers, j\u2019adore mener l\u2019enqu\u00eate, aussi j\u2019ai d\u00e9cid\u00e9 d\u2019allier ces deux domaines qui me passionnent : vous aider \u00e0 mener l\u2019enqu\u00eate aupr\u00e8s de vos \u00e9motions et vous permettre, comme \u201cune \u00e9claireuse\u201d de mettre en lumi\u00e8re vos ressources, vos forces afin que vous puissiez r\u00e9aliser votre v\u00e9ritable potentiel.<\/p>\n<p>Ce parcours avec vous me permet \u00e9galement de grandir, de me d\u00e9velopper et de me mettre constamment au d\u00e9fi afin de devenir meilleure que la personne que j&rsquo;\u00e9tais la veille, en parfaite authenticit\u00e9.<\/p>\n<p>[\/et_pb_text][\/et_pb_column][et_pb_column type=\u00a0\u00bb1_2&Prime; _builder_version=\u00a0\u00bb4.20.0&Prime; _module_preset=\u00a0\u00bbdefault\u00a0\u00bb global_colors_info=\u00a0\u00bb{}\u00a0\u00bb][et_pb_image src=\u00a0\u00bbhttp:\/\/ekineisis.fr\/wp-content\/uploads\/2024\/08\/Untitled-1.jpeg\u00a0\u00bb alt=\u00a0\u00bbEKINEISIS\u00a0\u00bb title_text=\u00a0\u00bbEKINEISIS C\u00e9line EYMERY Kin\u00e9siologue\u00a0\u00bb _builder_version=\u00a0\u00bb4.27.0&Prime; _module_preset=\u00a0\u00bbdefault\u00a0\u00bb global_colors_info=\u00a0\u00bb{}\u00a0\u00bb][\/et_pb_image][\/et_pb_column][\/et_pb_row][\/et_pb_section][et_pb_section fb_built=\u00a0\u00bb1&Prime; disabled_on=\u00a0\u00bbon|on|off\u00a0\u00bb admin_label=\u00a0\u00bbCertifications\u00a0\u00bb _builder_version=\u00a0\u00bb4.27.0&Prime; _module_preset=\u00a0\u00bbdefault\u00a0\u00bb collapsed=\u00a0\u00bbon\u00a0\u00bb global_colors_info=\u00a0\u00bb{}\u00a0\u00bb][et_pb_row _builder_version=\u00a0\u00bb4.20.0&Prime; _module_preset=\u00a0\u00bbdefault\u00a0\u00bb global_colors_info=\u00a0\u00bb{}\u00a0\u00bb][et_pb_column type=\u00a0\u00bb4_4&Prime; _builder_version=\u00a0\u00bb4.20.0&Prime; _module_preset=\u00a0\u00bbdefault\u00a0\u00bb global_colors_info=\u00a0\u00bb{}\u00a0\u00bb][et_pb_text _builder_version=\u00a0\u00bb4.20.0&Prime; _module_preset=\u00a0\u00bb34e8548b-2368-4e54-8062-56ec1158a2b1&Prime; text_orientation=\u00a0\u00bbcenter\u00a0\u00bb global_colors_info=\u00a0\u00bb{}\u00a0\u00bb]<\/p>\n<h2><span style=\"color: #7f6a93;\">Mes formations<\/span><\/h2>\n<p>[\/et_pb_text][\/et_pb_column][\/et_pb_row][et_pb_row column_structure=\u00a0\u00bb1_3,1_3,1_3&Prime; _builder_version=\u00a0\u00bb4.27.0&Prime; _module_preset=\u00a0\u00bbdefault\u00a0\u00bb border_color_all=\u00a0\u00bbgcid-606d042f-c90f-4ea6-97e7-7b08f1ba25f6&Prime; border_width_bottom_last_edited=\u00a0\u00bboff|desktop\u00a0\u00bb global_colors_info=\u00a0\u00bb{%22gcid-606d042f-c90f-4ea6-97e7-7b08f1ba25f6%22:%91%22border_color_all%22%93}\u00a0\u00bb border_width_all__hover_enabled=\u00a0\u00bboff|hover\u00a0\u00bb border_width_bottom__hover_enabled=\u00a0\u00bbon|hover\u00a0\u00bb border_width_bottom__hover=\u00a0\u00bb1px\u00a0\u00bb][et_pb_column type=\u00a0\u00bb1_3&Prime; _builder_version=\u00a0\u00bb4.20.0&Prime; _module_preset=\u00a0\u00bbdefault\u00a0\u00bb global_colors_info=\u00a0\u00bb{}\u00a0\u00bb][et_pb_text _builder_version=\u00a0\u00bb4.20.0&Prime; _module_preset=\u00a0\u00bb84c1bf97-7a63-4f7d-9e55-cc777ac54851&Prime; text_orientation=\u00a0\u00bbcenter\u00a0\u00bb custom_margin=\u00a0\u00bb||10px||false|false\u00a0\u00bb global_colors_info=\u00a0\u00bb{}\u00a0\u00bb]<\/p>\n<h3>Kin\u00e9siologie Humaine<\/h3>\n<p>[\/et_pb_text][\/et_pb_column][et_pb_column type=\u00a0\u00bb1_3&Prime; _builder_version=\u00a0\u00bb4.20.0&Prime; _module_preset=\u00a0\u00bbdefault\u00a0\u00bb global_colors_info=\u00a0\u00bb{}\u00a0\u00bb][et_pb_text _builder_version=\u00a0\u00bb4.27.0&Prime; _module_preset=\u00a0\u00bb2b5b8191-c0de-4dab-8950-02b1d645dbe7&Prime; header_text_color=\u00a0\u00bb#000000&Prime; text_orientation_tablet=\u00a0\u00bbcenter\u00a0\u00bb text_orientation_phone=\u00a0\u00bbcenter\u00a0\u00bb text_orientation_last_edited=\u00a0\u00bbon|tablet\u00a0\u00bb global_colors_info=\u00a0\u00bb{}\u00a0\u00bb]<\/p>\n<p style=\"text-align: left;\">J&rsquo;ai suivi ma formation au sein de<a href=\"https:\/\/www.ecole-kinesiologie.fr\/\"><span style=\"color: #000000;\"><span style=\"text-decoration: underline;\"><strong> l&rsquo;\u00e9cole de kin\u00e9siologie et de techniques\u00a0compl\u00e9mentaires<\/strong><\/span>\u00a0<\/span><\/a>pour la partie relative \u00e0 l\u2019humain<\/p>\n<p style=\"text-align: left;\">Cela repr\u00e9sente :<\/p>\n<ul style=\"text-align: left;\">\n<li>plus de 600 heures de formation th\u00e9orique et pratique<\/li>\n<li>le fait d&rsquo;avoir re\u00e7u 5 s\u00e9ances par des kin\u00e9siologues professionnels et certifi\u00e9s<\/li>\n<li>l&rsquo;obtention du PSC1<\/li>\n<\/ul>\n<p style=\"text-align: left;\">Voici le d\u00e9tail de la formation de kin\u00e9siologue que j&rsquo;ai suivie au sein de <a href=\"https:\/\/www.ecole-kinesiologie.fr\/\"><span style=\"color: #000000;\"><span style=\"text-decoration: underline;\"><strong>l&rsquo;\u00e9cole de kin\u00e9siologie et de techniques compl\u00e9mentaires.<\/strong><\/span><\/span><\/a><\/p>\n<p style=\"text-align: left;\"><span style=\"color: #000000;\">Mon choix des modules compl\u00e9mentaires n&rsquo;est bien s\u00fbr pas le fruit du hasard.<\/span><\/p>\n<p style=\"text-align: left;\">\n<p><!-- notionvc: 0e00fcbe-97e6-4842-a8da-fbefe1dde666 --><\/p>\n<p>[\/et_pb_text][\/et_pb_column][et_pb_column type=\u00a0\u00bb1_3&Prime; _builder_version=\u00a0\u00bb4.27.0&Prime; _module_preset=\u00a0\u00bbdefault\u00a0\u00bb global_colors_info=\u00a0\u00bb{}\u00a0\u00bb][et_pb_text _builder_version=\u00a0\u00bb4.27.0&Prime; _module_preset=\u00a0\u00bb2b5b8191-c0de-4dab-8950-02b1d645dbe7&Prime; header_text_color=\u00a0\u00bb#000000&Prime; min_height=\u00a0\u00bb332.8px\u00a0\u00bb custom_margin=\u00a0\u00bb-43px||58px|||\u00a0\u00bb text_orientation_tablet=\u00a0\u00bbcenter\u00a0\u00bb text_orientation_phone=\u00a0\u00bbcenter\u00a0\u00bb text_orientation_last_edited=\u00a0\u00bbon|tablet\u00a0\u00bb global_colors_info=\u00a0\u00bb{}\u00a0\u00bb]<\/p>\n<p style=\"text-align: left;\">\n<p style=\"text-align: left;\">\n<p style=\"text-align: left;\">\n<p style=\"text-align: left;\">Je souhaite pouvoir pratiquer <strong>la kin\u00e9siologie qui me ressemble.<\/strong><\/p>\n<p style=\"text-align: left;\"><span style=\"text-decoration: underline;\">Le tronc Commun<\/span> :<\/p>\n<ul style=\"text-align: left;\">\n<li>Sant\u00e9 par le toucher<\/li>\n<li>Int\u00e9gration corps mental<\/li>\n<li>Edu-kin\u00e9siologie<\/li>\n<li>Anatomie et Physiologie<\/li>\n<li>Morpho- kin\u00e9siologie<\/li>\n<li>Savoir \u00eatre et Posture professionnelle<\/li>\n<\/ul>\n<p style=\"text-align: left;\"><span style=\"text-decoration: underline;\">Les modules compl\u00e9mentaires<\/span> :<\/p>\n<ul>\n<li style=\"text-align: left;\">Formation \u00e0 la psychologie<\/li>\n<li style=\"text-align: left;\">Allergie et Nutrition<\/li>\n<li style=\"text-align: left;\">R\u00e9flexes archa\u00efques<\/li>\n<\/ul>\n<ul><\/ul>\n<p><!-- notionvc: 0e00fcbe-97e6-4842-a8da-fbefe1dde666 --><\/p>\n<p>[\/et_pb_text][\/et_pb_column][\/et_pb_row][et_pb_row column_structure=\u00a0\u00bb1_3,1_3,1_3&Prime; _builder_version=\u00a0\u00bb4.27.0&Prime; _module_preset=\u00a0\u00bbdefault\u00a0\u00bb border_color_all=\u00a0\u00bbgcid-606d042f-c90f-4ea6-97e7-7b08f1ba25f6&Prime; border_width_bottom_last_edited=\u00a0\u00bboff|desktop\u00a0\u00bb global_colors_info=\u00a0\u00bb{%22gcid-606d042f-c90f-4ea6-97e7-7b08f1ba25f6%22:%91%22border_color_all%22%93}\u00a0\u00bb border_width_all__hover_enabled=\u00a0\u00bboff|hover\u00a0\u00bb border_width_bottom__hover_enabled=\u00a0\u00bbon|hover\u00a0\u00bb border_width_bottom__hover=\u00a0\u00bb1px\u00a0\u00bb][et_pb_column type=\u00a0\u00bb1_3&Prime; _builder_version=\u00a0\u00bb4.20.0&Prime; _module_preset=\u00a0\u00bbdefault\u00a0\u00bb global_colors_info=\u00a0\u00bb{}\u00a0\u00bb][et_pb_text _builder_version=\u00a0\u00bb4.27.0&Prime; _module_preset=\u00a0\u00bb84c1bf97-7a63-4f7d-9e55-cc777ac54851&Prime; text_orientation=\u00a0\u00bbcenter\u00a0\u00bb custom_margin=\u00a0\u00bb||10px||false|false\u00a0\u00bb global_colors_info=\u00a0\u00bb{%22gcid-606d042f-c90f-4ea6-97e7-7b08f1ba25f6%22:%91%22header_3_text_color%22%93,%22gcid-803cbec3-ce51-4865-83f1-75b1ba8d83fc%22:%91%22header_3_text_color%22%93}\u00a0\u00bb]<\/p>\n<h3>Certifi\u00e9e en r\u00e9flexologie<br \/>Cranio- sacr\u00e9e<\/h3>\n<p>[\/et_pb_text][\/et_pb_column][et_pb_column type=\u00a0\u00bb1_3&Prime; _builder_version=\u00a0\u00bb4.20.0&Prime; _module_preset=\u00a0\u00bbdefault\u00a0\u00bb global_colors_info=\u00a0\u00bb{}\u00a0\u00bb][et_pb_text _builder_version=\u00a0\u00bb4.27.0&Prime; _module_preset=\u00a0\u00bb2b5b8191-c0de-4dab-8950-02b1d645dbe7&Prime; custom_margin=\u00a0\u00bb|-29px||||\u00a0\u00bb text_orientation_tablet=\u00a0\u00bbcenter\u00a0\u00bb text_orientation_phone=\u00a0\u00bbcenter\u00a0\u00bb text_orientation_last_edited=\u00a0\u00bbon|tablet\u00a0\u00bb global_colors_info=\u00a0\u00bb{}\u00a0\u00bb]<\/p>\n<p style=\"text-align: left;\"><span style=\"font-size: 14px;\">Cette technique se caract\u00e9rise par deux \u00e9tapes:<\/span><\/p>\n<ol>\n<li style=\"text-align: left;\">Un bilan pr\u00e9cis des restrictions du Mouvement Respiratoire Primaire (MRP) de l\u2019ensemble ou d\u2019une partie du corps humain. Le MRP est le mouvement qui anime les tissus humains (les os, les articulations, mais aussi les organes).<br \/>En effet, chaque os, articulation et organe conna\u00eet une phase d\u2019inspiration et une phase d\u2019expiration qui va l\u2019entra\u00eener dans une direction bien pr\u00e9cise (les os et organes bougent continuellement).<br \/>La premi\u00e8re \u00e9tape de cette technique est d\u2019\u00e9couter le bon fonctionnement de ce MRP au niveau du cr\u00e2ne. Le but est alors d\u2019observer \u00e0 quel endroit les restrictions du MRP se situent.<\/li>\n<\/ol>\n<p>[\/et_pb_text][\/et_pb_column][et_pb_column type=\u00a0\u00bb1_3&Prime; _builder_version=\u00a0\u00bb4.27.0&Prime; _module_preset=\u00a0\u00bbdefault\u00a0\u00bb global_colors_info=\u00a0\u00bb{}\u00a0\u00bb][et_pb_text _builder_version=\u00a0\u00bb4.27.0&Prime; _module_preset=\u00a0\u00bb2b5b8191-c0de-4dab-8950-02b1d645dbe7&Prime; width=\u00a0\u00bb82.3%\u00a0\u00bb custom_margin=\u00a0\u00bb|||31px|false|false\u00a0\u00bb custom_padding=\u00a0\u00bb|0px||15px|false|false\u00a0\u00bb text_orientation_tablet=\u00a0\u00bbcenter\u00a0\u00bb text_orientation_phone=\u00a0\u00bbcenter\u00a0\u00bb text_orientation_last_edited=\u00a0\u00bbon|tablet\u00a0\u00bb global_colors_info=\u00a0\u00bb{}\u00a0\u00bb]<\/p>\n<p>2. Une r\u00e9-harmonisation, par de l\u00e9g\u00e8res impulsions au niveau du sacrum et sans manipulation (cracking) qui pourrait \u00eatre traumatisante.<\/p>\n<p>Cette technique a l\u2019avantage de corriger en m\u00eame temps l\u2019aspect positionnel des pi\u00e8ces osseuses concern\u00e9es (souvent les vert\u00e8bres pour les probl\u00e8mes de dos par exemple) et \u00e9galement de restituer la respiration tissulaire dans la zone concern\u00e9e.<\/p>\n<p><!-- notionvc: 35a11ac4-3acd-4298-99d7-0b3db704f1a0 --><\/p>\n<p>[\/et_pb_text][\/et_pb_column][\/et_pb_row][et_pb_row _builder_version=\u00a0\u00bb4.27.0&Prime; _module_preset=\u00a0\u00bbdefault\u00a0\u00bb global_colors_info=\u00a0\u00bb{}\u00a0\u00bb][et_pb_column type=\u00a0\u00bb4_4&Prime; _builder_version=\u00a0\u00bb4.27.0&Prime; _module_preset=\u00a0\u00bbdefault\u00a0\u00bb global_colors_info=\u00a0\u00bb{}\u00a0\u00bb][\/et_pb_column][\/et_pb_row][et_pb_row column_structure=\u00a0\u00bb2_5,3_5&Prime; _builder_version=\u00a0\u00bb4.20.0&Prime; _module_preset=\u00a0\u00bbdefault\u00a0\u00bb border_color_all=\u00a0\u00bbgcid-606d042f-c90f-4ea6-97e7-7b08f1ba25f6&Prime; border_width_bottom_last_edited=\u00a0\u00bboff|desktop\u00a0\u00bb global_colors_info=\u00a0\u00bb{%22gcid-606d042f-c90f-4ea6-97e7-7b08f1ba25f6%22:%91%22border_color_all%22%93}\u00a0\u00bb border_width_all__hover_enabled=\u00a0\u00bboff|hover\u00a0\u00bb border_width_bottom__hover_enabled=\u00a0\u00bbon|hover\u00a0\u00bb border_width_bottom__hover=\u00a0\u00bb1px\u00a0\u00bb][et_pb_column type=\u00a0\u00bb2_5&Prime; _builder_version=\u00a0\u00bb4.20.0&Prime; _module_preset=\u00a0\u00bbdefault\u00a0\u00bb global_colors_info=\u00a0\u00bb{}\u00a0\u00bb][et_pb_text _builder_version=\u00a0\u00bb4.27.0&Prime; _module_preset=\u00a0\u00bb84c1bf97-7a63-4f7d-9e55-cc777ac54851&Prime; text_orientation=\u00a0\u00bbcenter\u00a0\u00bb custom_margin=\u00a0\u00bb||10px||false|false\u00a0\u00bb global_colors_info=\u00a0\u00bb{%22gcid-606d042f-c90f-4ea6-97e7-7b08f1ba25f6%22:%91%22header_3_text_color%22%93,%22gcid-803cbec3-ce51-4865-83f1-75b1ba8d83fc%22:%91%22header_3_text_color%22%93}\u00a0\u00bb]<\/p>\n<h3 style=\"text-align: center;\">Kin\u00e9siologie animale<\/h3>\n<h3 style=\"text-align: center;\">Certification<br \/>\nde bio-kin\u00e9siologue<\/h3>\n<p>[\/et_pb_text][\/et_pb_column][et_pb_column type=\u00a0\u00bb3_5&Prime; _builder_version=\u00a0\u00bb4.20.0&Prime; _module_preset=\u00a0\u00bbdefault\u00a0\u00bb global_colors_info=\u00a0\u00bb{}\u00a0\u00bb][et_pb_text _builder_version=\u00a0\u00bb4.27.0&Prime; _module_preset=\u00a0\u00bb2b5b8191-c0de-4dab-8950-02b1d645dbe7&Prime; text_orientation_tablet=\u00a0\u00bbcenter\u00a0\u00bb text_orientation_phone=\u00a0\u00bbcenter\u00a0\u00bb text_orientation_last_edited=\u00a0\u00bbon|tablet\u00a0\u00bb global_colors_info=\u00a0\u00bb{}\u00a0\u00bb]<\/p>\n<p>La <strong>Biokin\u00e9siologie\u00a9<\/strong> selon la m\u00e9thode de Corinne DEWOLF s\u2019appuie sur le regroupement et de la simplification de diff\u00e9rentes techniques comme la <strong>biologie totale, l&rsquo;\u00e9thologie, la g\u00e9n\u00e9alogie et la communication cellulaire<\/strong> des mammif\u00e8res pour r\u00e9pondre \u00e0 des probl\u00e9matiques physiques et\/ou \u00e9motionnelles.<\/p>\n<p>Cette m\u00e9thode d&rsquo;\u00e9quilibrage \u00e9nerg\u00e9tique <strong>allie la kin\u00e9siologie et le d\u00e9codage biologique<\/strong> pour donner un sens aux d\u00e9fis comportementaux, biologiques, et psychologiques que vous pourriez rencontrer.<\/p>\n<p>Imaginez cette approche comme <strong>un moyen de d\u00e9bloquer les charges \u00e9motionnelles transg\u00e9n\u00e9rationnelles<\/strong>, fig\u00e9e dans le temps, \u00e0 la mani\u00e8re d&rsquo;une <span data-token-index=\"1\" class=\"notion-enable-hover\">r\u00e9hydratation de l&rsquo;estime et de l&rsquo;amour de soi.<\/span><!-- notionvc: 01e38021-152e-4f0d-b754-e05d64e487ea --><\/p>\n<p><!-- notionvc: cfdeb56b-c407-406e-bd4f-602f2463da22 --><\/p>\n<p>[\/et_pb_text][et_pb_button button_url=\u00a0\u00bbhttps:\/\/zcal.co\/kinesiohumaine\/ekineisis\u00a0\u00bb button_text=\u00a0\u00bbRendez-vous kin\u00e9sio humaine\u00a0\u00bb button_alignment=\u00a0\u00bbcenter\u00a0\u00bb _builder_version=\u00a0\u00bb4.27.0&Prime; _module_preset=\u00a0\u00bbdefault\u00a0\u00bb custom_button=\u00a0\u00bbon\u00a0\u00bb button_text_color=\u00a0\u00bb#7F6A93&Prime; button_bg_color=\u00a0\u00bb#A2C5AC\u00a0\u00bb button_border_color=\u00a0\u00bbRGBA(255,255,255,0)\u00a0\u00bb button_border_radius=\u00a0\u00bb44px\u00a0\u00bb global_colors_info=\u00a0\u00bb{}\u00a0\u00bb][\/et_pb_button][et_pb_button button_text=\u00a0\u00bbRendez-vous m\u00e9thode %22Raconte-moi mon histoire%22&Prime; button_alignment=\u00a0\u00bbcenter\u00a0\u00bb _builder_version=\u00a0\u00bb4.27.0&Prime; _module_preset=\u00a0\u00bbdefault\u00a0\u00bb custom_button=\u00a0\u00bbon\u00a0\u00bb button_text_size=\u00a0\u00bb19px\u00a0\u00bb button_text_color=\u00a0\u00bb#c4a03b\u00a0\u00bb button_bg_color=\u00a0\u00bb#305670&Prime; button_border_color=\u00a0\u00bbRGBA(255,255,255,0)\u00a0\u00bb button_border_radius=\u00a0\u00bb44px\u00a0\u00bb hover_enabled=\u00a0\u00bb0&Prime; global_colors_info=\u00a0\u00bb{}\u00a0\u00bb button_url=\u00a0\u00bbhttps:\/\/zcal.co\/kinesiohumaine\/racontemoi\u00a0\u00bb sticky_enabled=\u00a0\u00bb0&Prime;][\/et_pb_button][et_pb_button button_url=\u00a0\u00bbhttps:\/\/zcal.co\/kinesiohumaine\/Animale\u00a0\u00bb button_text=\u00a0\u00bbRendez-vous kin\u00e9sio animale\u00a0\u00bb button_alignment=\u00a0\u00bbcenter\u00a0\u00bb _builder_version=\u00a0\u00bb4.27.0&Prime; _module_preset=\u00a0\u00bbdefault\u00a0\u00bb custom_button=\u00a0\u00bbon\u00a0\u00bb button_text_color=\u00a0\u00bb#FFFFFF\u00a0\u00bb button_bg_color=\u00a0\u00bb#7F6A93&Prime; button_border_color=\u00a0\u00bbRGBA(255,255,255,0)\u00a0\u00bb button_border_radius=\u00a0\u00bb44px\u00a0\u00bb button_letter_spacing=\u00a0\u00bb6px\u00a0\u00bb global_colors_info=\u00a0\u00bb{}\u00a0\u00bb][\/et_pb_button][\/et_pb_column][\/et_pb_row][\/et_pb_section][et_pb_section fb_built=\u00a0\u00bb1&Prime; disabled_on=\u00a0\u00bboff|off|on\u00a0\u00bb admin_label=\u00a0\u00bbCertifications\u00a0\u00bb _builder_version=\u00a0\u00bb4.27.0&Prime; _module_preset=\u00a0\u00bbdefault\u00a0\u00bb background_color=\u00a0\u00bb#F7E9E9&Prime; collapsed=\u00a0\u00bbon\u00a0\u00bb global_colors_info=\u00a0\u00bb{}\u00a0\u00bb][et_pb_row _builder_version=\u00a0\u00bb4.20.0&Prime; _module_preset=\u00a0\u00bbdefault\u00a0\u00bb global_colors_info=\u00a0\u00bb{}\u00a0\u00bb][et_pb_column type=\u00a0\u00bb4_4&Prime; _builder_version=\u00a0\u00bb4.20.0&Prime; _module_preset=\u00a0\u00bbdefault\u00a0\u00bb global_colors_info=\u00a0\u00bb{}\u00a0\u00bb][et_pb_text _builder_version=\u00a0\u00bb4.27.0&Prime; _module_preset=\u00a0\u00bb34e8548b-2368-4e54-8062-56ec1158a2b1&Prime; text_orientation=\u00a0\u00bbcenter\u00a0\u00bb global_colors_info=\u00a0\u00bb{}\u00a0\u00bb]<\/p>\n<h2><span style=\"text-decoration: underline;\"><span style=\"color: #7f6a93; font-size: x-large; text-decoration: underline;\">Mes formations<\/span><\/span><\/h2>\n<p>[\/et_pb_text][\/et_pb_column][\/et_pb_row][et_pb_row column_structure=\u00a0\u00bb1_3,1_3,1_3&Prime; _builder_version=\u00a0\u00bb4.27.0&Prime; _module_preset=\u00a0\u00bbdefault\u00a0\u00bb border_color_all=\u00a0\u00bbgcid-606d042f-c90f-4ea6-97e7-7b08f1ba25f6&Prime; border_width_bottom_last_edited=\u00a0\u00bboff|desktop\u00a0\u00bb global_colors_info=\u00a0\u00bb{%22gcid-606d042f-c90f-4ea6-97e7-7b08f1ba25f6%22:%91%22border_color_all%22%93}\u00a0\u00bb border_width_all__hover_enabled=\u00a0\u00bboff|hover\u00a0\u00bb border_width_bottom__hover_enabled=\u00a0\u00bbon|hover\u00a0\u00bb border_width_bottom__hover=\u00a0\u00bb1px\u00a0\u00bb][et_pb_column type=\u00a0\u00bb1_3&Prime; _builder_version=\u00a0\u00bb4.20.0&Prime; _module_preset=\u00a0\u00bbdefault\u00a0\u00bb global_colors_info=\u00a0\u00bb{}\u00a0\u00bb][et_pb_text _builder_version=\u00a0\u00bb4.27.0&Prime; _module_preset=\u00a0\u00bb84c1bf97-7a63-4f7d-9e55-cc777ac54851&Prime; text_orientation=\u00a0\u00bbcenter\u00a0\u00bb custom_margin=\u00a0\u00bb||10px||false|false\u00a0\u00bb global_colors_info=\u00a0\u00bb{}\u00a0\u00bb]<\/p>\n<h3><strong>Kin\u00e9siologie Humaine<\/strong><\/h3>\n<p>[\/et_pb_text][\/et_pb_column][et_pb_column type=\u00a0\u00bb1_3&Prime; _builder_version=\u00a0\u00bb4.20.0&Prime; _module_preset=\u00a0\u00bbdefault\u00a0\u00bb global_colors_info=\u00a0\u00bb{}\u00a0\u00bb][et_pb_text _builder_version=\u00a0\u00bb4.27.0&Prime; _module_preset=\u00a0\u00bb2b5b8191-c0de-4dab-8950-02b1d645dbe7&Prime; header_text_color=\u00a0\u00bb#000000&Prime; text_orientation_tablet=\u00a0\u00bbcenter\u00a0\u00bb text_orientation_phone=\u00a0\u00bbcenter\u00a0\u00bb text_orientation_last_edited=\u00a0\u00bbon|tablet\u00a0\u00bb global_colors_info=\u00a0\u00bb{}\u00a0\u00bb]<\/p>\n<p style=\"text-align: left;\">J&rsquo;ai suivi ma formation au sein de<a href=\"https:\/\/www.ecole-kinesiologie.fr\/\"><span style=\"color: #000000;\"><span style=\"text-decoration: underline;\"><strong> l&rsquo;\u00e9cole de kin\u00e9siologie et de techniques compl\u00e9mentaires<\/strong><\/span>\u00a0<\/span><\/a>pour la partie relative \u00e0 l\u2019humain.<\/p>\n<p style=\"text-align: left;\">Cela repr\u00e9sente :<\/p>\n<ul style=\"text-align: left;\">\n<li>plus de 600 heures de formation th\u00e9orique et pratique<\/li>\n<li>le fait d&rsquo;avoir re\u00e7u 5 s\u00e9ances par des kin\u00e9siologues professionnels et certifi\u00e9s<\/li>\n<li>l&rsquo;obtention du PSC1<\/li>\n<\/ul>\n<p style=\"text-align: left;\">Voici le d\u00e9tail de la formation de kin\u00e9siologue que j&rsquo;ai suivie au sein de <a href=\"https:\/\/www.ecole-kinesiologie.fr\/\"><span style=\"color: #000000;\"><span style=\"text-decoration: underline;\"><strong>l&rsquo;\u00e9cole de kin\u00e9siologie et de techniques compl\u00e9mentaires.<\/strong><\/span><\/span><\/a><\/p>\n<p style=\"text-align: left;\"><span style=\"color: #000000;\">Mon choix des modules compl\u00e9mentaires n&rsquo;est bien s\u00fbr pas le fruit du hasard.<\/span><\/p>\n<p style=\"text-align: left;\"><!-- notionvc: 0e00fcbe-97e6-4842-a8da-fbefe1dde666 --><\/p>\n<p>[\/et_pb_text][\/et_pb_column][et_pb_column type=\u00a0\u00bb1_3&Prime; _builder_version=\u00a0\u00bb4.27.0&Prime; _module_preset=\u00a0\u00bbdefault\u00a0\u00bb global_colors_info=\u00a0\u00bb{}\u00a0\u00bb][et_pb_text _builder_version=\u00a0\u00bb4.27.0&Prime; _module_preset=\u00a0\u00bb2b5b8191-c0de-4dab-8950-02b1d645dbe7&Prime; header_text_color=\u00a0\u00bb#000000&Prime; custom_margin=\u00a0\u00bb-43px|||||\u00a0\u00bb text_orientation_tablet=\u00a0\u00bbcenter\u00a0\u00bb text_orientation_phone=\u00a0\u00bbcenter\u00a0\u00bb text_orientation_last_edited=\u00a0\u00bbon|tablet\u00a0\u00bb global_colors_info=\u00a0\u00bb{}\u00a0\u00bb]<\/p>\n<p style=\"text-align: left;\">\n<p style=\"text-align: left;\">\n<p style=\"text-align: left;\">Je souhaite pouvoir pratiquer <strong>la kin\u00e9siologie qui me ressemble.<\/strong><\/p>\n<p style=\"text-align: left;\"><span style=\"text-decoration: underline;\">Le tronc Commun<\/span> :<\/p>\n<ul style=\"text-align: left;\">\n<li>Sant\u00e9 par le toucher<\/li>\n<li>Int\u00e9gration corps mental<\/li>\n<li>Edu-kin\u00e9siologie<\/li>\n<li>Anatomie et Physiologie<\/li>\n<li>Morpho- kin\u00e9siologie<\/li>\n<li>Savoir \u00eatre et Posture professionnelle<\/li>\n<\/ul>\n<p style=\"text-align: left;\"><span style=\"text-decoration: underline;\">Les modules compl\u00e9mentaires<\/span> :<\/p>\n<ul>\n<li style=\"text-align: left;\">Formation \u00e0 la psychologie<\/li>\n<li style=\"text-align: left;\">Allergie et Nutrition<\/li>\n<li style=\"text-align: left;\">R\u00e9flexes archa\u00efques<\/li>\n<\/ul>\n<ul><\/ul>\n<p><!-- notionvc: 0e00fcbe-97e6-4842-a8da-fbefe1dde666 --><\/p>\n<p>[\/et_pb_text][\/et_pb_column][\/et_pb_row][et_pb_row column_structure=\u00a0\u00bb1_3,1_3,1_3&Prime; _builder_version=\u00a0\u00bb4.27.0&Prime; _module_preset=\u00a0\u00bbdefault\u00a0\u00bb border_color_all=\u00a0\u00bbgcid-606d042f-c90f-4ea6-97e7-7b08f1ba25f6&Prime; border_width_bottom_last_edited=\u00a0\u00bboff|desktop\u00a0\u00bb global_colors_info=\u00a0\u00bb{%22gcid-606d042f-c90f-4ea6-97e7-7b08f1ba25f6%22:%91%22border_color_all%22%93}\u00a0\u00bb border_width_all__hover_enabled=\u00a0\u00bboff|hover\u00a0\u00bb border_width_bottom__hover_enabled=\u00a0\u00bbon|hover\u00a0\u00bb border_width_bottom__hover=\u00a0\u00bb1px\u00a0\u00bb][et_pb_column type=\u00a0\u00bb1_3&Prime; _builder_version=\u00a0\u00bb4.20.0&Prime; _module_preset=\u00a0\u00bbdefault\u00a0\u00bb global_colors_info=\u00a0\u00bb{}\u00a0\u00bb][et_pb_text _builder_version=\u00a0\u00bb4.27.0&Prime; _module_preset=\u00a0\u00bb84c1bf97-7a63-4f7d-9e55-cc777ac54851&Prime; text_orientation=\u00a0\u00bbcenter\u00a0\u00bb custom_margin=\u00a0\u00bb||10px||false|false\u00a0\u00bb global_colors_info=\u00a0\u00bb{%22gcid-606d042f-c90f-4ea6-97e7-7b08f1ba25f6%22:%91%22header_3_text_color%22%93,%22gcid-803cbec3-ce51-4865-83f1-75b1ba8d83fc%22:%91%22header_3_text_color%22%93}\u00a0\u00bb]<\/p>\n<h3><strong>Certifi\u00e9e en r\u00e9flexologie<\/strong><br \/><strong>Cranio- sacr\u00e9e<\/strong><\/h3>\n<p>[\/et_pb_text][\/et_pb_column][et_pb_column type=\u00a0\u00bb1_3&Prime; _builder_version=\u00a0\u00bb4.20.0&Prime; _module_preset=\u00a0\u00bbdefault\u00a0\u00bb global_colors_info=\u00a0\u00bb{}\u00a0\u00bb][et_pb_text _builder_version=\u00a0\u00bb4.27.0&Prime; _module_preset=\u00a0\u00bb2b5b8191-c0de-4dab-8950-02b1d645dbe7&Prime; custom_margin=\u00a0\u00bb|-29px||||\u00a0\u00bb text_orientation_tablet=\u00a0\u00bbcenter\u00a0\u00bb text_orientation_phone=\u00a0\u00bbcenter\u00a0\u00bb text_orientation_last_edited=\u00a0\u00bbon|tablet\u00a0\u00bb global_colors_info=\u00a0\u00bb{}\u00a0\u00bb]<\/p>\n<p style=\"text-align: left;\"><span style=\"font-size: 14px;\">Cette technique se caract\u00e9rise par <strong>deux \u00e9tapes<\/strong>:<\/span><\/p>\n<p style=\"text-align: left;\"><span style=\"font-size: 14px;\"><\/span><\/p>\n<ol>\n<li style=\"text-align: left;\"><strong>Un bilan pr\u00e9cis des restrictions du Mouvement Respiratoire Primaire (MRP)<\/strong> de l\u2019ensemble ou d\u2019une partie du corps humain. Le MRP est le mouvement qui anime les tissus humains (les os, les articulations, mais aussi les organes).<br \/>En effet, chaque os, articulation et organe conna\u00eet une phase d\u2019inspiration et une phase d\u2019expiration qui va l\u2019entra\u00eener dans une direction bien pr\u00e9cise (les os et organes bougent continuellement).<br \/>La premi\u00e8re \u00e9tape de cette technique est d\u2019<strong>\u00e9couter le bon fonctionnement de ce MRP au niveau du cr\u00e2ne.<\/strong> Le but est alors d\u2019observer \u00e0 quel endroit les restrictions du MRP se situent.<\/li>\n<\/ol>\n<p>[\/et_pb_text][\/et_pb_column][et_pb_column type=\u00a0\u00bb1_3&Prime; _builder_version=\u00a0\u00bb4.27.0&Prime; _module_preset=\u00a0\u00bbdefault\u00a0\u00bb global_colors_info=\u00a0\u00bb{}\u00a0\u00bb][et_pb_text _builder_version=\u00a0\u00bb4.27.0&Prime; _module_preset=\u00a0\u00bb2b5b8191-c0de-4dab-8950-02b1d645dbe7&Prime; width=\u00a0\u00bb82.3%\u00a0\u00bb custom_margin=\u00a0\u00bb|||-2px|false|false\u00a0\u00bb custom_padding=\u00a0\u00bb|0px||0px|false|false\u00a0\u00bb text_orientation_tablet=\u00a0\u00bbcenter\u00a0\u00bb text_orientation_phone=\u00a0\u00bbcenter\u00a0\u00bb text_orientation_last_edited=\u00a0\u00bbon|tablet\u00a0\u00bb global_colors_info=\u00a0\u00bb{}\u00a0\u00bb]<\/p>\n<p style=\"text-align: left;\">2.<strong> Une r\u00e9-harmonisation,<\/strong> par de l\u00e9g\u00e8res impulsions au niveau du sacrum et sans manipulation (cracking) qui pourrait \u00eatre traumatisante.<\/p>\n<p style=\"text-align: left;\">Cette technique a l\u2019avantage<strong> de corriger en m\u00eame temps l\u2019aspect positionnel des pi\u00e8ces osseuses concern\u00e9es<\/strong> (souvent les vert\u00e8bres pour les probl\u00e8mes de dos par exemple) et \u00e9galement de restituer la respiration tissulaire dans la zone concern\u00e9e.<\/p>\n<p><!-- notionvc: 35a11ac4-3acd-4298-99d7-0b3db704f1a0 --><\/p>\n<p>[\/et_pb_text][\/et_pb_column][\/et_pb_row][et_pb_row column_structure=\u00a0\u00bb2_5,3_5&Prime; _builder_version=\u00a0\u00bb4.20.0&Prime; _module_preset=\u00a0\u00bbdefault\u00a0\u00bb border_color_all=\u00a0\u00bbgcid-606d042f-c90f-4ea6-97e7-7b08f1ba25f6&Prime; border_width_bottom_last_edited=\u00a0\u00bboff|desktop\u00a0\u00bb global_colors_info=\u00a0\u00bb{%22gcid-606d042f-c90f-4ea6-97e7-7b08f1ba25f6%22:%91%22border_color_all%22%93}\u00a0\u00bb border_width_all__hover_enabled=\u00a0\u00bboff|hover\u00a0\u00bb border_width_bottom__hover_enabled=\u00a0\u00bbon|hover\u00a0\u00bb border_width_bottom__hover=\u00a0\u00bb1px\u00a0\u00bb][et_pb_column type=\u00a0\u00bb2_5&Prime; _builder_version=\u00a0\u00bb4.20.0&Prime; _module_preset=\u00a0\u00bbdefault\u00a0\u00bb global_colors_info=\u00a0\u00bb{}\u00a0\u00bb][et_pb_text _builder_version=\u00a0\u00bb4.27.0&Prime; _module_preset=\u00a0\u00bb84c1bf97-7a63-4f7d-9e55-cc777ac54851&Prime; text_orientation=\u00a0\u00bbcenter\u00a0\u00bb custom_margin=\u00a0\u00bb||10px||false|false\u00a0\u00bb global_colors_info=\u00a0\u00bb{%22gcid-606d042f-c90f-4ea6-97e7-7b08f1ba25f6%22:%91%22header_3_text_color%22%93,%22gcid-803cbec3-ce51-4865-83f1-75b1ba8d83fc%22:%91%22header_3_text_color%22%93}\u00a0\u00bb]<\/p>\n<h3 style=\"text-align: center;\"><strong>Kin\u00e9siologie animale<\/strong><\/h3>\n<h3 style=\"text-align: center;\"><strong>Certification<\/strong><br \/><strong> de bio-kin\u00e9siologue<\/strong><\/h3>\n<p>[\/et_pb_text][\/et_pb_column][et_pb_column type=\u00a0\u00bb3_5&Prime; _builder_version=\u00a0\u00bb4.20.0&Prime; _module_preset=\u00a0\u00bbdefault\u00a0\u00bb global_colors_info=\u00a0\u00bb{}\u00a0\u00bb][et_pb_text _builder_version=\u00a0\u00bb4.27.0&Prime; _module_preset=\u00a0\u00bb2b5b8191-c0de-4dab-8950-02b1d645dbe7&Prime; text_orientation_tablet=\u00a0\u00bbcenter\u00a0\u00bb text_orientation_phone=\u00a0\u00bbcenter\u00a0\u00bb text_orientation_last_edited=\u00a0\u00bbon|tablet\u00a0\u00bb global_colors_info=\u00a0\u00bb{}\u00a0\u00bb]<\/p>\n<p>La <strong>Biokin\u00e9siologie\u00a9<\/strong> selon la m\u00e9thode de Corinne DEWOLF s\u2019appuie sur le regroupement et de la simplification de diff\u00e9rentes techniques comme la <strong>biologie totale, l&rsquo;\u00e9thologie, la g\u00e9n\u00e9alogie et la communication cellulaire<\/strong> des mammif\u00e8res pour r\u00e9pondre \u00e0 des probl\u00e9matiques physiques et\/ou \u00e9motionnelles.<\/p>\n<p>Cette m\u00e9thode d&rsquo;\u00e9quilibrage \u00e9nerg\u00e9tique <strong>allie la kin\u00e9siologie et le d\u00e9codage biologique<\/strong> pour donner un sens aux d\u00e9fis comportementaux, biologiques, et psychologiques que vous pourriez rencontrer.<\/p>\n<p>Imaginez cette approche comme <strong>un moyen de d\u00e9bloquer les charges \u00e9motionnelles transg\u00e9n\u00e9rationnelles<\/strong>, fig\u00e9e dans le temps, \u00e0 la mani\u00e8re d&rsquo;une <span data-token-index=\"1\" class=\"notion-enable-hover\">r\u00e9hydratation de l&rsquo;estime et de l&rsquo;amour de soi.<\/span><!-- notionvc: 01e38021-152e-4f0d-b754-e05d64e487ea --><\/p>\n<p><!-- notionvc: cfdeb56b-c407-406e-bd4f-602f2463da22 --><\/p>\n<p>[\/et_pb_text][et_pb_button button_url=\u00a0\u00bbhttps:\/\/zcal.co\/kinesiohumaine\/ekineisis\u00a0\u00bb button_text=\u00a0\u00bbRendez-vous kin\u00e9sio humaine\u00a0\u00bb button_alignment=\u00a0\u00bbcenter\u00a0\u00bb disabled_on=\u00a0\u00bboff|off|on\u00a0\u00bb _builder_version=\u00a0\u00bb4.27.0&Prime; _module_preset=\u00a0\u00bbdefault\u00a0\u00bb custom_button=\u00a0\u00bbon\u00a0\u00bb button_text_color=\u00a0\u00bb#7F6A93&Prime; button_bg_color=\u00a0\u00bb#A2C5AC\u00a0\u00bb button_border_color=\u00a0\u00bbRGBA(255,255,255,0)\u00a0\u00bb button_border_radius=\u00a0\u00bb44px\u00a0\u00bb global_colors_info=\u00a0\u00bb{}\u00a0\u00bb][\/et_pb_button][et_pb_button button_text=\u00a0\u00bbRendez-vous m\u00e9thode %22Raconte-moi mon histoire%22&Prime; button_alignment=\u00a0\u00bbcenter\u00a0\u00bb _builder_version=\u00a0\u00bb4.27.0&Prime; _module_preset=\u00a0\u00bbdefault\u00a0\u00bb custom_button=\u00a0\u00bbon\u00a0\u00bb button_text_size=\u00a0\u00bb19px\u00a0\u00bb button_text_color=\u00a0\u00bb#c4a03b\u00a0\u00bb button_bg_color=\u00a0\u00bb#305670&Prime; button_border_color=\u00a0\u00bbRGBA(255,255,255,0)\u00a0\u00bb button_border_radius=\u00a0\u00bb44px\u00a0\u00bb hover_enabled=\u00a0\u00bb0&Prime; global_colors_info=\u00a0\u00bb{}\u00a0\u00bb button_url=\u00a0\u00bbhttps:\/\/zcal.co\/kinesiohumaine\/racontemoi\u00a0\u00bb sticky_enabled=\u00a0\u00bb0&Prime;][\/et_pb_button][et_pb_button button_url=\u00a0\u00bbhttps:\/\/zcal.co\/kinesiohumaine\/Animale\u00a0\u00bb button_text=\u00a0\u00bbRendez-vous kin\u00e9sio animale\u00a0\u00bb button_alignment=\u00a0\u00bbcenter\u00a0\u00bb disabled_on=\u00a0\u00bboff|off|on\u00a0\u00bb _builder_version=\u00a0\u00bb4.27.0&Prime; _module_preset=\u00a0\u00bbdefault\u00a0\u00bb custom_button=\u00a0\u00bbon\u00a0\u00bb button_text_color=\u00a0\u00bb#FFFFFF\u00a0\u00bb button_bg_color=\u00a0\u00bb#7F6A93&Prime; button_border_color=\u00a0\u00bbRGBA(255,255,255,0)\u00a0\u00bb button_border_radius=\u00a0\u00bb44px\u00a0\u00bb button_letter_spacing=\u00a0\u00bb6px\u00a0\u00bb global_colors_info=\u00a0\u00bb{}\u00a0\u00bb][\/et_pb_button][\/et_pb_column][\/et_pb_row][\/et_pb_section][et_pb_section fb_built=\u00a0\u00bb1&Prime; admin_label=\u00a0\u00bbTestimonials\u00a0\u00bb _builder_version=\u00a0\u00bb4.27.0&Prime; _module_preset=\u00a0\u00bbdefault\u00a0\u00bb background_color=\u00a0\u00bb#9DB5B2&Prime; custom_padding=\u00a0\u00bb||0px||false|false\u00a0\u00bb collapsed=\u00a0\u00bbon\u00a0\u00bb global_colors_info=\u00a0\u00bb{}\u00a0\u00bb][et_pb_row _builder_version=\u00a0\u00bb4.27.0&Prime; _module_preset=\u00a0\u00bbdefault\u00a0\u00bb global_colors_info=\u00a0\u00bb{}\u00a0\u00bb][et_pb_column type=\u00a0\u00bb4_4&Prime; _builder_version=\u00a0\u00bb4.20.0&Prime; _module_preset=\u00a0\u00bbdefault\u00a0\u00bb global_colors_info=\u00a0\u00bb{}\u00a0\u00bb][et_pb_slider arrows_custom_color=\u00a0\u00bbgcid-606d042f-c90f-4ea6-97e7-7b08f1ba25f6&Prime; dot_nav_custom_color=\u00a0\u00bbgcid-606d042f-c90f-4ea6-97e7-7b08f1ba25f6&Prime; _builder_version=\u00a0\u00bb4.27.0&Prime; _module_preset=\u00a0\u00bbdefault\u00a0\u00bb header_font=\u00a0\u00bb&#8211;et_global_body_font||||||||\u00a0\u00bb header_text_color=\u00a0\u00bbgcid-606d042f-c90f-4ea6-97e7-7b08f1ba25f6&Prime; header_font_size=\u00a0\u00bb40px\u00a0\u00bb header_line_height=\u00a0\u00bb1.4em\u00a0\u00bb body_font=\u00a0\u00bbInter|700||on|||||\u00a0\u00bb body_text_color=\u00a0\u00bbgcid-606d042f-c90f-4ea6-97e7-7b08f1ba25f6&Prime; background_color=\u00a0\u00bbRGBA(255,255,255,0)\u00a0\u00bb custom_button=\u00a0\u00bbon\u00a0\u00bb button_text_size=\u00a0\u00bb14px\u00a0\u00bb button_text_color=\u00a0\u00bb#FFFFFF\u00a0\u00bb button_bg_color=\u00a0\u00bbgcid-606d042f-c90f-4ea6-97e7-7b08f1ba25f6&Prime; button_border_width=\u00a0\u00bb0px\u00a0\u00bb button_border_radius=\u00a0\u00bb100px\u00a0\u00bb button_font=\u00a0\u00bbInter|700||on|||||\u00a0\u00bb button_custom_padding=\u00a0\u00bb16px|24px|16px|24px|true|true\u00a0\u00bb custom_padding=\u00a0\u00bb0px||||false|false\u00a0\u00bb header_font_size_tablet=\u00a0\u00bb20px\u00a0\u00bb header_font_size_phone=\u00a0\u00bb16px\u00a0\u00bb header_font_size_last_edited=\u00a0\u00bbon|desktop\u00a0\u00bb text_shadow_style=\u00a0\u00bbpreset1&Prime; text_shadow_color=\u00a0\u00bbRGBA(255,255,255,0)\u00a0\u00bb locked=\u00a0\u00bboff\u00a0\u00bb global_colors_info=\u00a0\u00bb{%22gcid-606d042f-c90f-4ea6-97e7-7b08f1ba25f6%22:%91%22header_4_text_color%22,%22button_bg_color%22,%22header_text_color%22,%22header_3_text_color%22,%22arrows_custom_color%22,%22dot_nav_custom_color%22,%22body_text_color%22%93,%22gcid-de71f7e9-c73d-4bf6-9384-53a89cf199ff%22:%91%22background_color%22%93}\u00a0\u00bb][et_pb_slide heading=\u00a0\u00bb%22Chacun est ma\u00eetre de son destin, c&rsquo;est \u00e0 nous de cr\u00e9er les causes du bonheur. Il en va de notre responsabilit\u00e9 et de celle de personne d&rsquo;autre.%22&Prime; _builder_version=\u00a0\u00bb4.27.0&Prime; _module_preset=\u00a0\u00bbdefault\u00a0\u00bb locked=\u00a0\u00bboff\u00a0\u00bb global_colors_info=\u00a0\u00bb{}\u00a0\u00bb sticky_transition=\u00a0\u00bbon\u00a0\u00bb]<\/p>\n<p>Dala\u00ef Lama Tenzin Gyatso<\/p>\n<p>[\/et_pb_slide][et_pb_slide heading=\u00a0\u00bb%22Si on veut obtenir quelque chose que l&rsquo;on n&rsquo;a jamais eu, il faut tenter quelque chose que l&rsquo;on a jamais fait.%22&Prime; _builder_version=\u00a0\u00bb4.27.0&Prime; _module_preset=\u00a0\u00bbdefault\u00a0\u00bb locked=\u00a0\u00bboff\u00a0\u00bb global_colors_info=\u00a0\u00bb{}\u00a0\u00bb sticky_transition=\u00a0\u00bbon\u00a0\u00bb]<\/p>\n<p>Dala\u00ef Lama Tenzin Gyatso<\/p>\n<p>[\/et_pb_slide][et_pb_slide heading=\u00a0\u00bb%22Il ne faut pas attendre d&rsquo;\u00eatre parfait pour commencer quelque chose de bien.%22&Prime; _builder_version=\u00a0\u00bb4.27.0&Prime; _module_preset=\u00a0\u00bbdefault\u00a0\u00bb locked=\u00a0\u00bboff\u00a0\u00bb global_colors_info=\u00a0\u00bb{}\u00a0\u00bb sticky_transition=\u00a0\u00bbon\u00a0\u00bb]<\/p>\n<p>Dala\u00ef Lama Tenzin Gyatso<\/p>\n<p>[\/et_pb_slide][et_pb_slide heading=\u00a0\u00bb%22Il ne savait pas que c&rsquo;\u00e9tait impossible, alors ils l&rsquo;ont fait.%22&Prime; _builder_version=\u00a0\u00bb4.27.0&Prime; _module_preset=\u00a0\u00bbdefault\u00a0\u00bb locked=\u00a0\u00bboff\u00a0\u00bb global_colors_info=\u00a0\u00bb{}\u00a0\u00bb sticky_transition=\u00a0\u00bbon\u00a0\u00bb]<\/p>\n<p>Dala\u00ef Lama Tenzin Gyatso<\/p>\n<p>[\/et_pb_slide][et_pb_slide heading=\u00a0\u00bb%22N&rsquo;aie pas peur d&rsquo;avancer lentement.%22&Prime; _builder_version=\u00a0\u00bb4.27.0&Prime; _module_preset=\u00a0\u00bbdefault\u00a0\u00bb locked=\u00a0\u00bboff\u00a0\u00bb global_colors_info=\u00a0\u00bb{}\u00a0\u00bb sticky_transition=\u00a0\u00bbon\u00a0\u00bb]<\/p>\n<p>Dala\u00ef Lama Tenzin Gyatso<\/p>\n<p>[\/et_pb_slide][\/et_pb_slider][\/et_pb_column][\/et_pb_row][\/et_pb_section][et_pb_section fb_built=\u00a0\u00bb1&Prime; disabled_on=\u00a0\u00bbon|on|off\u00a0\u00bb _builder_version=\u00a0\u00bb4.27.0&Prime; _module_preset=\u00a0\u00bbdefault\u00a0\u00bb global_colors_info=\u00a0\u00bb{}\u00a0\u00bb][et_pb_row _builder_version=\u00a0\u00bb4.27.0&Prime; _module_preset=\u00a0\u00bbdefault\u00a0\u00bb global_colors_info=\u00a0\u00bb{}\u00a0\u00bb][et_pb_column type=\u00a0\u00bb4_4&Prime; _builder_version=\u00a0\u00bb4.27.0&Prime; _module_preset=\u00a0\u00bbdefault\u00a0\u00bb global_colors_info=\u00a0\u00bb{}\u00a0\u00bb][et_pb_button button_url=\u00a0\u00bbhttps:\/\/zcal.co\/kinesiohumaine\/ekineisis\u00a0\u00bb button_text=\u00a0\u00bbRendez-vous kin\u00e9siso humaine\u00a0\u00bb button_alignment=\u00a0\u00bbcenter\u00a0\u00bb _builder_version=\u00a0\u00bb4.27.0&Prime; _module_preset=\u00a0\u00bbdefault\u00a0\u00bb custom_button=\u00a0\u00bbon\u00a0\u00bb button_text_color=\u00a0\u00bb#7F6A93&Prime; button_bg_color=\u00a0\u00bb#A2C5AC\u00a0\u00bb button_border_color=\u00a0\u00bbRGBA(255,255,255,0)\u00a0\u00bb button_border_radius=\u00a0\u00bb44px\u00a0\u00bb button_letter_spacing=\u00a0\u00bb5px\u00a0\u00bb global_colors_info=\u00a0\u00bb{}\u00a0\u00bb][\/et_pb_button][et_pb_button button_text=\u00a0\u00bbRendez-vous m\u00e9thode %22Raconte-moi mon histoire%22&Prime; button_alignment=\u00a0\u00bbcenter\u00a0\u00bb _builder_version=\u00a0\u00bb4.27.0&Prime; _module_preset=\u00a0\u00bbdefault\u00a0\u00bb custom_button=\u00a0\u00bbon\u00a0\u00bb button_text_size=\u00a0\u00bb19px\u00a0\u00bb button_text_color=\u00a0\u00bb#c4a03b\u00a0\u00bb button_bg_color=\u00a0\u00bb#305670&Prime; button_border_color=\u00a0\u00bbRGBA(255,255,255,0)\u00a0\u00bb button_border_radius=\u00a0\u00bb44px\u00a0\u00bb hover_enabled=\u00a0\u00bb0&Prime; global_colors_info=\u00a0\u00bb{}\u00a0\u00bb button_url=\u00a0\u00bbhttps:\/\/zcal.co\/kinesiohumaine\/racontemoi\u00a0\u00bb sticky_enabled=\u00a0\u00bb0&Prime;][\/et_pb_button][et_pb_button button_url=\u00a0\u00bbhttps:\/\/zcal.co\/kinesiohumaine\/Animale\u00a0\u00bb button_text=\u00a0\u00bbRendez-vous kin\u00e9sio animale\u00a0\u00bb button_alignment=\u00a0\u00bbcenter\u00a0\u00bb _builder_version=\u00a0\u00bb4.27.0&Prime; _module_preset=\u00a0\u00bbdefault\u00a0\u00bb custom_button=\u00a0\u00bbon\u00a0\u00bb button_text_color=\u00a0\u00bb#FFFFFF\u00a0\u00bb button_bg_color=\u00a0\u00bb#7F6A93&Prime; button_border_color=\u00a0\u00bbRGBA(255,255,255,0)\u00a0\u00bb button_border_radius=\u00a0\u00bb44px\u00a0\u00bb button_letter_spacing=\u00a0\u00bb6px\u00a0\u00bb global_colors_info=\u00a0\u00bb{}\u00a0\u00bb][\/et_pb_button][\/et_pb_column][\/et_pb_row][\/et_pb_section][et_pb_section fb_built=\u00a0\u00bb1&Prime; disabled_on=\u00a0\u00bboff|off|on\u00a0\u00bb _builder_version=\u00a0\u00bb4.27.0&Prime; _module_preset=\u00a0\u00bbdefault\u00a0\u00bb global_colors_info=\u00a0\u00bb{}\u00a0\u00bb][et_pb_row _builder_version=\u00a0\u00bb4.27.0&Prime; _module_preset=\u00a0\u00bbdefault\u00a0\u00bb global_colors_info=\u00a0\u00bb{}\u00a0\u00bb][et_pb_column type=\u00a0\u00bb4_4&Prime; _builder_version=\u00a0\u00bb4.27.0&Prime; _module_preset=\u00a0\u00bbdefault\u00a0\u00bb global_colors_info=\u00a0\u00bb{}\u00a0\u00bb][et_pb_button button_url=\u00a0\u00bbhttps:\/\/zcal.co\/kinesiohumaine\/ekineisis\u00a0\u00bb button_text=\u00a0\u00bbRendez-vous kin\u00e9sio humaine\u00a0\u00bb button_alignment=\u00a0\u00bbcenter\u00a0\u00bb _builder_version=\u00a0\u00bb4.27.0&Prime; _module_preset=\u00a0\u00bbdefault\u00a0\u00bb custom_button=\u00a0\u00bbon\u00a0\u00bb button_text_color=\u00a0\u00bb#7F6A93&Prime; button_bg_color=\u00a0\u00bb#A2C5AC\u00a0\u00bb button_border_color=\u00a0\u00bbRGBA(255,255,255,0)\u00a0\u00bb button_border_radius=\u00a0\u00bb44px\u00a0\u00bb button_letter_spacing=\u00a0\u00bb6px\u00a0\u00bb global_colors_info=\u00a0\u00bb{}\u00a0\u00bb][\/et_pb_button][et_pb_button button_text=\u00a0\u00bbRendez-vous m\u00e9thode %22Raconte-moi mon histoire%22&Prime; button_alignment=\u00a0\u00bbcenter\u00a0\u00bb _builder_version=\u00a0\u00bb4.27.0&Prime; _module_preset=\u00a0\u00bbdefault\u00a0\u00bb custom_button=\u00a0\u00bbon\u00a0\u00bb button_text_size=\u00a0\u00bb19px\u00a0\u00bb button_text_color=\u00a0\u00bb#c4a03b\u00a0\u00bb button_bg_color=\u00a0\u00bb#305670&Prime; button_border_color=\u00a0\u00bbRGBA(255,255,255,0)\u00a0\u00bb button_border_radius=\u00a0\u00bb44px\u00a0\u00bb hover_enabled=\u00a0\u00bb0&Prime; global_colors_info=\u00a0\u00bb{}\u00a0\u00bb button_url=\u00a0\u00bbhttps:\/\/zcal.co\/kinesiohumaine\/racontemoi\u00a0\u00bb sticky_enabled=\u00a0\u00bb0&Prime;][\/et_pb_button][et_pb_button button_url=\u00a0\u00bbhttps:\/\/zcal.co\/kinesiohumaine\/Animale\u00a0\u00bb button_text=\u00a0\u00bbRendez-vous kin\u00e9sio animale\u00a0\u00bb button_alignment=\u00a0\u00bbcenter\u00a0\u00bb _builder_version=\u00a0\u00bb4.27.0&Prime; _module_preset=\u00a0\u00bbdefault\u00a0\u00bb custom_button=\u00a0\u00bbon\u00a0\u00bb button_text_color=\u00a0\u00bb#FFFFFF\u00a0\u00bb button_bg_color=\u00a0\u00bb#7F6A93&Prime; button_border_color=\u00a0\u00bbRGBA(255,255,255,0)\u00a0\u00bb button_border_radius=\u00a0\u00bb44px\u00a0\u00bb button_letter_spacing=\u00a0\u00bb6px\u00a0\u00bb global_colors_info=\u00a0\u00bb{}\u00a0\u00bb][\/et_pb_button][\/et_pb_column][\/et_pb_row][\/et_pb_section][et_pb_section fb_built=\u00a0\u00bb1&Prime; disabled_on=\u00a0\u00bboff|off|off\u00a0\u00bb admin_label=\u00a0\u00bbFooter\u00a0\u00bb _builder_version=\u00a0\u00bb4.27.0&Prime; _module_preset=\u00a0\u00bbdefault\u00a0\u00bb background_color=\u00a0\u00bb#A2C5AC\u00a0\u00bb background_image=\u00a0\u00bbhttp:\/\/ekineisis.fr\/wp-content\/uploads\/2024\/07\/jewelry-designer-2.png\u00a0\u00bb background_size=\u00a0\u00bbcustom\u00a0\u00bb background_image_width=\u00a0\u00bb10vw\u00a0\u00bb background_position=\u00a0\u00bbbottom_right\u00a0\u00bb background_enable_pattern_style=\u00a0\u00bbon\u00a0\u00bb background_pattern_color=\u00a0\u00bbrgba(235,228,213,0.35)\u00a0\u00bb background_pattern_size=\u00a0\u00bbcustom\u00a0\u00bb background_pattern_width=\u00a0\u00bb6px\u00a0\u00bb min_height=\u00a0\u00bb154.8px\u00a0\u00bb custom_margin=\u00a0\u00bb||-1px|||\u00a0\u00bb custom_padding=\u00a0\u00bb0px|||||\u00a0\u00bb collapsed=\u00a0\u00bbon\u00a0\u00bb global_colors_info=\u00a0\u00bb{}\u00a0\u00bb][et_pb_row column_structure=\u00a0\u00bb1_2,1_2&Prime; _builder_version=\u00a0\u00bb4.27.0&Prime; _module_preset=\u00a0\u00bbdefault\u00a0\u00bb custom_padding=\u00a0\u00bb30px|||||\u00a0\u00bb global_colors_info=\u00a0\u00bb{}\u00a0\u00bb][et_pb_column type=\u00a0\u00bb1_2&Prime; _builder_version=\u00a0\u00bb4.17.4&Prime; _module_preset=\u00a0\u00bbdefault\u00a0\u00bb global_colors_info=\u00a0\u00bb{}\u00a0\u00bb][et_pb_text _builder_version=\u00a0\u00bb4.27.0&Prime; _module_preset=\u00a0\u00bb4827deed-2a92-4d97-a22f-f01067ae6873&Prime; header_font=\u00a0\u00bb||||||||\u00a0\u00bb header_4_font=\u00a0\u00bbBodoni Moda||||||||\u00a0\u00bb header_4_text_color=\u00a0\u00bb#FFFFFF\u00a0\u00bb header_4_font_size=\u00a0\u00bb24px\u00a0\u00bb header_4_line_height=\u00a0\u00bb1.5em\u00a0\u00bb custom_margin=\u00a0\u00bb||30px||false|false\u00a0\u00bb header_4_font_size_tablet=\u00a0\u00bb16px\u00a0\u00bb header_4_font_size_phone=\u00a0\u00bb14px\u00a0\u00bb header_4_font_size_last_edited=\u00a0\u00bbon|tablet\u00a0\u00bb locked=\u00a0\u00bboff\u00a0\u00bb global_colors_info=\u00a0\u00bb{}\u00a0\u00bb]<\/p>\n<h4>C\u00e9line Eymery<\/h4>\n<p>[\/et_pb_text][et_pb_text _builder_version=\u00a0\u00bb4.27.0&Prime; _module_preset=\u00a0\u00bb4c43b4b6-66bf-432d-959a-705bda24a650&Prime; text_font=\u00a0\u00bbMulish||||||||\u00a0\u00bb text_text_color=\u00a0\u00bb#FFFFFF\u00a0\u00bb text_line_height=\u00a0\u00bb1.85em\u00a0\u00bb header_text_color=\u00a0\u00bb#FFFFFF\u00a0\u00bb header_font_size_tablet=\u00a0\u00bb55px\u00a0\u00bb header_font_size_last_edited=\u00a0\u00bboff|desktop\u00a0\u00bb locked=\u00a0\u00bboff\u00a0\u00bb global_colors_info=\u00a0\u00bb{}\u00a0\u00bb]<\/p>\n<h1><span style=\"vertical-align: inherit;\">Kin\u00e9siologue humaine, animale et lib\u00e9ration cranio-sacr\u00e9e<\/span><\/h1>\n<p>[\/et_pb_text][\/et_pb_column][et_pb_column type=\u00a0\u00bb1_2&Prime; _builder_version=\u00a0\u00bb4.17.4&Prime; _module_preset=\u00a0\u00bbdefault\u00a0\u00bb global_colors_info=\u00a0\u00bb{}\u00a0\u00bb][et_pb_image src=\u00a0\u00bbhttp:\/\/ekineisis.fr\/wp-content\/uploads\/2024\/07\/jewelry-designer-3.png\u00a0\u00bb title_text=\u00a0\u00bbjewelry-designer-3&Prime; _builder_version=\u00a0\u00bb4.17.4&Prime; _module_preset=\u00a0\u00bbdefault\u00a0\u00bb positioning=\u00a0\u00bbabsolute\u00a0\u00bb position_origin_a=\u00a0\u00bbtop_right\u00a0\u00bb width=\u00a0\u00bb10%\u00a0\u00bb custom_margin=\u00a0\u00bb-15%|-10%|||false|false\u00a0\u00bb global_colors_info=\u00a0\u00bb{}\u00a0\u00bb][\/et_pb_image][et_pb_text _builder_version=\u00a0\u00bb4.27.0&Prime; _module_preset=\u00a0\u00bb4827deed-2a92-4d97-a22f-f01067ae6873&Prime; header_font=\u00a0\u00bb||||||||\u00a0\u00bb header_4_font=\u00a0\u00bbBodoni Moda||||||||\u00a0\u00bb header_4_text_color=\u00a0\u00bb#FFFFFF\u00a0\u00bb header_4_font_size=\u00a0\u00bb24px\u00a0\u00bb header_4_line_height=\u00a0\u00bb1.5em\u00a0\u00bb text_orientation=\u00a0\u00bbright\u00a0\u00bb custom_margin=\u00a0\u00bb||30px||false|false\u00a0\u00bb header_4_font_size_tablet=\u00a0\u00bb16px\u00a0\u00bb header_4_font_size_phone=\u00a0\u00bb14px\u00a0\u00bb header_4_font_size_last_edited=\u00a0\u00bbon|tablet\u00a0\u00bb locked=\u00a0\u00bboff\u00a0\u00bb global_colors_info=\u00a0\u00bb{}\u00a0\u00bb]<\/p>\n<h4 style=\"text-align: right;\"><span style=\"vertical-align: inherit;\"><span style=\"vertical-align: inherit;\"><span style=\"vertical-align: inherit;\"><span style=\"vertical-align: inherit;\">Contact<\/span><\/span><\/span><\/span><\/h4>\n<p>[\/et_pb_text][et_pb_text _builder_version=\u00a0\u00bb4.27.0&Prime; _module_preset=\u00a0\u00bb518880c8-46c7-4ffa-b5a6-93ffa99dcc17&Prime; text_font=\u00a0\u00bb||||||||\u00a0\u00bb text_text_color=\u00a0\u00bbrgba(255,255,255,0.7)\u00a0\u00bb text_font_size=\u00a0\u00bb18px\u00a0\u00bb text_line_height=\u00a0\u00bb1.8em\u00a0\u00bb link_text_color=\u00a0\u00bb#AC8961&Prime; text_orientation=\u00a0\u00bbright\u00a0\u00bb custom_margin=\u00a0\u00bb||10px||false|false\u00a0\u00bb text_font_size_tablet=\u00a0\u00bb16px\u00a0\u00bb text_font_size_phone=\u00a0\u00bb14px\u00a0\u00bb text_font_size_last_edited=\u00a0\u00bbon|phone\u00a0\u00bb locked=\u00a0\u00bboff\u00a0\u00bb global_colors_info=\u00a0\u00bb{}\u00a0\u00bb]<\/p>\n<p>59 Pl. de la croix, 38560 Jarrie<\/p>\n<p style=\"text-align: right;\">T\u00e9l : 07.49.05.36.19<\/p>\n<p>[\/et_pb_text][et_pb_social_media_follow _builder_version=\u00a0\u00bb4.27.0&Prime; _module_preset=\u00a0\u00bbdefault\u00a0\u00bb text_orientation=\u00a0\u00bbright\u00a0\u00bb global_colors_info=\u00a0\u00bb{}\u00a0\u00bb][et_pb_social_media_follow_network social_network=\u00a0\u00bbfacebook\u00a0\u00bb _builder_version=\u00a0\u00bb4.17.4&Prime; _module_preset=\u00a0\u00bbdefault\u00a0\u00bb background_enable_color=\u00a0\u00bboff\u00a0\u00bb global_colors_info=\u00a0\u00bb{}\u00a0\u00bb follow_button=\u00a0\u00bboff\u00a0\u00bb url_new_window=\u00a0\u00bbon\u00a0\u00bb]facebook[\/et_pb_social_media_follow_network][et_pb_social_media_follow_network social_network=\u00a0\u00bbinstagram\u00a0\u00bb _builder_version=\u00a0\u00bb4.17.4&Prime; _module_preset=\u00a0\u00bbdefault\u00a0\u00bb background_color=\u00a0\u00bbRGBA(255,255,255,0)\u00a0\u00bb background_enable_color=\u00a0\u00bbon\u00a0\u00bb global_colors_info=\u00a0\u00bb{}\u00a0\u00bb follow_button=\u00a0\u00bboff\u00a0\u00bb url_new_window=\u00a0\u00bbon\u00a0\u00bb]instagram[\/et_pb_social_media_follow_network][\/et_pb_social_media_follow][\/et_pb_column][\/et_pb_row][\/et_pb_section]<\/p>\n","protected":false},"excerpt":{"rendered":"<p>Pourquoi travailler ensemble ?Avant de vouloir devenir kin\u00e9siologue,\u00a0j\u2019ai travaill\u00e9 pendant pr\u00e8s de 17 ans au sein de la Fonction Publique Territoriale. Le dernier poste sur lequel j\u2019ai \u00e9t\u00e9 recrut\u00e9e m\u2019a conduite \u00e0 un \u00e9puisement professionnel, ce qui m\u2019a oblig\u00e9e \u00e0 voir ce que je ne voulais pas voir depuis plusieurs ann\u00e9es : mon m\u00e9tier ne [&hellip;]<\/p>\n","protected":false},"author":1,"featured_media":0,"parent":0,"menu_order":0,"comment_status":"closed","ping_status":"closed","template":"","meta":{"_et_pb_use_builder":"on","_et_pb_old_content":"","_et_gb_content_width":"","footnotes":""},"class_list":["post-337","page","type-page","status-publish","hentry"],"yoast_head":"<!-- This site is optimized with the Yoast SEO plugin v23.9 - https:\/\/yoast.com\/wordpress\/plugins\/seo\/ -->\n<title>Qui-suis-je ? - EKINEISIS<\/title>\n<meta name=\"description\" content=\"Apprenez \u00e0 me conna\u00eetre ! Kin\u00e9siologue passionn\u00e9e, certifi\u00e9e et form\u00e9e, je vous accompagne vers un \u00e9quilibre \u00e9motionnel et physique gr\u00e2ce \u00e0 une approche holistique.\" \/>\n<meta name=\"robots\" content=\"index, follow, max-snippet:-1, max-image-preview:large, max-video-preview:-1\" \/>\n<link rel=\"canonical\" href=\"https:\/\/ekineisis.fr\/index.php\/a-propos-de-moi\/\" \/>\n<meta property=\"og:locale\" content=\"fr_FR\" \/>\n<meta property=\"og:type\" content=\"article\" \/>\n<meta property=\"og:title\" content=\"Qui-suis-je ? - EKINEISIS\" \/>\n<meta property=\"og:description\" content=\"Apprenez \u00e0 me conna\u00eetre ! Kin\u00e9siologue passionn\u00e9e, certifi\u00e9e et form\u00e9e, je vous accompagne vers un \u00e9quilibre \u00e9motionnel et physique gr\u00e2ce \u00e0 une approche holistique.\" \/>\n<meta property=\"og:url\" content=\"https:\/\/ekineisis.fr\/index.php\/a-propos-de-moi\/\" \/>\n<meta property=\"og:site_name\" content=\"EKINEISIS\" \/>\n<meta property=\"article:modified_time\" content=\"2025-06-06T14:41:33+00:00\" \/>\n<meta name=\"twitter:card\" content=\"summary_large_image\" \/>\n<meta name=\"twitter:label1\" content=\"Dur\u00e9e de lecture estim\u00e9e\" \/>\n\t<meta name=\"twitter:data1\" content=\"10 minutes\" \/>\n<script type=\"application\/ld+json\" class=\"yoast-schema-graph\">{\"@context\":\"https:\/\/schema.org\",\"@graph\":[{\"@type\":\"WebPage\",\"@id\":\"https:\/\/ekineisis.fr\/index.php\/a-propos-de-moi\/\",\"url\":\"https:\/\/ekineisis.fr\/index.php\/a-propos-de-moi\/\",\"name\":\"Qui-suis-je ? - EKINEISIS\",\"isPartOf\":{\"@id\":\"https:\/\/ekineisis.fr\/#website\"},\"datePublished\":\"2024-09-13T09:19:52+00:00\",\"dateModified\":\"2025-06-06T14:41:33+00:00\",\"description\":\"Apprenez \u00e0 me conna\u00eetre ! Kin\u00e9siologue passionn\u00e9e, certifi\u00e9e et form\u00e9e, je vous accompagne vers un \u00e9quilibre \u00e9motionnel et physique gr\u00e2ce \u00e0 une approche holistique.\",\"breadcrumb\":{\"@id\":\"https:\/\/ekineisis.fr\/index.php\/a-propos-de-moi\/#breadcrumb\"},\"inLanguage\":\"fr-FR\",\"potentialAction\":[{\"@type\":\"ReadAction\",\"target\":[\"https:\/\/ekineisis.fr\/index.php\/a-propos-de-moi\/\"]}]},{\"@type\":\"BreadcrumbList\",\"@id\":\"https:\/\/ekineisis.fr\/index.php\/a-propos-de-moi\/#breadcrumb\",\"itemListElement\":[{\"@type\":\"ListItem\",\"position\":1,\"name\":\"Accueil\",\"item\":\"https:\/\/ekineisis.fr\/\"},{\"@type\":\"ListItem\",\"position\":2,\"name\":\"Qui-suis-je ?\"}]},{\"@type\":\"WebSite\",\"@id\":\"https:\/\/ekineisis.fr\/#website\",\"url\":\"https:\/\/ekineisis.fr\/\",\"name\":\"EKINEISIS\",\"description\":\"\",\"publisher\":{\"@id\":\"https:\/\/ekineisis.fr\/#\/schema\/person\/71a0789376085015ddc9e12fdc49001e\"},\"potentialAction\":[{\"@type\":\"SearchAction\",\"target\":{\"@type\":\"EntryPoint\",\"urlTemplate\":\"https:\/\/ekineisis.fr\/?s={search_term_string}\"},\"query-input\":{\"@type\":\"PropertyValueSpecification\",\"valueRequired\":true,\"valueName\":\"search_term_string\"}}],\"inLanguage\":\"fr-FR\"},{\"@type\":[\"Person\",\"Organization\"],\"@id\":\"https:\/\/ekineisis.fr\/#\/schema\/person\/71a0789376085015ddc9e12fdc49001e\",\"name\":\"admin5797\",\"image\":{\"@type\":\"ImageObject\",\"inLanguage\":\"fr-FR\",\"@id\":\"https:\/\/ekineisis.fr\/#\/schema\/person\/image\/\",\"url\":\"https:\/\/secure.gravatar.com\/avatar\/b9477204cc761744e70ca2f02dcf1c2c5137cbdcafa7d4792c7ef489ae7c99df?s=96&d=mm&r=g\",\"contentUrl\":\"https:\/\/secure.gravatar.com\/avatar\/b9477204cc761744e70ca2f02dcf1c2c5137cbdcafa7d4792c7ef489ae7c99df?s=96&d=mm&r=g\",\"caption\":\"admin5797\"},\"logo\":{\"@id\":\"https:\/\/ekineisis.fr\/#\/schema\/person\/image\/\"},\"sameAs\":[\"http:\/\/ekineisis.fr\"]}]}<\/script>\n<!-- \/ Yoast SEO plugin. -->","yoast_head_json":{"title":"Qui-suis-je ? - EKINEISIS","description":"Apprenez \u00e0 me conna\u00eetre ! Kin\u00e9siologue passionn\u00e9e, certifi\u00e9e et form\u00e9e, je vous accompagne vers un \u00e9quilibre \u00e9motionnel et physique gr\u00e2ce \u00e0 une approche holistique.","robots":{"index":"index","follow":"follow","max-snippet":"max-snippet:-1","max-image-preview":"max-image-preview:large","max-video-preview":"max-video-preview:-1"},"canonical":"https:\/\/ekineisis.fr\/index.php\/a-propos-de-moi\/","og_locale":"fr_FR","og_type":"article","og_title":"Qui-suis-je ? - EKINEISIS","og_description":"Apprenez \u00e0 me conna\u00eetre ! Kin\u00e9siologue passionn\u00e9e, certifi\u00e9e et form\u00e9e, je vous accompagne vers un \u00e9quilibre \u00e9motionnel et physique gr\u00e2ce \u00e0 une approche holistique.","og_url":"https:\/\/ekineisis.fr\/index.php\/a-propos-de-moi\/","og_site_name":"EKINEISIS","article_modified_time":"2025-06-06T14:41:33+00:00","twitter_card":"summary_large_image","twitter_misc":{"Dur\u00e9e de lecture estim\u00e9e":"10 minutes"},"schema":{"@context":"https:\/\/schema.org","@graph":[{"@type":"WebPage","@id":"https:\/\/ekineisis.fr\/index.php\/a-propos-de-moi\/","url":"https:\/\/ekineisis.fr\/index.php\/a-propos-de-moi\/","name":"Qui-suis-je ? - EKINEISIS","isPartOf":{"@id":"https:\/\/ekineisis.fr\/#website"},"datePublished":"2024-09-13T09:19:52+00:00","dateModified":"2025-06-06T14:41:33+00:00","description":"Apprenez \u00e0 me conna\u00eetre ! Kin\u00e9siologue passionn\u00e9e, certifi\u00e9e et form\u00e9e, je vous accompagne vers un \u00e9quilibre \u00e9motionnel et physique gr\u00e2ce \u00e0 une approche holistique.","breadcrumb":{"@id":"https:\/\/ekineisis.fr\/index.php\/a-propos-de-moi\/#breadcrumb"},"inLanguage":"fr-FR","potentialAction":[{"@type":"ReadAction","target":["https:\/\/ekineisis.fr\/index.php\/a-propos-de-moi\/"]}]},{"@type":"BreadcrumbList","@id":"https:\/\/ekineisis.fr\/index.php\/a-propos-de-moi\/#breadcrumb","itemListElement":[{"@type":"ListItem","position":1,"name":"Accueil","item":"https:\/\/ekineisis.fr\/"},{"@type":"ListItem","position":2,"name":"Qui-suis-je ?"}]},{"@type":"WebSite","@id":"https:\/\/ekineisis.fr\/#website","url":"https:\/\/ekineisis.fr\/","name":"EKINEISIS","description":"","publisher":{"@id":"https:\/\/ekineisis.fr\/#\/schema\/person\/71a0789376085015ddc9e12fdc49001e"},"potentialAction":[{"@type":"SearchAction","target":{"@type":"EntryPoint","urlTemplate":"https:\/\/ekineisis.fr\/?s={search_term_string}"},"query-input":{"@type":"PropertyValueSpecification","valueRequired":true,"valueName":"search_term_string"}}],"inLanguage":"fr-FR"},{"@type":["Person","Organization"],"@id":"https:\/\/ekineisis.fr\/#\/schema\/person\/71a0789376085015ddc9e12fdc49001e","name":"admin5797","image":{"@type":"ImageObject","inLanguage":"fr-FR","@id":"https:\/\/ekineisis.fr\/#\/schema\/person\/image\/","url":"https:\/\/secure.gravatar.com\/avatar\/b9477204cc761744e70ca2f02dcf1c2c5137cbdcafa7d4792c7ef489ae7c99df?s=96&d=mm&r=g","contentUrl":"https:\/\/secure.gravatar.com\/avatar\/b9477204cc761744e70ca2f02dcf1c2c5137cbdcafa7d4792c7ef489ae7c99df?s=96&d=mm&r=g","caption":"admin5797"},"logo":{"@id":"https:\/\/ekineisis.fr\/#\/schema\/person\/image\/"},"sameAs":["http:\/\/ekineisis.fr"]}]}},"_links":{"self":[{"href":"https:\/\/ekineisis.fr\/index.php\/wp-json\/wp\/v2\/pages\/337","targetHints":{"allow":["GET"]}}],"collection":[{"href":"https:\/\/ekineisis.fr\/index.php\/wp-json\/wp\/v2\/pages"}],"about":[{"href":"https:\/\/ekineisis.fr\/index.php\/wp-json\/wp\/v2\/types\/page"}],"author":[{"embeddable":true,"href":"https:\/\/ekineisis.fr\/index.php\/wp-json\/wp\/v2\/users\/1"}],"replies":[{"embeddable":true,"href":"https:\/\/ekineisis.fr\/index.php\/wp-json\/wp\/v2\/comments?post=337"}],"version-history":[{"count":25,"href":"https:\/\/ekineisis.fr\/index.php\/wp-json\/wp\/v2\/pages\/337\/revisions"}],"predecessor-version":[{"id":889,"href":"https:\/\/ekineisis.fr\/index.php\/wp-json\/wp\/v2\/pages\/337\/revisions\/889"}],"wp:attachment":[{"href":"https:\/\/ekineisis.fr\/index.php\/wp-json\/wp\/v2\/media?parent=337"}],"curies":[{"name":"wp","href":"https:\/\/api.w.org\/{rel}","templated":true}]}}