{"id":3,"date":"2024-03-03T19:05:13","date_gmt":"2024-03-03T18:05:13","guid":{"rendered":"http:\/\/ekineisis.fr\/?page_id=3"},"modified":"2024-12-05T17:37:29","modified_gmt":"2024-12-05T16:37:29","slug":"politique-de-confidentialite","status":"publish","type":"page","link":"https:\/\/ekineisis.fr\/index.php\/politique-de-confidentialite\/","title":{"rendered":"Politique de confidentialit\u00e9"},"content":{"rendered":"<p>[et_pb_section fb_built=\u00a0\u00bb1&Prime; _builder_version=\u00a0\u00bb4.27.0&Prime; hover_enabled=\u00a0\u00bb0&Prime; global_colors_info=\u00a0\u00bb{}\u00a0\u00bb background_color=\u00a0\u00bb#A2C5AC\u00a0\u00bb sticky_enabled=\u00a0\u00bb0&Prime;][et_pb_row _builder_version=\u00a0\u00bb4.27.0&Prime; _module_preset=\u00a0\u00bbdefault\u00a0\u00bb][et_pb_column _builder_version=\u00a0\u00bb4.27.0&Prime; _module_preset=\u00a0\u00bbdefault\u00a0\u00bb type=\u00a0\u00bb4_4&Prime;][et_pb_heading title=\u00a0\u00bbPolitique de confidentialit\u00e9\u00a0\u00bb _builder_version=\u00a0\u00bb4.27.0&Prime; _module_preset=\u00a0\u00bbdefault\u00a0\u00bb title_text_align=\u00a0\u00bbcenter\u00a0\u00bb title_font_size=\u00a0\u00bb46px\u00a0\u00bb title_font=\u00a0\u00bb&#8211;et_global_body_font||||||||\u00a0\u00bb title_text_color=\u00a0\u00bb#FFFFFF\u00a0\u00bb hover_enabled=\u00a0\u00bb0&Prime; sticky_enabled=\u00a0\u00bb0&Prime;][\/et_pb_heading][\/et_pb_column][\/et_pb_row][et_pb_row _builder_version=\u00a0\u00bb4.27.0&Prime; _module_preset=\u00a0\u00bbdefault\u00a0\u00bb][et_pb_column _builder_version=\u00a0\u00bb4.27.0&Prime; _module_preset=\u00a0\u00bbdefault\u00a0\u00bb type=\u00a0\u00bb4_4&Prime;][et_pb_text _builder_version=\u00a0\u00bb4.27.0&Prime; _module_preset=\u00a0\u00bbdefault\u00a0\u00bb hover_enabled=\u00a0\u00bb0&Prime; sticky_enabled=\u00a0\u00bb0&Prime;]<\/p>\n<p>Cette politique a pour objectif d\u2019encadrer la conformit\u00e9 des traitements de donn\u00e9es \u00e0 caract\u00e8re personnelles et le respect des droits des personnes concern\u00e9es pour la mise en place du site web <strong>Ekineisis EI C\u00e9line Eymery.<\/strong> Les textes de r\u00e9f\u00e9rences de cette politique sont le RGPD (R\u00e8glement G\u00e9n\u00e9ral pour la Protection des Donn\u00e9es) et la Loi dite \u201d Informatique et Libert\u00e9s \u201c. Les notions utilis\u00e9es dans cette politique sont d\u00e9finies dans le RGPD, notamment les notions de traitement, de donn\u00e9es personnelles ou donn\u00e9es \u00e0 caract\u00e8re personnelles, personnes concern\u00e9es et responsable de traitement.<\/p>\n<p><strong>EI C\u00e9line Eymery<\/strong> est attach\u00e9 au respect et \u00e0 la protection des donn\u00e9es personnelles. Nous nous engageons \u00e0 d\u00e9finir et appliquer les mesures ad\u00e9quates afin de garantir la s\u00e9curit\u00e9 du traitement de vos donn\u00e9es personnelles.<\/p>\n<h3>Quelles donn\u00e9es collectons-nous aupr\u00e8s de vous?<\/h3>\n<p>Avec votre consentement pr\u00e9alable, lorsque vous utilisez nos supports nous sommes susceptibles de collecter et de traiter tout ou partie des donn\u00e9es suivantes :<\/p>\n<ul>\n<li>les donn\u00e9es que vous fournissez en remplissant des formulaires, en chargeant en ligne des contenus , en souscrivant \u00e0 des services en ligne (ex : applications et pages r\u00e9seaux sociaux) ou en nous adressant des correspondances<\/li>\n<li>pr\u00e9nom et nom de famille<\/li>\n<li>adresse de courrier \u00e9lectronique<\/li>\n<li>num\u00e9ro de t\u00e9l\u00e9phone<\/li>\n<li>toute demande particuli\u00e8re que vous pourriez nous adresser (principalement pour des besoins d\u2019archivage)<\/li>\n<li>les photos ou vid\u00e9os de vous que vous souhaitez partager.<\/li>\n<\/ul>\n<h2>Collectons-nous votre adresse IP et vos t\u00e9moins de connexion (cookies) ?<\/h2>\n<p>Nous sommes susceptibles de collecter votre adresse IP et votre type de navigateur \u00e0 des fins d\u2019administration de nos syst\u00e8mes et\/ou d\u2019\u00e9tablissement de statistiques et sans identifier une quelconque autre information individuelle.<\/p>\n<p>Dans certains cas, nous sommes \u00e9galement susceptibles d\u2019utiliser des cookies qui correspondent \u00e0 des petits fichiers de lettres et de chiffres t\u00e9l\u00e9charg\u00e9s sur votre terminal lorsque vous acc\u00e9dez \u00e0 nos supports. Nous utilisons principalement les cookies pour vous reconna\u00eetre lorsque vous vous connectez \u00e0 nouveau \u00e0 nos supports et pour afficher un contenu susceptible de correspondre \u00e0 vos centres d\u2019int\u00e9r\u00eats.<\/p>\n<p>Les param\u00e8tres par d\u00e9faut des navigateurs internet sont habituellement r\u00e9gl\u00e9s de mani\u00e8re \u00e0 accepter les cookies, mais vous pouvez facilement changer cela en modifiant les param\u00e8tres de votre navigateur. Toutefois, veuillez noter que si vous choisissez de d\u00e9sactiver les cookies, il se peut que certaines parties de nos supports ne soient pas accessibles.<\/p>\n<h2>A quoi correspondent les cookies ?<\/h2>\n<p>Les cookies sont de petits fichiers textes enregistr\u00e9s sur votre appareil (ordinateur, tablette ou portable) lorsque vous naviguez sur Internet, y compris sur le site Internet de <strong>Ekineisis<\/strong>. Pour plus d\u2019informations, veuillez consulter le lien suivant : <a href=\"https:\/\/www.aboutcookies.org\/\">https:\/\/www.aboutcookies.org<\/a>.<\/p>\n<h2>D\u00e9sactivation des cookies<\/h2>\n<p>Vous pouvez facilement modifier les r\u00e9glages de votre navigateur concernant l\u2019activation ou la d\u00e9sactivation des cookies. Si besoin, veuillez consulter la fonction Aide de votre navigateur.<\/p>\n<p>De nombreux cookies sont utilis\u00e9s afin d\u2019am\u00e9liorer l\u2019ergonomie ou la fonctionnalit\u00e9 des sites Internet\/applications. Par cons\u00e9quent, d\u00e9sactiver les cookies peut vous emp\u00eacher d\u2019utiliser certaines parties de notre site Internet\/applications.<\/p>\n<ul>\n<li>\u00a0<\/li>\n<\/ul>\n<h3>La conservation de vos donn\u00e9es<\/h3>\n<p><strong>Ekineisis<\/strong> ne conserve pas les donn\u00e9es \u00e0 caract\u00e8re personnel au-del\u00e0 de la dur\u00e9e n\u00e9cessaire pour atteindre la finalit\u00e9 du traitement, tout en respectant les limites l\u00e9gales et r\u00e9glementaires applicables.<\/p>\n<p>Lorsque vous \u00eates Client ou Partenaire de <strong>Ekineisis<\/strong>, vos donn\u00e9es sont conserv\u00e9es durant la dur\u00e9e du contrat, et 3 ans \u00e0 son issu, sauf contraintes l\u00e9gales particuli\u00e8res.<\/p>\n<p>Lorsque vous \u00eates Prospect de <strong>Ekineisis<\/strong> vos donn\u00e9es sont conserv\u00e9es durant 3 ans \u00e0 partir du dernier contact que vous avez eu avec <strong>Ekineisis<\/strong>, sauf contraintes l\u00e9gales particuli\u00e8res.<\/p>\n<p>Enfin, les cookies ont une dur\u00e9e de validit\u00e9 de 100 jours.<\/p>\n<h3>Comment utilisons-nous vos donn\u00e9es personnelles ?<\/h3>\n<p>Nous utilisons principalement vos donn\u00e9es personnelles dans le cadre de la gestion de nos clients \/ prospects, et notamment pour r\u00e9pondre \u00e0 vos demandes ou pour vous envoyer r\u00e9guli\u00e8rement des nouvelles et des informations sur nos offres, nos op\u00e9rations et\/ou nos supports susceptibles de susciter votre int\u00e9r\u00eat.<\/p>\n<p>Nous utilisons \u00e9galement vos donn\u00e9es pour am\u00e9liorer votre exp\u00e9rience digitale sur nos supports : comprendre l\u2019int\u00e9r\u00eat que vous portez \u00e0 nos supports et \u00e0 leur contenu, valider votre participation \u00e0 nos op\u00e9rations, faire en sorte que nos supports soient pr\u00e9sent\u00e9s de la mani\u00e8re qui soit la plus adapt\u00e9e \u00e0 vous et \u00e0 votre terminal.<\/p>\n<h3>Comment pouvez-vous acc\u00e9der \u00e0 vos donn\u00e9es personnelles ?<\/h3>\n<p>Vous avez toujours la possibilit\u00e9 de nous contacter par\u00a0:<\/p>\n<p>courrier \u00e9lectronique :<\/p>\n<p>&nbsp;<\/p>\n<p>pour consulter les donn\u00e9es personnelles vous concernant qui sont en notre possession.<br \/>Si vous identifiez une erreur parmi ces donn\u00e9es ou si vous les jugez incompl\u00e8tes ou ambigu\u00ebs, vous pouvez \u00e9galement nous demander de les corriger, de les compl\u00e9ter ou de les clarifier.<br \/>Vous pouvez \u00e9galement vous opposer \u00e0 ce que vos donn\u00e9es soient utilis\u00e9es \u00e0 des fins de prospection commerciale ou communiqu\u00e9es \u00e0 des tiers \u00e0 cette fin.<br \/>Enfin, vous pouvez nous demander de supprimer toute donn\u00e9e personnelle qui vous concerne et que nous d\u00e9tenons. Toutefois, veuillez noter que nous sommes susceptibles de conserver une trace de vos donn\u00e9es \u00e0 des fins d\u2019archivage (en particulier lorsque la loi nous l\u2019impose).<\/p>\n<h3>Partageons-nous vos donn\u00e9es personnelles ?<\/h3>\n<p>Sous r\u00e9serve de ce qui est indiqu\u00e9 dans la pr\u00e9sente politique de protection des donn\u00e9es personnelles ou \u00e0 moins que nous n\u2019ayons pr\u00e9alablement obtenu votre consentement, nous sommes susceptibles de communiquer vos donn\u00e9es personnelles avec des personnes employ\u00e9es de <strong>Ekineisis<\/strong>\u00a0ou nos prestataires de services et\/ou partenaires commerciaux pour les finalit\u00e9s pr\u00e9c\u00e9demment mentionn\u00e9es, et uniquement dans la limite n\u00e9cessaire \u00e0 l\u2019accomplissement des t\u00e2ches qui leurs sont confi\u00e9es. Ces personnes pourront \u00eatre amen\u00e9es \u00e0 vous contacter directement \u00e0 partir des coordonn\u00e9es que vous nous avez communiqu\u00e9es.<\/p>\n<p>Veuillez noter que nous exigeons de mani\u00e8re stricte de nos prestataires de services qu\u2019ils utilisent vos donn\u00e9es personnelles uniquement pour g\u00e9rer les services que nous leur demandons de fournir. Nous demandons \u00e9galement \u00e0 ces prestataires de toujours agir en conformit\u00e9 avec les lois applicables en mati\u00e8re de protection de donn\u00e9es personnelles et d\u2019accorder une attention particuli\u00e8re \u00e0 la confidentialit\u00e9 de ces donn\u00e9es.<\/p>\n<h3>O\u00f9 stockons-nous vos donn\u00e9es personnelles ?<\/h3>\n<p>Vos donn\u00e9es personnelles sont stock\u00e9es dans nos bases de donn\u00e9es .Dans certains cas, et principalement pour des raisons techniques, ces bases de donn\u00e9es peuvent \u00eatre stock\u00e9es sur des serveurs situ\u00e9s en dehors du pays (y compris en dehors de l\u2019Union europ\u00e9enne) depuis lequel vous avez initialement saisi les donn\u00e9es.<\/p>\n<h3>Vos donn\u00e9es personnelles sont-elles en s\u00e9curit\u00e9 ?<\/h3>\n<p>Nous avons pour objectif de toujours conserver vos donn\u00e9es personnelles de la mani\u00e8re la plus s\u00fbre et la plus s\u00e9curis\u00e9e, et uniquement pendant la dur\u00e9e n\u00e9cessaire \u00e0 la r\u00e9alisation de la finalit\u00e9 poursuivie par le traitement. Dans cette perspective, nous prenons les mesures physiques, techniques et organisationnelles appropri\u00e9es pour emp\u00eacher dans toute la mesure du possible toute alt\u00e9ration ou perte de vos donn\u00e9es ou tout acc\u00e8s non autoris\u00e9 \u00e0 celles-ci.<\/p>\n<p>Nous vous informons que cette politique de protection des donn\u00e9es personnelles peut \u00eatre modifi\u00e9e par nos soins. Dans ce cas, ces modifications seront consultables sur cette page.<\/p>\n<h3>Dispositions locales<\/h3>\n<p>Conform\u00e9ment \u00e0 la loi n\u00b078-17 du 6 janvier 1978 modifi\u00e9e relative \u00e0 l\u2019informatique, aux fichiers et aux libert\u00e9s, vous disposez d\u2019un droit d\u2019acc\u00e8s, de modification, de rectification et de suppression des donn\u00e9es vous concernant. Pour exercer ce droit, vous devez nous adresser une demande accompagn\u00e9e d\u2019une pi\u00e8ce d\u2019identit\u00e9 \u00e0 : (adresse mail)<\/p>\n<p>[\/et_pb_text][\/et_pb_column][\/et_pb_row][\/et_pb_section]<\/p>\n","protected":false},"excerpt":{"rendered":"<p>Cette politique a pour objectif d\u2019encadrer la conformit\u00e9 des traitements de donn\u00e9es \u00e0 caract\u00e8re personnelles et le respect des droits des personnes concern\u00e9es pour la mise en place du site web Ekineisis EI C\u00e9line Eymery. Les textes de r\u00e9f\u00e9rences de cette politique sont le RGPD (R\u00e8glement G\u00e9n\u00e9ral pour la Protection des Donn\u00e9es) et la Loi [&hellip;]<\/p>\n","protected":false},"author":1,"featured_media":0,"parent":0,"menu_order":0,"comment_status":"closed","ping_status":"closed","template":"","meta":{"_et_pb_use_builder":"on","_et_pb_old_content":"<!-- wp:heading --><h2>Qui sommes-nous\u00a0?<\/h2><!-- \/wp:heading --><!-- wp:paragraph --><p><strong class=\"privacy-policy-tutorial\">Texte sugg\u00e9r\u00e9\u00a0: <\/strong>L\u2019adresse de notre site est\u00a0: http:\/\/ekineisis.fr.<\/p><!-- \/wp:paragraph --><!-- wp:heading --><h2>Commentaires<\/h2><!-- \/wp:heading --><!-- wp:paragraph --><p><strong class=\"privacy-policy-tutorial\">Texte sugg\u00e9r\u00e9\u00a0: <\/strong>Quand vous laissez un commentaire sur notre site, les donn\u00e9es inscrites dans le formulaire de commentaire, ainsi que votre adresse IP et l\u2019agent utilisateur de votre navigateur sont collect\u00e9s pour nous aider \u00e0 la d\u00e9tection des commentaires ind\u00e9sirables.<\/p><!-- \/wp:paragraph --><!-- wp:paragraph --><p>Une cha\u00eene anonymis\u00e9e cr\u00e9\u00e9e \u00e0 partir de votre adresse e-mail (\u00e9galement appel\u00e9e hash) peut \u00eatre envoy\u00e9e au service Gravatar pour v\u00e9rifier si vous utilisez ce dernier. Les clauses de confidentialit\u00e9 du service Gravatar sont disponibles ici\u00a0: https:\/\/automattic.com\/privacy\/. Apr\u00e8s validation de votre commentaire, votre photo de profil sera visible publiquement \u00e0 cot\u00e9 de votre commentaire.<\/p><!-- \/wp:paragraph --><!-- wp:heading --><h2>M\u00e9dias<\/h2><!-- \/wp:heading --><!-- wp:paragraph --><p><strong class=\"privacy-policy-tutorial\">Texte sugg\u00e9r\u00e9\u00a0: <\/strong>Si vous t\u00e9l\u00e9versez des images sur le site, nous vous conseillons d\u2019\u00e9viter de t\u00e9l\u00e9verser des images contenant des donn\u00e9es EXIF de coordonn\u00e9es GPS. Les personnes visitant votre site peuvent t\u00e9l\u00e9charger et extraire des donn\u00e9es de localisation depuis ces images.<\/p><!-- \/wp:paragraph --><!-- wp:heading --><h2>Cookies<\/h2><!-- \/wp:heading --><!-- wp:paragraph --><p><strong class=\"privacy-policy-tutorial\">Texte sugg\u00e9r\u00e9\u00a0: <\/strong>Si vous d\u00e9posez un commentaire sur notre site, il vous sera propos\u00e9 d\u2019enregistrer votre nom, adresse e-mail et site dans des cookies. C\u2019est uniquement pour votre confort afin de ne pas avoir \u00e0 saisir ces informations si vous d\u00e9posez un autre commentaire plus tard. Ces cookies expirent au bout d\u2019un an.<\/p><!-- \/wp:paragraph --><!-- wp:paragraph --><p>Si vous vous rendez sur la page de connexion, un cookie temporaire sera cr\u00e9\u00e9 afin de d\u00e9terminer si votre navigateur accepte les cookies. Il ne contient pas de donn\u00e9es personnelles et sera supprim\u00e9 automatiquement \u00e0 la fermeture de votre navigateur.<\/p><!-- \/wp:paragraph --><!-- wp:paragraph --><p>Lorsque vous vous connecterez, nous mettrons en place un certain nombre de cookies pour enregistrer vos informations de connexion et vos pr\u00e9f\u00e9rences d\u2019\u00e9cran. La dur\u00e9e de vie d\u2019un cookie de connexion est de deux jours, celle d\u2019un cookie d\u2019option d\u2019\u00e9cran est d\u2019un an. Si vous cochez \u00ab\u00a0Se souvenir de moi\u00a0\u00bb, votre cookie de connexion sera conserv\u00e9 pendant deux semaines. Si vous vous d\u00e9connectez de votre compte, le cookie de connexion sera effac\u00e9.<\/p><!-- \/wp:paragraph --><!-- wp:paragraph --><p>En modifiant ou en publiant une publication, un cookie suppl\u00e9mentaire sera enregistr\u00e9 dans votre navigateur. Ce cookie ne comprend aucune donn\u00e9e personnelle. Il indique simplement l\u2019ID de la publication que vous venez de modifier. Il expire au bout d\u2019un jour.<\/p><!-- \/wp:paragraph --><!-- wp:heading --><h2>Contenu embarqu\u00e9 depuis d\u2019autres sites<\/h2><!-- \/wp:heading --><!-- wp:paragraph --><p><strong class=\"privacy-policy-tutorial\">Texte sugg\u00e9r\u00e9\u00a0: <\/strong>Les articles de ce site peuvent inclure des contenus int\u00e9gr\u00e9s (par exemple des vid\u00e9os, images, articles\u2026). Le contenu int\u00e9gr\u00e9 depuis d\u2019autres sites se comporte de la m\u00eame mani\u00e8re que si le visiteur se rendait sur cet autre site.<\/p><!-- \/wp:paragraph --><!-- wp:paragraph --><p>Ces sites web pourraient collecter des donn\u00e9es sur vous, utiliser des cookies, embarquer des outils de suivis tiers, suivre vos interactions avec ces contenus embarqu\u00e9s si vous disposez d\u2019un compte connect\u00e9 sur leur site web.<\/p><!-- \/wp:paragraph --><!-- wp:heading --><h2>Utilisation et transmission de vos donn\u00e9es personnelles<\/h2><!-- \/wp:heading --><!-- wp:paragraph --><p><strong class=\"privacy-policy-tutorial\">Texte sugg\u00e9r\u00e9\u00a0: <\/strong>Si vous demandez une r\u00e9initialisation de votre mot de passe, votre adresse IP sera incluse dans l\u2019e-mail de r\u00e9initialisation.<\/p><!-- \/wp:paragraph --><!-- wp:heading --><h2>Dur\u00e9es de stockage de vos donn\u00e9es<\/h2><!-- \/wp:heading --><!-- wp:paragraph --><p><strong class=\"privacy-policy-tutorial\">Texte sugg\u00e9r\u00e9\u00a0: <\/strong>Si vous laissez un commentaire, le commentaire et ses m\u00e9tadonn\u00e9es sont conserv\u00e9s ind\u00e9finiment. Cela permet de reconna\u00eetre et approuver automatiquement les commentaires suivants au lieu de les laisser dans la file de mod\u00e9ration.<\/p><!-- \/wp:paragraph --><!-- wp:paragraph --><p>Pour les comptes qui s\u2019inscrivent sur notre site (le cas \u00e9ch\u00e9ant), nous stockons \u00e9galement les donn\u00e9es personnelles indiqu\u00e9es dans leur profil. Tous les comptes peuvent voir, modifier ou supprimer leurs informations personnelles \u00e0 tout moment (\u00e0 l\u2019exception de leur identifiant). Les gestionnaires du site peuvent aussi voir et modifier ces informations.<\/p><!-- \/wp:paragraph --><!-- wp:heading --><h2>Les droits que vous avez sur vos donn\u00e9es<\/h2><!-- \/wp:heading --><!-- wp:paragraph --><p><strong class=\"privacy-policy-tutorial\">Texte sugg\u00e9r\u00e9\u00a0: <\/strong>Si vous avez un compte ou si vous avez laiss\u00e9 des commentaires sur le site, vous pouvez demander \u00e0 recevoir un fichier contenant toutes les donn\u00e9es personnelles que nous poss\u00e9dons \u00e0 votre sujet, incluant celles que vous nous avez fournies. Vous pouvez \u00e9galement demander la suppression des donn\u00e9es personnelles vous concernant. Cela ne prend pas en compte les donn\u00e9es stock\u00e9es \u00e0 des fins administratives, l\u00e9gales ou pour des raisons de s\u00e9curit\u00e9.<\/p><!-- \/wp:paragraph --><!-- wp:heading --><h2>Transmission de vos donn\u00e9es personnelles<\/h2><!-- \/wp:heading --><!-- wp:paragraph --><p><strong class=\"privacy-policy-tutorial\">Texte sugg\u00e9r\u00e9\u00a0: <\/strong>Les commentaires des visiteurs peuvent \u00eatre v\u00e9rifi\u00e9s \u00e0 l\u2019aide d\u2019un service automatis\u00e9 de d\u00e9tection des commentaires ind\u00e9sirables.<\/p><!-- \/wp:paragraph -->","_et_gb_content_width":"","footnotes":""},"class_list":["post-3","page","type-page","status-publish","hentry"],"yoast_head":"<!-- This site is optimized with the Yoast SEO plugin v23.9 - https:\/\/yoast.com\/wordpress\/plugins\/seo\/ -->\n<title>Politique de confidentialit\u00e9 - EKINEISIS<\/title>\n<meta name=\"robots\" content=\"index, follow, max-snippet:-1, max-image-preview:large, max-video-preview:-1\" \/>\n<link rel=\"canonical\" href=\"https:\/\/ekineisis.fr\/index.php\/politique-de-confidentialite\/\" \/>\n<meta property=\"og:locale\" content=\"fr_FR\" \/>\n<meta property=\"og:type\" content=\"article\" \/>\n<meta property=\"og:title\" content=\"Politique de confidentialit\u00e9 - EKINEISIS\" \/>\n<meta property=\"og:description\" content=\"Cette politique a pour objectif d\u2019encadrer la conformit\u00e9 des traitements de donn\u00e9es \u00e0 caract\u00e8re personnelles et le respect des droits des personnes concern\u00e9es pour la mise en place du site web Ekineisis EI C\u00e9line Eymery. Les textes de r\u00e9f\u00e9rences de cette politique sont le RGPD (R\u00e8glement G\u00e9n\u00e9ral pour la Protection des Donn\u00e9es) et la Loi [&hellip;]\" \/>\n<meta property=\"og:url\" content=\"https:\/\/ekineisis.fr\/index.php\/politique-de-confidentialite\/\" \/>\n<meta property=\"og:site_name\" content=\"EKINEISIS\" \/>\n<meta property=\"article:modified_time\" content=\"2024-12-05T16:37:29+00:00\" \/>\n<meta name=\"twitter:card\" content=\"summary_large_image\" \/>\n<meta name=\"twitter:label1\" content=\"Dur\u00e9e de lecture estim\u00e9e\" \/>\n\t<meta name=\"twitter:data1\" content=\"7 minutes\" \/>\n<script type=\"application\/ld+json\" class=\"yoast-schema-graph\">{\"@context\":\"https:\/\/schema.org\",\"@graph\":[{\"@type\":\"WebPage\",\"@id\":\"https:\/\/ekineisis.fr\/index.php\/politique-de-confidentialite\/\",\"url\":\"https:\/\/ekineisis.fr\/index.php\/politique-de-confidentialite\/\",\"name\":\"Politique de confidentialit\u00e9 - EKINEISIS\",\"isPartOf\":{\"@id\":\"https:\/\/ekineisis.fr\/#website\"},\"datePublished\":\"2024-03-03T18:05:13+00:00\",\"dateModified\":\"2024-12-05T16:37:29+00:00\",\"breadcrumb\":{\"@id\":\"https:\/\/ekineisis.fr\/index.php\/politique-de-confidentialite\/#breadcrumb\"},\"inLanguage\":\"fr-FR\",\"potentialAction\":[{\"@type\":\"ReadAction\",\"target\":[\"https:\/\/ekineisis.fr\/index.php\/politique-de-confidentialite\/\"]}]},{\"@type\":\"BreadcrumbList\",\"@id\":\"https:\/\/ekineisis.fr\/index.php\/politique-de-confidentialite\/#breadcrumb\",\"itemListElement\":[{\"@type\":\"ListItem\",\"position\":1,\"name\":\"Accueil\",\"item\":\"https:\/\/ekineisis.fr\/\"},{\"@type\":\"ListItem\",\"position\":2,\"name\":\"Politique de confidentialit\u00e9\"}]},{\"@type\":\"WebSite\",\"@id\":\"https:\/\/ekineisis.fr\/#website\",\"url\":\"https:\/\/ekineisis.fr\/\",\"name\":\"EKINEISIS\",\"description\":\"\",\"publisher\":{\"@id\":\"https:\/\/ekineisis.fr\/#\/schema\/person\/71a0789376085015ddc9e12fdc49001e\"},\"potentialAction\":[{\"@type\":\"SearchAction\",\"target\":{\"@type\":\"EntryPoint\",\"urlTemplate\":\"https:\/\/ekineisis.fr\/?s={search_term_string}\"},\"query-input\":{\"@type\":\"PropertyValueSpecification\",\"valueRequired\":true,\"valueName\":\"search_term_string\"}}],\"inLanguage\":\"fr-FR\"},{\"@type\":[\"Person\",\"Organization\"],\"@id\":\"https:\/\/ekineisis.fr\/#\/schema\/person\/71a0789376085015ddc9e12fdc49001e\",\"name\":\"admin5797\",\"image\":{\"@type\":\"ImageObject\",\"inLanguage\":\"fr-FR\",\"@id\":\"https:\/\/ekineisis.fr\/#\/schema\/person\/image\/\",\"url\":\"https:\/\/secure.gravatar.com\/avatar\/b9477204cc761744e70ca2f02dcf1c2c5137cbdcafa7d4792c7ef489ae7c99df?s=96&d=mm&r=g\",\"contentUrl\":\"https:\/\/secure.gravatar.com\/avatar\/b9477204cc761744e70ca2f02dcf1c2c5137cbdcafa7d4792c7ef489ae7c99df?s=96&d=mm&r=g\",\"caption\":\"admin5797\"},\"logo\":{\"@id\":\"https:\/\/ekineisis.fr\/#\/schema\/person\/image\/\"},\"sameAs\":[\"http:\/\/ekineisis.fr\"]}]}<\/script>\n<!-- \/ Yoast SEO plugin. -->","yoast_head_json":{"title":"Politique de confidentialit\u00e9 - EKINEISIS","robots":{"index":"index","follow":"follow","max-snippet":"max-snippet:-1","max-image-preview":"max-image-preview:large","max-video-preview":"max-video-preview:-1"},"canonical":"https:\/\/ekineisis.fr\/index.php\/politique-de-confidentialite\/","og_locale":"fr_FR","og_type":"article","og_title":"Politique de confidentialit\u00e9 - EKINEISIS","og_description":"Cette politique a pour objectif d\u2019encadrer la conformit\u00e9 des traitements de donn\u00e9es \u00e0 caract\u00e8re personnelles et le respect des droits des personnes concern\u00e9es pour la mise en place du site web Ekineisis EI C\u00e9line Eymery. Les textes de r\u00e9f\u00e9rences de cette politique sont le RGPD (R\u00e8glement G\u00e9n\u00e9ral pour la Protection des Donn\u00e9es) et la Loi [&hellip;]","og_url":"https:\/\/ekineisis.fr\/index.php\/politique-de-confidentialite\/","og_site_name":"EKINEISIS","article_modified_time":"2024-12-05T16:37:29+00:00","twitter_card":"summary_large_image","twitter_misc":{"Dur\u00e9e de lecture estim\u00e9e":"7 minutes"},"schema":{"@context":"https:\/\/schema.org","@graph":[{"@type":"WebPage","@id":"https:\/\/ekineisis.fr\/index.php\/politique-de-confidentialite\/","url":"https:\/\/ekineisis.fr\/index.php\/politique-de-confidentialite\/","name":"Politique de confidentialit\u00e9 - EKINEISIS","isPartOf":{"@id":"https:\/\/ekineisis.fr\/#website"},"datePublished":"2024-03-03T18:05:13+00:00","dateModified":"2024-12-05T16:37:29+00:00","breadcrumb":{"@id":"https:\/\/ekineisis.fr\/index.php\/politique-de-confidentialite\/#breadcrumb"},"inLanguage":"fr-FR","potentialAction":[{"@type":"ReadAction","target":["https:\/\/ekineisis.fr\/index.php\/politique-de-confidentialite\/"]}]},{"@type":"BreadcrumbList","@id":"https:\/\/ekineisis.fr\/index.php\/politique-de-confidentialite\/#breadcrumb","itemListElement":[{"@type":"ListItem","position":1,"name":"Accueil","item":"https:\/\/ekineisis.fr\/"},{"@type":"ListItem","position":2,"name":"Politique de confidentialit\u00e9"}]},{"@type":"WebSite","@id":"https:\/\/ekineisis.fr\/#website","url":"https:\/\/ekineisis.fr\/","name":"EKINEISIS","description":"","publisher":{"@id":"https:\/\/ekineisis.fr\/#\/schema\/person\/71a0789376085015ddc9e12fdc49001e"},"potentialAction":[{"@type":"SearchAction","target":{"@type":"EntryPoint","urlTemplate":"https:\/\/ekineisis.fr\/?s={search_term_string}"},"query-input":{"@type":"PropertyValueSpecification","valueRequired":true,"valueName":"search_term_string"}}],"inLanguage":"fr-FR"},{"@type":["Person","Organization"],"@id":"https:\/\/ekineisis.fr\/#\/schema\/person\/71a0789376085015ddc9e12fdc49001e","name":"admin5797","image":{"@type":"ImageObject","inLanguage":"fr-FR","@id":"https:\/\/ekineisis.fr\/#\/schema\/person\/image\/","url":"https:\/\/secure.gravatar.com\/avatar\/b9477204cc761744e70ca2f02dcf1c2c5137cbdcafa7d4792c7ef489ae7c99df?s=96&d=mm&r=g","contentUrl":"https:\/\/secure.gravatar.com\/avatar\/b9477204cc761744e70ca2f02dcf1c2c5137cbdcafa7d4792c7ef489ae7c99df?s=96&d=mm&r=g","caption":"admin5797"},"logo":{"@id":"https:\/\/ekineisis.fr\/#\/schema\/person\/image\/"},"sameAs":["http:\/\/ekineisis.fr"]}]}},"_links":{"self":[{"href":"https:\/\/ekineisis.fr\/index.php\/wp-json\/wp\/v2\/pages\/3","targetHints":{"allow":["GET"]}}],"collection":[{"href":"https:\/\/ekineisis.fr\/index.php\/wp-json\/wp\/v2\/pages"}],"about":[{"href":"https:\/\/ekineisis.fr\/index.php\/wp-json\/wp\/v2\/types\/page"}],"author":[{"embeddable":true,"href":"https:\/\/ekineisis.fr\/index.php\/wp-json\/wp\/v2\/users\/1"}],"replies":[{"embeddable":true,"href":"https:\/\/ekineisis.fr\/index.php\/wp-json\/wp\/v2\/comments?post=3"}],"version-history":[{"count":3,"href":"https:\/\/ekineisis.fr\/index.php\/wp-json\/wp\/v2\/pages\/3\/revisions"}],"predecessor-version":[{"id":280,"href":"https:\/\/ekineisis.fr\/index.php\/wp-json\/wp\/v2\/pages\/3\/revisions\/280"}],"wp:attachment":[{"href":"https:\/\/ekineisis.fr\/index.php\/wp-json\/wp\/v2\/media?parent=3"}],"curies":[{"name":"wp","href":"https:\/\/api.w.org\/{rel}","templated":true}]}}