{"id":100,"date":"2024-07-25T11:14:42","date_gmt":"2024-07-25T09:14:42","guid":{"rendered":"https:\/\/ekineisis.fr\/?page_id=100"},"modified":"2025-06-07T17:41:36","modified_gmt":"2025-06-07T15:41:36","slug":"quest-ce-que-la-kinesiologie","status":"publish","type":"page","link":"https:\/\/ekineisis.fr\/","title":{"rendered":"Accueil"},"content":{"rendered":"<p>[et_pb_section fb_built=\u00a0\u00bb1&Prime; disabled_on=\u00a0\u00bboff|on|on\u00a0\u00bb _builder_version=\u00a0\u00bb4.27.0&Prime; _module_preset=\u00a0\u00bbdefault\u00a0\u00bb global_colors_info=\u00a0\u00bb{}\u00a0\u00bb][et_pb_row column_structure=\u00a0\u00bb1_2,1_2&Prime; _builder_version=\u00a0\u00bb4.27.0&Prime; _module_preset=\u00a0\u00bbdefault\u00a0\u00bb global_colors_info=\u00a0\u00bb{}\u00a0\u00bb][et_pb_column type=\u00a0\u00bb1_2&Prime; _builder_version=\u00a0\u00bb4.27.0&Prime; _module_preset=\u00a0\u00bbdefault\u00a0\u00bb background_image=\u00a0\u00bbhttp:\/\/ekineisis.fr\/wp-content\/uploads\/2024\/12\/IMG-20241129-WA0024.jpg\u00a0\u00bb global_colors_info=\u00a0\u00bb{}\u00a0\u00bb][et_pb_image src=\u00a0\u00bbhttp:\/\/ekineisis.fr\/wp-content\/uploads\/2024\/12\/IMG-20241129-WA0024.jpg\u00a0\u00bb alt=\u00a0\u00bbC\u00e9line EYMERY Kin\u00e9siologue Kin\u00e9siologue humaine et animale et lib\u00e9ration cranio-sacr\u00e9e\u00a0\u00bb title_text=\u00a0\u00bbC\u00e9line EYMERY Kin\u00e9siologue Kin\u00e9siologue humaine et animale et lib\u00e9ration cranio-sacr\u00e9e\u00a0\u00bb _builder_version=\u00a0\u00bb4.27.0&Prime; _module_preset=\u00a0\u00bbdefault\u00a0\u00bb global_colors_info=\u00a0\u00bb{}\u00a0\u00bb][\/et_pb_image][\/et_pb_column][et_pb_column type=\u00a0\u00bb1_2&Prime; _builder_version=\u00a0\u00bb4.27.0&Prime; _module_preset=\u00a0\u00bbdefault\u00a0\u00bb global_colors_info=\u00a0\u00bb{}\u00a0\u00bb][et_pb_text _builder_version=\u00a0\u00bb4.27.0&Prime; _module_preset=\u00a0\u00bbdefault\u00a0\u00bb text_font=\u00a0\u00bb&#8211;et_global_body_font||||||||\u00a0\u00bb header_font=\u00a0\u00bb&#8211;et_global_body_font||||||||\u00a0\u00bb header_text_align=\u00a0\u00bbcenter\u00a0\u00bb header_text_color=\u00a0\u00bb#7F6A93&Prime; global_colors_info=\u00a0\u00bb{}\u00a0\u00bb]<\/p>\n<h1><span style=\"vertical-align: inherit;\">EKINEISIS<\/span><\/h1>\n<p>[\/et_pb_text][et_pb_text _builder_version=\u00a0\u00bb4.27.0&Prime; _module_preset=\u00a0\u00bbdefault\u00a0\u00bb text_font=\u00a0\u00bb&#8211;et_global_body_font||||||||\u00a0\u00bb header_font=\u00a0\u00bb&#8211;et_global_body_font||||||||\u00a0\u00bb header_text_color=\u00a0\u00bb#9DB5B2&Prime; global_colors_info=\u00a0\u00bb{}\u00a0\u00bb]<\/p>\n<h1><span style=\"vertical-align: inherit;\">Kin\u00e9siologue humaine, animale et lib\u00e9ration cranio-sacr\u00e9e<\/span><\/h1>\n<p>[\/et_pb_text][et_pb_text _builder_version=\u00a0\u00bb4.27.0&Prime; _module_preset=\u00a0\u00bbdefault\u00a0\u00bb text_font=\u00a0\u00bb&#8211;et_global_body_font||||||||\u00a0\u00bb text_text_color=\u00a0\u00bb#7F6A93&Prime; text_font_size=\u00a0\u00bb16px\u00a0\u00bb header_font=\u00a0\u00bb&#8211;et_global_body_font||||||||\u00a0\u00bb header_text_color=\u00a0\u00bb#9DB5B2&Prime; global_colors_info=\u00a0\u00bb{}\u00a0\u00bb]<\/p>\n<p><span style=\"vertical-align: inherit;\">Pour une vie en harmonie, lib\u00e9rez vos \u00e9motions et atteignez l&rsquo;\u00e9quilibre int\u00e9rieur<\/span><\/p>\n<p>[\/et_pb_text][et_pb_button button_url=\u00a0\u00bbhttps:\/\/zcal.co\/kinesiohumaine\/ekineisis\u00a0\u00bb button_text=\u00a0\u00bbRendez-vous kin\u00e9sio humaine\u00a0\u00bb button_alignment=\u00a0\u00bbcenter\u00a0\u00bb _builder_version=\u00a0\u00bb4.27.0&Prime; _module_preset=\u00a0\u00bbdefault\u00a0\u00bb custom_button=\u00a0\u00bbon\u00a0\u00bb button_text_size=\u00a0\u00bb22px\u00a0\u00bb button_text_color=\u00a0\u00bb#7F6A93&Prime; button_bg_color=\u00a0\u00bb#A2C5AC\u00a0\u00bb button_border_width=\u00a0\u00bb0px\u00a0\u00bb button_border_color=\u00a0\u00bbRGBA(255,255,255,0)\u00a0\u00bb button_border_radius=\u00a0\u00bb39px\u00a0\u00bb button_letter_spacing=\u00a0\u00bb6px\u00a0\u00bb button_font=\u00a0\u00bb&#8211;et_global_body_font||||||||\u00a0\u00bb animation_style=\u00a0\u00bbbounce\u00a0\u00bb global_colors_info=\u00a0\u00bb{}\u00a0\u00bb][\/et_pb_button][et_pb_button button_url=\u00a0\u00bbhttps:\/\/zcal.co\/kinesiohumaine\/racontemoi\u00a0\u00bb button_text=\u00a0\u00bbRendez-vous %22Raconte-moi mon histoire%22&Prime; button_alignment=\u00a0\u00bbcenter\u00a0\u00bb _builder_version=\u00a0\u00bb4.27.0&Prime; _module_preset=\u00a0\u00bbdefault\u00a0\u00bb custom_button=\u00a0\u00bbon\u00a0\u00bb button_text_size=\u00a0\u00bb16px\u00a0\u00bb button_text_color=\u00a0\u00bb#c4a03b\u00a0\u00bb button_bg_color=\u00a0\u00bb#305670&Prime; button_border_color=\u00a0\u00bbRGBA(255,255,255,0)\u00a0\u00bb button_border_radius=\u00a0\u00bb39px\u00a0\u00bb button_letter_spacing=\u00a0\u00bb4px\u00a0\u00bb button_font=\u00a0\u00bbOpen Sans||||||||\u00a0\u00bb animation_style=\u00a0\u00bbbounce\u00a0\u00bb global_colors_info=\u00a0\u00bb{}\u00a0\u00bb][\/et_pb_button][et_pb_button button_url=\u00a0\u00bbhttps:\/\/zcal.co\/kinesiohumaine\/Animale\u00a0\u00bb button_text=\u00a0\u00bbRendez-vous kin\u00e9sio animale\u00a0\u00bb button_alignment=\u00a0\u00bbcenter\u00a0\u00bb _builder_version=\u00a0\u00bb4.27.0&Prime; _module_preset=\u00a0\u00bbdefault\u00a0\u00bb custom_button=\u00a0\u00bbon\u00a0\u00bb button_text_size=\u00a0\u00bb20px\u00a0\u00bb button_text_color=\u00a0\u00bb#FFFFFF\u00a0\u00bb button_bg_color=\u00a0\u00bb#7F6A93&Prime; button_border_width=\u00a0\u00bb1px\u00a0\u00bb button_border_color=\u00a0\u00bbRGBA(255,255,255,0)\u00a0\u00bb button_border_radius=\u00a0\u00bb39px\u00a0\u00bb button_letter_spacing=\u00a0\u00bb4px\u00a0\u00bb animation_style=\u00a0\u00bbbounce\u00a0\u00bb global_colors_info=\u00a0\u00bb{}\u00a0\u00bb][\/et_pb_button][\/et_pb_column][\/et_pb_row][\/et_pb_section][et_pb_section fb_built=\u00a0\u00bb1&Prime; disabled_on=\u00a0\u00bboff|off|on\u00a0\u00bb _builder_version=\u00a0\u00bb4.27.0&Prime; _module_preset=\u00a0\u00bbdefault\u00a0\u00bb background_color=\u00a0\u00bb#9DB5B2&Prime; global_colors_info=\u00a0\u00bb{}\u00a0\u00bb][et_pb_row column_structure=\u00a0\u00bb1_3,1_3,1_3&Prime; _builder_version=\u00a0\u00bb4.27.0&Prime; _module_preset=\u00a0\u00bbdefault\u00a0\u00bb custom_margin=\u00a0\u00bb||||false|false\u00a0\u00bb custom_padding=\u00a0\u00bb0px||||false|false\u00a0\u00bb global_colors_info=\u00a0\u00bb{}\u00a0\u00bb][et_pb_column type=\u00a0\u00bb1_3&Prime; _builder_version=\u00a0\u00bb4.27.0&Prime; _module_preset=\u00a0\u00bbdefault\u00a0\u00bb global_colors_info=\u00a0\u00bb{}\u00a0\u00bb][et_pb_image src=\u00a0\u00bbhttp:\/\/ekineisis.fr\/wp-content\/uploads\/2024\/08\/Accompagnement.png\u00a0\u00bb alt=\u00a0\u00bbC\u00e9line EYMERY Kin\u00e9siologue Kin\u00e9siologue humaine et animale et lib\u00e9ration cranio-sacr\u00e9e\u00a0\u00bb title_text=\u00a0\u00bbAccompagnement\u00a0\u00bb _builder_version=\u00a0\u00bb4.27.0&Prime; _module_preset=\u00a0\u00bbdefault\u00a0\u00bb width=\u00a0\u00bb99%\u00a0\u00bb custom_margin=\u00a0\u00bb||-35px||false|false\u00a0\u00bb custom_padding=\u00a0\u00bb0px||||false|false\u00a0\u00bb global_colors_info=\u00a0\u00bb{}\u00a0\u00bb][\/et_pb_image][et_pb_heading title=\u00a0\u00bbAccompagnement\u00a0\u00bb _builder_version=\u00a0\u00bb4.27.0&Prime; _module_preset=\u00a0\u00bbdefault\u00a0\u00bb title_font=\u00a0\u00bb&#8211;et_global_heading_font|500|||||||\u00a0\u00bb title_text_align=\u00a0\u00bbcenter\u00a0\u00bb title_text_color=\u00a0\u00bb#000000&Prime; global_colors_info=\u00a0\u00bb{}\u00a0\u00bb][\/et_pb_heading][et_pb_button button_url=\u00a0\u00bbhttps:\/\/ekineisis.fr\/?page_id=205&Prime; button_text=\u00a0\u00bbEn savoir plus\u00a0\u00bb button_alignment=\u00a0\u00bbcenter\u00a0\u00bb _builder_version=\u00a0\u00bb4.27.0&Prime; _module_preset=\u00a0\u00bbdefault\u00a0\u00bb custom_button=\u00a0\u00bbon\u00a0\u00bb button_text_color=\u00a0\u00bb#FFFFFF\u00a0\u00bb button_bg_color=\u00a0\u00bb#7F6A93&Prime; button_border_color=\u00a0\u00bbRGBA(255,255,255,0)\u00a0\u00bb global_colors_info=\u00a0\u00bb{}\u00a0\u00bb][\/et_pb_button][\/et_pb_column][et_pb_column type=\u00a0\u00bb1_3&Prime; _builder_version=\u00a0\u00bb4.27.0&Prime; _module_preset=\u00a0\u00bbdefault\u00a0\u00bb global_colors_info=\u00a0\u00bb{}\u00a0\u00bb][\/et_pb_column][et_pb_column type=\u00a0\u00bb1_3&Prime; _builder_version=\u00a0\u00bb4.27.0&Prime; _module_preset=\u00a0\u00bbdefault\u00a0\u00bb global_colors_info=\u00a0\u00bb{}\u00a0\u00bb][et_pb_image src=\u00a0\u00bbhttp:\/\/ekineisis.fr\/wp-content\/uploads\/2024\/12\/Deroule-dune-seance-1.png\u00a0\u00bb alt=\u00a0\u00bbC\u00e9line EYMERY Kin\u00e9siologue Kin\u00e9siologue humaine et animale et lib\u00e9ration cranio-sacr\u00e9e\u00a0\u00bb title_text=\u00a0\u00bbD\u00e9roul\u00e9 d&rsquo;une s\u00e9ance\u00a0\u00bb _builder_version=\u00a0\u00bb4.27.0&Prime; _module_preset=\u00a0\u00bbdefault\u00a0\u00bb custom_margin=\u00a0\u00bb||-39px||false|false\u00a0\u00bb global_colors_info=\u00a0\u00bb{}\u00a0\u00bb][\/et_pb_image][et_pb_heading title=\u00a0\u00bbD\u00e9roul\u00e9 d&rsquo;une s\u00e9ance\u00a0\u00bb _builder_version=\u00a0\u00bb4.27.0&Prime; _module_preset=\u00a0\u00bbdefault\u00a0\u00bb title_font=\u00a0\u00bb&#8211;et_global_heading_font|500|||||||\u00a0\u00bb title_text_align=\u00a0\u00bbcenter\u00a0\u00bb custom_padding=\u00a0\u00bb|||9px||\u00a0\u00bb global_colors_info=\u00a0\u00bb{}\u00a0\u00bb][\/et_pb_heading][et_pb_button button_url=\u00a0\u00bbhttps:\/\/ekineisis.fr\/?page_id=411&#038;preview=true\u00a0\u00bb button_text=\u00a0\u00bbEn savoir plus\u00a0\u00bb button_alignment=\u00a0\u00bbcenter\u00a0\u00bb _builder_version=\u00a0\u00bb4.27.0&Prime; _module_preset=\u00a0\u00bbdefault\u00a0\u00bb custom_button=\u00a0\u00bbon\u00a0\u00bb button_text_color=\u00a0\u00bb#FFFFFF\u00a0\u00bb button_bg_color=\u00a0\u00bb#7F6A93&Prime; button_border_color=\u00a0\u00bbRGBA(255,255,255,0)\u00a0\u00bb global_colors_info=\u00a0\u00bb{}\u00a0\u00bb][\/et_pb_button][\/et_pb_column][\/et_pb_row][\/et_pb_section][et_pb_section fb_built=\u00a0\u00bb1&Prime; disabled_on=\u00a0\u00bbon|off|off\u00a0\u00bb admin_label=\u00a0\u00bbHeader\u00a0\u00bb _builder_version=\u00a0\u00bb4.27.0&Prime; _module_preset=\u00a0\u00bbdefault\u00a0\u00bb background_color=\u00a0\u00bbRGBA(255,255,255,0)\u00a0\u00bb module_alignment=\u00a0\u00bbcenter\u00a0\u00bb custom_margin=\u00a0\u00bb-1px||||false|false\u00a0\u00bb custom_padding=\u00a0\u00bb0px||0px||false|false\u00a0\u00bb collapsed=\u00a0\u00bbon\u00a0\u00bb global_colors_info=\u00a0\u00bb{}\u00a0\u00bb][et_pb_row column_structure=\u00a0\u00bb1_2,1_2&Prime; _builder_version=\u00a0\u00bb4.27.0&Prime; _module_preset=\u00a0\u00bb0baa73ff-d4cf-4d98-a0ac-db7880297b9c\u00a0\u00bb background_color=\u00a0\u00bb#F7E9E9&Prime; custom_padding=\u00a0\u00bb2px||0px||false|false\u00a0\u00bb global_colors_info=\u00a0\u00bb{}\u00a0\u00bb][et_pb_column type=\u00a0\u00bb1_2&Prime; _builder_version=\u00a0\u00bb4.27.0&Prime; _module_preset=\u00a0\u00bbdefault\u00a0\u00bb background_color=\u00a0\u00bb#A2C5AC\u00a0\u00bb z_index=\u00a0\u00bb10&Prime; custom_padding=\u00a0\u00bb8%|8%|8%|8%|true|true\u00a0\u00bb global_colors_info=\u00a0\u00bb{}\u00a0\u00bb][et_pb_text _builder_version=\u00a0\u00bb4.27.0&Prime; _module_preset=\u00a0\u00bbc16985e1-e0d6-4022-964d-e2bfc04fa633&Prime; text_font=\u00a0\u00bb&#8211;et_global_heading_font||||||||\u00a0\u00bb text_text_color=\u00a0\u00bb#F7E9E9&Prime; header_font=\u00a0\u00bb&#8211;et_global_heading_font||||||||\u00a0\u00bb header_text_color=\u00a0\u00bb#FFFFFF\u00a0\u00bb header_font_size=\u00a0\u00bb100px\u00a0\u00bb custom_margin=\u00a0\u00bb||7.6%||false|false\u00a0\u00bb custom_margin_tablet=\u00a0\u00bb||0%||false|false\u00a0\u00bb custom_margin_phone=\u00a0\u00bb||0%||false|false\u00a0\u00bb custom_margin_last_edited=\u00a0\u00bbon|tablet\u00a0\u00bb header_font_size_tablet=\u00a0\u00bb60px\u00a0\u00bb header_font_size_phone=\u00a0\u00bb24px\u00a0\u00bb header_font_size_last_edited=\u00a0\u00bbon|tablet\u00a0\u00bb global_colors_info=\u00a0\u00bb{}\u00a0\u00bb]<\/p>\n<h1><span style=\"vertical-align: inherit;\"><span style=\"vertical-align: inherit;\"><span style=\"vertical-align: inherit;\"><span style=\"vertical-align: inherit;\"><span style=\"vertical-align: inherit;\"><span style=\"vertical-align: inherit;\"><span style=\"vertical-align: inherit;\"><span style=\"vertical-align: inherit;\"><span style=\"vertical-align: inherit;\"><span style=\"vertical-align: inherit;\"><span style=\"vertical-align: inherit;\"><span style=\"vertical-align: inherit;\"><span style=\"vertical-align: inherit;\"><span style=\"vertical-align: inherit;\">EKINEISIS<\/span><\/span><\/span><\/span><\/span><\/span><\/span><\/span><\/span><\/span><\/span><\/span><\/span><\/span><\/h1>\n<p>[\/et_pb_text][et_pb_text _builder_version=\u00a0\u00bb4.27.0&Prime; _module_preset=\u00a0\u00bbdefault\u00a0\u00bb text_font=\u00a0\u00bb&#8211;et_global_heading_font||||||||\u00a0\u00bb header_font=\u00a0\u00bb&#8211;et_global_heading_font||||||||\u00a0\u00bb header_text_color=\u00a0\u00bb#878E99&Prime; header_font_size=\u00a0\u00bb48px\u00a0\u00bb header_line_height=\u00a0\u00bb1.1em\u00a0\u00bb min_height=\u00a0\u00bb55px\u00a0\u00bb global_colors_info=\u00a0\u00bb{}\u00a0\u00bb]<\/p>\n<h1><span style=\"vertical-align: inherit;\"><span style=\"vertical-align: inherit;\"><span style=\"vertical-align: inherit;\"><span style=\"vertical-align: inherit;\">Kin\u00e9siologue humaine, animale et lib\u00e9ration cranio-sacr\u00e9e<\/span><\/span><\/span><\/span><\/h1>\n<p>[\/et_pb_text][et_pb_text _builder_version=\u00a0\u00bb4.27.0&Prime; _module_preset=\u00a0\u00bbdefault\u00a0\u00bb text_font=\u00a0\u00bb&#8211;et_global_body_font|600|||||||\u00a0\u00bb text_font_size=\u00a0\u00bb26px\u00a0\u00bb text_line_height=\u00a0\u00bb1.9em\u00a0\u00bb header_font=\u00a0\u00bb&#8211;et_global_heading_font||||||||\u00a0\u00bb width=\u00a0\u00bb100%\u00a0\u00bb max_width=\u00a0\u00bb101%\u00a0\u00bb min_height=\u00a0\u00bb1000px\u00a0\u00bb custom_margin=\u00a0\u00bb||-1208px|||\u00a0\u00bb custom_padding=\u00a0\u00bb53px||0px|||\u00a0\u00bb global_colors_info=\u00a0\u00bb{}\u00a0\u00bb]<\/p>\n<p><span style=\"vertical-align: inherit;\"><span style=\"vertical-align: inherit;\">Pour une vie en harmonie, lib\u00e9rez vos \u00e9motions et atteignez l&rsquo;\u00e9quilibre int\u00e9rieur<\/span><\/span><\/p>\n<p>[\/et_pb_text][\/et_pb_column][et_pb_column type=\u00a0\u00bb1_2&Prime; _builder_version=\u00a0\u00bb4.17.4&Prime; _module_preset=\u00a0\u00bbdefault\u00a0\u00bb background_color=\u00a0\u00bb#EBE4D5&Prime; global_colors_info=\u00a0\u00bb{}\u00a0\u00bb][et_pb_image src=\u00a0\u00bbhttp:\/\/ekineisis.fr\/wp-content\/uploads\/2024\/12\/IMG-20241129-WA0024.jpg\u00a0\u00bb alt=\u00a0\u00bbC\u00e9line EYMERY Kin\u00e9siologue Kin\u00e9siologue humaine et animale et lib\u00e9ration cranio-sacr\u00e9e\u00a0\u00bb title_text=\u00a0\u00bbC\u00e9line EYMERY Kin\u00e9siologue Kin\u00e9siologue humaine et animale et lib\u00e9ration cranio-sacr\u00e9e\u00a0\u00bb _builder_version=\u00a0\u00bb4.27.0&Prime; _module_preset=\u00a0\u00bbdefault\u00a0\u00bb width=\u00a0\u00bb100%\u00a0\u00bb max_width_tablet=\u00a0\u00bb500px\u00a0\u00bb max_width_phone=\u00a0\u00bb500px\u00a0\u00bb max_width_last_edited=\u00a0\u00bbon|tablet\u00a0\u00bb min_height=\u00a0\u00bb666px\u00a0\u00bb height=\u00a0\u00bb893px\u00a0\u00bb max_height=\u00a0\u00bb811px\u00a0\u00bb box_shadow_style=\u00a0\u00bbpreset1&Prime; global_colors_info=\u00a0\u00bb{}\u00a0\u00bb][\/et_pb_image][et_pb_blurb image_icon_background_color=\u00a0\u00bb#AC8961&Prime; image_icon_width=\u00a0\u00bb20px\u00a0\u00bb content_max_width=\u00a0\u00bb100%\u00a0\u00bb _builder_version=\u00a0\u00bb4.27.0&Prime; _module_preset=\u00a0\u00bbfb2b2099-d5c6-4632-86a7-57b52c3478a0&Prime; header_font=\u00a0\u00bbBodoni Moda||||||||\u00a0\u00bb header_text_color=\u00a0\u00bb#2F251F\u00a0\u00bb header_font_size=\u00a0\u00bb24px\u00a0\u00bb header_line_height=\u00a0\u00bb1.5em\u00a0\u00bb body_font=\u00a0\u00bbMulish||||||||\u00a0\u00bb body_text_color=\u00a0\u00bbrgba(47,37,31,0.7)\u00a0\u00bb body_font_size=\u00a0\u00bb16px\u00a0\u00bb body_line_height=\u00a0\u00bb1.75em\u00a0\u00bb image_icon_custom_padding=\u00a0\u00bb15px|15px|15px|15px|true|true\u00a0\u00bb custom_padding=\u00a0\u00bb60px|60px|60px|60px|true|true\u00a0\u00bb custom_padding_tablet=\u00a0\u00bb|60px||60px|true|true\u00a0\u00bb custom_padding_phone=\u00a0\u00bb40px|40px|40px|40px|true|true\u00a0\u00bb custom_padding_last_edited=\u00a0\u00bbon|desktop\u00a0\u00bb animation=\u00a0\u00bboff\u00a0\u00bb header_font_size_tablet=\u00a0\u00bb20px\u00a0\u00bb header_font_size_phone=\u00a0\u00bb16px\u00a0\u00bb header_font_size_last_edited=\u00a0\u00bbon|phone\u00a0\u00bb body_font_size_tablet=\u00a0\u00bb15px\u00a0\u00bb body_font_size_phone=\u00a0\u00bb14px\u00a0\u00bb body_font_size_last_edited=\u00a0\u00bbon|desktop\u00a0\u00bb border_radii_image=\u00a0\u00bbon|100px|100px|100px|100px\u00a0\u00bb locked=\u00a0\u00bboff\u00a0\u00bb global_colors_info=\u00a0\u00bb{}\u00a0\u00bb][\/et_pb_blurb][et_pb_button button_url=\u00a0\u00bbhttps:\/\/zcal.co\/kinesiohumaine\/ekineisis\u00a0\u00bb button_text=\u00a0\u00bbRendez-vous kin\u00e9sio humaine\u00a0\u00bb button_alignment=\u00a0\u00bbcenter\u00a0\u00bb _builder_version=\u00a0\u00bb4.27.0&Prime; _module_preset=\u00a0\u00bbdefault\u00a0\u00bb custom_button=\u00a0\u00bbon\u00a0\u00bb button_text_size=\u00a0\u00bb24px\u00a0\u00bb button_text_color=\u00a0\u00bb#7F6A93&Prime; button_bg_color=\u00a0\u00bb#A2C5AC\u00a0\u00bb button_border_width=\u00a0\u00bb0px\u00a0\u00bb button_border_color=\u00a0\u00bbRGBA(255,255,255,0)\u00a0\u00bb button_border_radius=\u00a0\u00bb39px\u00a0\u00bb button_letter_spacing=\u00a0\u00bb4px\u00a0\u00bb button_font=\u00a0\u00bb&#8211;et_global_body_font||||||||\u00a0\u00bb animation_style=\u00a0\u00bbbounce\u00a0\u00bb global_colors_info=\u00a0\u00bb{}\u00a0\u00bb][\/et_pb_button][et_pb_blurb image_icon_background_color=\u00a0\u00bb#AC8961&Prime; image_icon_width=\u00a0\u00bb20px\u00a0\u00bb content_max_width=\u00a0\u00bb100%\u00a0\u00bb _builder_version=\u00a0\u00bb4.27.0&Prime; _module_preset=\u00a0\u00bbfb2b2099-d5c6-4632-86a7-57b52c3478a0&Prime; header_font=\u00a0\u00bbBodoni Moda||||||||\u00a0\u00bb header_text_color=\u00a0\u00bb#2F251F\u00a0\u00bb header_font_size=\u00a0\u00bb24px\u00a0\u00bb header_line_height=\u00a0\u00bb1.5em\u00a0\u00bb body_font=\u00a0\u00bbMulish||||||||\u00a0\u00bb body_text_color=\u00a0\u00bbrgba(47,37,31,0.7)\u00a0\u00bb body_font_size=\u00a0\u00bb16px\u00a0\u00bb body_line_height=\u00a0\u00bb1.75em\u00a0\u00bb image_icon_custom_padding=\u00a0\u00bb15px|15px|15px|15px|true|true\u00a0\u00bb custom_padding=\u00a0\u00bb28px|60px|28px|60px|true|true\u00a0\u00bb custom_padding_tablet=\u00a0\u00bb|60px||60px|true|true\u00a0\u00bb custom_padding_phone=\u00a0\u00bb40px|40px|40px|40px|true|true\u00a0\u00bb custom_padding_last_edited=\u00a0\u00bbon|desktop\u00a0\u00bb animation=\u00a0\u00bboff\u00a0\u00bb header_font_size_tablet=\u00a0\u00bb20px\u00a0\u00bb header_font_size_phone=\u00a0\u00bb16px\u00a0\u00bb header_font_size_last_edited=\u00a0\u00bbon|phone\u00a0\u00bb body_font_size_tablet=\u00a0\u00bb15px\u00a0\u00bb body_font_size_phone=\u00a0\u00bb14px\u00a0\u00bb body_font_size_last_edited=\u00a0\u00bbon|desktop\u00a0\u00bb border_radii_image=\u00a0\u00bbon|100px|100px|100px|100px\u00a0\u00bb locked=\u00a0\u00bboff\u00a0\u00bb global_colors_info=\u00a0\u00bb{}\u00a0\u00bb][\/et_pb_blurb][et_pb_button button_url=\u00a0\u00bbhttps:\/\/zcal.co\/kinesiohumaine\/racontemoi\u00a0\u00bb button_text=\u00a0\u00bbRendez-vous m\u00e9thode %22Raconte-moi mon histoire%22&Prime; button_alignment=\u00a0\u00bbcenter\u00a0\u00bb _builder_version=\u00a0\u00bb4.27.0&Prime; _module_preset=\u00a0\u00bbdefault\u00a0\u00bb custom_button=\u00a0\u00bbon\u00a0\u00bb button_text_color=\u00a0\u00bb#c4a03b\u00a0\u00bb button_bg_color=\u00a0\u00bb#305670&Prime; button_border_width=\u00a0\u00bb1px\u00a0\u00bb button_border_color=\u00a0\u00bbRGBA(255,255,255,0)\u00a0\u00bb button_border_radius=\u00a0\u00bb39px\u00a0\u00bb button_letter_spacing=\u00a0\u00bb1px\u00a0\u00bb button_font=\u00a0\u00bbOpen Sans||||||||\u00a0\u00bb animation_style=\u00a0\u00bbbounce\u00a0\u00bb global_colors_info=\u00a0\u00bb{}\u00a0\u00bb][\/et_pb_button][et_pb_blurb image_icon_background_color=\u00a0\u00bb#AC8961&Prime; image_icon_width=\u00a0\u00bb20px\u00a0\u00bb content_max_width=\u00a0\u00bb100%\u00a0\u00bb _builder_version=\u00a0\u00bb4.27.0&Prime; _module_preset=\u00a0\u00bbfb2b2099-d5c6-4632-86a7-57b52c3478a0&Prime; header_font=\u00a0\u00bbBodoni Moda||||||||\u00a0\u00bb header_text_color=\u00a0\u00bb#2F251F\u00a0\u00bb header_font_size=\u00a0\u00bb24px\u00a0\u00bb header_line_height=\u00a0\u00bb1.5em\u00a0\u00bb body_font=\u00a0\u00bbMulish||||||||\u00a0\u00bb body_text_color=\u00a0\u00bbrgba(47,37,31,0.7)\u00a0\u00bb body_font_size=\u00a0\u00bb16px\u00a0\u00bb body_line_height=\u00a0\u00bb1.75em\u00a0\u00bb image_icon_custom_padding=\u00a0\u00bb15px|15px|15px|15px|true|true\u00a0\u00bb custom_padding=\u00a0\u00bb28px|60px|28px|60px|true|true\u00a0\u00bb custom_padding_tablet=\u00a0\u00bb|60px||60px|true|true\u00a0\u00bb custom_padding_phone=\u00a0\u00bb40px|40px|40px|40px|true|true\u00a0\u00bb custom_padding_last_edited=\u00a0\u00bbon|desktop\u00a0\u00bb animation=\u00a0\u00bboff\u00a0\u00bb header_font_size_tablet=\u00a0\u00bb20px\u00a0\u00bb header_font_size_phone=\u00a0\u00bb16px\u00a0\u00bb header_font_size_last_edited=\u00a0\u00bbon|phone\u00a0\u00bb body_font_size_tablet=\u00a0\u00bb15px\u00a0\u00bb body_font_size_phone=\u00a0\u00bb14px\u00a0\u00bb body_font_size_last_edited=\u00a0\u00bbon|desktop\u00a0\u00bb border_radii_image=\u00a0\u00bbon|100px|100px|100px|100px\u00a0\u00bb locked=\u00a0\u00bboff\u00a0\u00bb global_colors_info=\u00a0\u00bb{}\u00a0\u00bb][\/et_pb_blurb][et_pb_button button_url=\u00a0\u00bbhttps:\/\/zcal.co\/kinesiohumaine\/Animale\u00a0\u00bb button_text=\u00a0\u00bbRendez-vous kin\u00e9sio animale\u00a0\u00bb button_alignment=\u00a0\u00bbcenter\u00a0\u00bb _builder_version=\u00a0\u00bb4.27.0&Prime; _module_preset=\u00a0\u00bbdefault\u00a0\u00bb custom_button=\u00a0\u00bbon\u00a0\u00bb button_text_color=\u00a0\u00bb#FFFFFF\u00a0\u00bb button_bg_color=\u00a0\u00bb#7F6A93&Prime; button_border_width=\u00a0\u00bb2px\u00a0\u00bb button_border_color=\u00a0\u00bbRGBA(255,255,255,0)\u00a0\u00bb button_border_radius=\u00a0\u00bb39px\u00a0\u00bb button_letter_spacing=\u00a0\u00bb4px\u00a0\u00bb button_font=\u00a0\u00bb&#8211;et_global_body_font||||||||\u00a0\u00bb animation_style=\u00a0\u00bbbounce\u00a0\u00bb global_colors_info=\u00a0\u00bb{}\u00a0\u00bb][\/et_pb_button][et_pb_blurb image_icon_background_color=\u00a0\u00bb#AC8961&Prime; image_icon_width=\u00a0\u00bb20px\u00a0\u00bb content_max_width=\u00a0\u00bb100%\u00a0\u00bb _builder_version=\u00a0\u00bb4.27.0&Prime; _module_preset=\u00a0\u00bbfb2b2099-d5c6-4632-86a7-57b52c3478a0&Prime; header_font=\u00a0\u00bbBodoni Moda||||||||\u00a0\u00bb header_text_color=\u00a0\u00bb#2F251F\u00a0\u00bb header_font_size=\u00a0\u00bb24px\u00a0\u00bb header_line_height=\u00a0\u00bb1.5em\u00a0\u00bb body_font=\u00a0\u00bbMulish||||||||\u00a0\u00bb body_text_color=\u00a0\u00bbrgba(47,37,31,0.7)\u00a0\u00bb body_font_size=\u00a0\u00bb16px\u00a0\u00bb body_line_height=\u00a0\u00bb1.75em\u00a0\u00bb image_icon_custom_padding=\u00a0\u00bb15px|15px|15px|15px|true|true\u00a0\u00bb custom_padding=\u00a0\u00bb28px|60px|28px|60px|true|true\u00a0\u00bb custom_padding_tablet=\u00a0\u00bb|60px||60px|true|true\u00a0\u00bb custom_padding_phone=\u00a0\u00bb40px|40px|40px|40px|true|true\u00a0\u00bb custom_padding_last_edited=\u00a0\u00bbon|desktop\u00a0\u00bb animation=\u00a0\u00bboff\u00a0\u00bb header_font_size_tablet=\u00a0\u00bb20px\u00a0\u00bb header_font_size_phone=\u00a0\u00bb16px\u00a0\u00bb header_font_size_last_edited=\u00a0\u00bbon|phone\u00a0\u00bb body_font_size_tablet=\u00a0\u00bb15px\u00a0\u00bb body_font_size_phone=\u00a0\u00bb14px\u00a0\u00bb body_font_size_last_edited=\u00a0\u00bbon|desktop\u00a0\u00bb border_radii_image=\u00a0\u00bbon|100px|100px|100px|100px\u00a0\u00bb locked=\u00a0\u00bboff\u00a0\u00bb global_colors_info=\u00a0\u00bb{}\u00a0\u00bb][\/et_pb_blurb][\/et_pb_column][\/et_pb_row][\/et_pb_section][et_pb_section fb_built=\u00a0\u00bb1&Prime; disabled_on=\u00a0\u00bbon|off|off\u00a0\u00bb admin_label=\u00a0\u00bbAbout\u00a0\u00bb _builder_version=\u00a0\u00bb4.27.0&Prime; _module_preset=\u00a0\u00bbdefault\u00a0\u00bb background_color=\u00a0\u00bb#F7F1EC\u00a0\u00bb overflow-x=\u00a0\u00bbhidden\u00a0\u00bb overflow-y=\u00a0\u00bbhidden\u00a0\u00bb custom_padding=\u00a0\u00bb74px||0px|||\u00a0\u00bb locked=\u00a0\u00bboff\u00a0\u00bb collapsed=\u00a0\u00bbon\u00a0\u00bb global_colors_info=\u00a0\u00bb{}\u00a0\u00bb][et_pb_row column_structure=\u00a0\u00bb1_2,1_2&Prime; _builder_version=\u00a0\u00bb4.17.4&Prime; _module_preset=\u00a0\u00bbdefault\u00a0\u00bb custom_padding=\u00a0\u00bb||0px|0px|false|false\u00a0\u00bb global_colors_info=\u00a0\u00bb{}\u00a0\u00bb][et_pb_column type=\u00a0\u00bb1_2&Prime; _builder_version=\u00a0\u00bb4.17.4&Prime; _module_preset=\u00a0\u00bbdefault\u00a0\u00bb global_colors_info=\u00a0\u00bb{}\u00a0\u00bb][et_pb_image src=\u00a0\u00bbhttp:\/\/ekineisis.fr\/wp-content\/uploads\/2024\/08\/Untitled.jpeg\u00a0\u00bb alt=\u00a0\u00bbC\u00e9line EYMERY<br \/>\nKin\u00e9siologue humaine et animale et lib\u00e9ration cranio-sacr\u00e9\u00a0\u00bb title_text=\u00a0\u00bbC\u00e9line EYMERY Kin\u00e9siologue humaine et animale et lib\u00e9ration cranio-sacr\u00e9\u00a0\u00bb _builder_version=\u00a0\u00bb4.27.0&Prime; _module_preset=\u00a0\u00bbdefault\u00a0\u00bb custom_margin=\u00a0\u00bb||256px|-20vw|false|false\u00a0\u00bb global_colors_info=\u00a0\u00bb{}\u00a0\u00bb][\/et_pb_image][et_pb_button button_url=\u00a0\u00bbhttps:\/\/zcal.co\/kinesiohumaine\/ekineisis\u00a0\u00bb button_text=\u00a0\u00bbRendez-vous kin\u00e9sio humaine\u00a0\u00bb button_alignment=\u00a0\u00bbcenter\u00a0\u00bb _builder_version=\u00a0\u00bb4.27.0&Prime; _module_preset=\u00a0\u00bbdefault\u00a0\u00bb custom_button=\u00a0\u00bbon\u00a0\u00bb button_text_color=\u00a0\u00bb#7F6A93&Prime; button_bg_color=\u00a0\u00bb#A2C5AC\u00a0\u00bb button_border_color=\u00a0\u00bbRGBA(255,255,255,0)\u00a0\u00bb button_border_radius=\u00a0\u00bb39px\u00a0\u00bb button_letter_spacing=\u00a0\u00bb4px\u00a0\u00bb button_font=\u00a0\u00bb&#8211;et_global_body_font||||||||\u00a0\u00bb animation_style=\u00a0\u00bbbounce\u00a0\u00bb global_colors_info=\u00a0\u00bb{}\u00a0\u00bb][\/et_pb_button][et_pb_button button_url=\u00a0\u00bbhttps:\/\/zcal.co\/kinesiohumaine\/racontemoi\u00a0\u00bb button_text=\u00a0\u00bbRendez-vous m\u00e9thode %22Raconte-moi mon histoire%22&Prime; button_alignment=\u00a0\u00bbcenter\u00a0\u00bb _builder_version=\u00a0\u00bb4.27.0&Prime; _module_preset=\u00a0\u00bbdefault\u00a0\u00bb custom_button=\u00a0\u00bbon\u00a0\u00bb button_text_size=\u00a0\u00bb19px\u00a0\u00bb button_text_color=\u00a0\u00bb#c4a03b\u00a0\u00bb button_bg_color=\u00a0\u00bb#305670&Prime; button_border_width=\u00a0\u00bb0px\u00a0\u00bb button_border_color=\u00a0\u00bbRGBA(255,255,255,0)\u00a0\u00bb button_border_radius=\u00a0\u00bb39px\u00a0\u00bb button_letter_spacing=\u00a0\u00bb0px\u00a0\u00bb button_font=\u00a0\u00bbOpen Sans||||||||\u00a0\u00bb animation_style=\u00a0\u00bbbounce\u00a0\u00bb global_colors_info=\u00a0\u00bb{}\u00a0\u00bb][\/et_pb_button][et_pb_button button_url=\u00a0\u00bbhttps:\/\/zcal.co\/kinesiohumaine\/Animale\u00a0\u00bb button_text=\u00a0\u00bbRendez-vous kin\u00e9sio animale\u00a0\u00bb button_alignment=\u00a0\u00bbcenter\u00a0\u00bb _builder_version=\u00a0\u00bb4.27.0&Prime; _module_preset=\u00a0\u00bbdefault\u00a0\u00bb custom_button=\u00a0\u00bbon\u00a0\u00bb button_text_color=\u00a0\u00bb#FFFFFF\u00a0\u00bb button_bg_color=\u00a0\u00bb#7F6A93&Prime; button_border_width=\u00a0\u00bb2px\u00a0\u00bb button_border_color=\u00a0\u00bbRGBA(255,255,255,0)\u00a0\u00bb button_border_radius=\u00a0\u00bb39px\u00a0\u00bb button_letter_spacing=\u00a0\u00bb4px\u00a0\u00bb button_font=\u00a0\u00bb&#8211;et_global_body_font||||||||\u00a0\u00bb animation_style=\u00a0\u00bbbounce\u00a0\u00bb global_colors_info=\u00a0\u00bb{}\u00a0\u00bb][\/et_pb_button][et_pb_divider show_divider=\u00a0\u00bboff\u00a0\u00bb _builder_version=\u00a0\u00bb4.27.0&Prime; _module_preset=\u00a0\u00bbdefault\u00a0\u00bb global_colors_info=\u00a0\u00bb{}\u00a0\u00bb][\/et_pb_divider][\/et_pb_column][et_pb_column type=\u00a0\u00bb1_2&Prime; _builder_version=\u00a0\u00bb4.17.4&Prime; _module_preset=\u00a0\u00bbdefault\u00a0\u00bb custom_padding=\u00a0\u00bb||16%||false|false\u00a0\u00bb global_colors_info=\u00a0\u00bb{}\u00a0\u00bb][et_pb_image src=\u00a0\u00bbhttp:\/\/ekineisis.fr\/wp-content\/uploads\/2024\/07\/jewelry-designer-5.png\u00a0\u00bb title_text=\u00a0\u00bbjewelry-designer-5&Prime; _builder_version=\u00a0\u00bb4.27.0&Prime; _module_preset=\u00a0\u00bbdefault\u00a0\u00bb positioning=\u00a0\u00bbabsolute\u00a0\u00bb position_origin_a=\u00a0\u00bbbottom_right\u00a0\u00bb width=\u00a0\u00bb100%\u00a0\u00bb custom_margin=\u00a0\u00bb|-50%|0px||false|false\u00a0\u00bb global_colors_info=\u00a0\u00bb{}\u00a0\u00bb][\/et_pb_image][et_pb_text quote_border_color=\u00a0\u00bb#7F6A93&Prime; _builder_version=\u00a0\u00bb4.27.0&Prime; _module_preset=\u00a0\u00bbb327cbe4-b1d5-4b66-ad37-40c8f2f061ba\u00a0\u00bb text_font=\u00a0\u00bbAllura||||||||\u00a0\u00bb quote_font=\u00a0\u00bb|700|||||||\u00a0\u00bb quote_text_color=\u00a0\u00bb#7F6A93&Prime; quote_font_size=\u00a0\u00bb71px\u00a0\u00bb quote_letter_spacing=\u00a0\u00bb1px\u00a0\u00bb header_font=\u00a0\u00bbAllura||||||||\u00a0\u00bb header_2_font=\u00a0\u00bbBodoni Moda||||||||\u00a0\u00bb header_2_text_color=\u00a0\u00bb#2F251F\u00a0\u00bb header_2_font_size=\u00a0\u00bb60px\u00a0\u00bb header_2_line_height=\u00a0\u00bb1.2em\u00a0\u00bb header_3_font=\u00a0\u00bb&#8211;et_global_heading_font|600|||||||\u00a0\u00bb header_3_text_color=\u00a0\u00bb#7F6A93&Prime; header_3_letter_spacing=\u00a0\u00bb4px\u00a0\u00bb header_3_line_height=\u00a0\u00bb1.2em\u00a0\u00bb min_height=\u00a0\u00bb137.6px\u00a0\u00bb custom_margin=\u00a0\u00bb92px|||||\u00a0\u00bb header_2_font_size_tablet=\u00a0\u00bb32px\u00a0\u00bb header_2_font_size_phone=\u00a0\u00bb20px\u00a0\u00bb header_2_font_size_last_edited=\u00a0\u00bbon|desktop\u00a0\u00bb inline_fonts=\u00a0\u00bbAllura\u00a0\u00bb global_colors_info=\u00a0\u00bb{}\u00a0\u00bb]<\/p>\n<h3 style=\"text-align: justify;\"><span style=\"vertical-align: inherit; font-size: x-large; font-family: Allura;\"><span style=\"vertical-align: inherit;\"><span style=\"vertical-align: inherit;\"><span style=\"vertical-align: inherit;\"><span style=\"vertical-align: inherit;\"><span style=\"vertical-align: inherit;\"><span style=\"vertical-align: inherit;\"><span style=\"vertical-align: inherit;\"><span style=\"vertical-align: inherit;\"><span style=\"vertical-align: inherit;\">\u00ab\u00a0Tout ce \u00e0 quoi je r\u00e9siste persiste, tout ce que je r\u00e9prime s&rsquo;imprime, tout ce que j&#8217;embrasse s&rsquo;efface. Inspirez le pr\u00e9sent, expirez le pass\u00e9.\u00a0\u00bb<\/span><\/span><\/span><\/span><\/span><\/span><\/span><\/span><\/span><\/span><\/h3>\n<p>[\/et_pb_text][et_pb_image src=\u00a0\u00bbhttp:\/\/ekineisis.fr\/wp-content\/uploads\/2024\/08\/Untitled-1.jpeg\u00a0\u00bb alt=\u00a0\u00bbEKINEISIS<br \/>\n\u00a0\u00bb title_text=\u00a0\u00bbEKINEISIS C\u00e9line EYMERY Kin\u00e9siologue\u00a0\u00bb align=\u00a0\u00bbright\u00a0\u00bb _builder_version=\u00a0\u00bb4.27.0&Prime; _module_preset=\u00a0\u00bbdefault\u00a0\u00bb width=\u00a0\u00bb60%\u00a0\u00bb global_colors_info=\u00a0\u00bb{}\u00a0\u00bb][\/et_pb_image][\/et_pb_column][\/et_pb_row][\/et_pb_section][et_pb_section fb_built=\u00a0\u00bb1&Prime; disabled_on=\u00a0\u00bbon|off|off\u00a0\u00bb _builder_version=\u00a0\u00bb4.27.0&Prime; _module_preset=\u00a0\u00bbdefault\u00a0\u00bb background_color=\u00a0\u00bb#9DB5B2&Prime; global_colors_info=\u00a0\u00bb{}\u00a0\u00bb][et_pb_row column_structure=\u00a0\u00bb1_3,1_3,1_3&Prime; _builder_version=\u00a0\u00bb4.27.0&Prime; _module_preset=\u00a0\u00bbdefault\u00a0\u00bb custom_margin=\u00a0\u00bb||||false|false\u00a0\u00bb custom_padding=\u00a0\u00bb0px||||false|false\u00a0\u00bb global_colors_info=\u00a0\u00bb{}\u00a0\u00bb][et_pb_column type=\u00a0\u00bb1_3&Prime; _builder_version=\u00a0\u00bb4.27.0&Prime; _module_preset=\u00a0\u00bbdefault\u00a0\u00bb global_colors_info=\u00a0\u00bb{}\u00a0\u00bb][et_pb_image src=\u00a0\u00bbhttp:\/\/ekineisis.fr\/wp-content\/uploads\/2025\/06\/Accompagnement-2.png\u00a0\u00bb alt=\u00a0\u00bbC\u00e9line EYMERY Kin\u00e9siologue Kin\u00e9siologue humaine et animale et lib\u00e9ration cranio-sacr\u00e9e\u00a0\u00bb title_text=\u00a0\u00bbAccompagnement\u00a0\u00bb _builder_version=\u00a0\u00bb4.27.0&Prime; _module_preset=\u00a0\u00bbdefault\u00a0\u00bb width=\u00a0\u00bb99%\u00a0\u00bb custom_margin=\u00a0\u00bb||-35px||false|false\u00a0\u00bb custom_padding=\u00a0\u00bb0px||||false|false\u00a0\u00bb global_colors_info=\u00a0\u00bb{}\u00a0\u00bb][\/et_pb_image][et_pb_heading title=\u00a0\u00bbAccompagnement\u00a0\u00bb _builder_version=\u00a0\u00bb4.27.0&Prime; _module_preset=\u00a0\u00bbdefault\u00a0\u00bb title_font=\u00a0\u00bb&#8211;et_global_heading_font|500|||||||\u00a0\u00bb title_text_align=\u00a0\u00bbcenter\u00a0\u00bb title_text_color=\u00a0\u00bb#000000&Prime; global_colors_info=\u00a0\u00bb{}\u00a0\u00bb][\/et_pb_heading][et_pb_button button_url=\u00a0\u00bbhttps:\/\/ekineisis.fr\/?page_id=205&Prime; button_text=\u00a0\u00bbEn savoir plus\u00a0\u00bb button_alignment=\u00a0\u00bbcenter\u00a0\u00bb _builder_version=\u00a0\u00bb4.27.0&Prime; _module_preset=\u00a0\u00bbdefault\u00a0\u00bb custom_button=\u00a0\u00bbon\u00a0\u00bb button_text_color=\u00a0\u00bb#FFFFFF\u00a0\u00bb button_bg_color=\u00a0\u00bb#7F6A93&Prime; button_border_color=\u00a0\u00bbRGBA(255,255,255,0)\u00a0\u00bb button_border_radius=\u00a0\u00bb22px\u00a0\u00bb button_font=\u00a0\u00bb&#8211;et_global_body_font||||||||\u00a0\u00bb animation_style=\u00a0\u00bbbounce\u00a0\u00bb global_colors_info=\u00a0\u00bb{}\u00a0\u00bb][\/et_pb_button][\/et_pb_column][et_pb_column type=\u00a0\u00bb1_3&Prime; _builder_version=\u00a0\u00bb4.27.0&Prime; _module_preset=\u00a0\u00bbdefault\u00a0\u00bb global_colors_info=\u00a0\u00bb{}\u00a0\u00bb][\/et_pb_column][et_pb_column type=\u00a0\u00bb1_3&Prime; _builder_version=\u00a0\u00bb4.27.0&Prime; _module_preset=\u00a0\u00bbdefault\u00a0\u00bb global_colors_info=\u00a0\u00bb{}\u00a0\u00bb][et_pb_image src=\u00a0\u00bbhttp:\/\/ekineisis.fr\/wp-content\/uploads\/2024\/12\/Deroule-dune-seance-1.png\u00a0\u00bb alt=\u00a0\u00bbC\u00e9line EYMERY Kin\u00e9siologue Kin\u00e9siologue humaine et animale et lib\u00e9ration cranio-sacr\u00e9e\u00a0\u00bb title_text=\u00a0\u00bbD\u00e9roul\u00e9 d&rsquo;une s\u00e9ance \u00a0\u00bb _builder_version=\u00a0\u00bb4.27.0&Prime; _module_preset=\u00a0\u00bbdefault\u00a0\u00bb custom_margin=\u00a0\u00bb||-39px||false|false\u00a0\u00bb global_colors_info=\u00a0\u00bb{}\u00a0\u00bb][\/et_pb_image][et_pb_heading title=\u00a0\u00bbD\u00e9roul\u00e9 d&rsquo;une s\u00e9ance\u00a0\u00bb _builder_version=\u00a0\u00bb4.27.0&Prime; _module_preset=\u00a0\u00bbdefault\u00a0\u00bb title_font=\u00a0\u00bb&#8211;et_global_heading_font|500|||||||\u00a0\u00bb title_text_align=\u00a0\u00bbcenter\u00a0\u00bb custom_padding=\u00a0\u00bb|||9px||\u00a0\u00bb global_colors_info=\u00a0\u00bb{}\u00a0\u00bb][\/et_pb_heading][et_pb_button button_url=\u00a0\u00bbhttps:\/\/ekineisis.fr\/?page_id=411&#038;preview=true\u00a0\u00bb button_text=\u00a0\u00bbEn savoir plus\u00a0\u00bb button_alignment=\u00a0\u00bbcenter\u00a0\u00bb _builder_version=\u00a0\u00bb4.27.0&Prime; _module_preset=\u00a0\u00bbdefault\u00a0\u00bb custom_button=\u00a0\u00bbon\u00a0\u00bb button_text_color=\u00a0\u00bb#FFFFFF\u00a0\u00bb button_bg_color=\u00a0\u00bb#7F6A93&Prime; button_border_color=\u00a0\u00bbRGBA(255,255,255,0)\u00a0\u00bb button_border_radius=\u00a0\u00bb22px\u00a0\u00bb animation_style=\u00a0\u00bbbounce\u00a0\u00bb global_colors_info=\u00a0\u00bb{}\u00a0\u00bb][\/et_pb_button][\/et_pb_column][\/et_pb_row][\/et_pb_section][et_pb_section fb_built=\u00a0\u00bb1&Prime; _builder_version=\u00a0\u00bb4.27.0&Prime; _module_preset=\u00a0\u00bbdefault\u00a0\u00bb background_color=\u00a0\u00bb#f7f2ed\u00a0\u00bb global_colors_info=\u00a0\u00bb{}\u00a0\u00bb][et_pb_row _builder_version=\u00a0\u00bb4.27.0&Prime; _module_preset=\u00a0\u00bbdefault\u00a0\u00bb global_colors_info=\u00a0\u00bb{}\u00a0\u00bb][et_pb_column type=\u00a0\u00bb4_4&Prime; _builder_version=\u00a0\u00bb4.27.0&Prime; _module_preset=\u00a0\u00bbdefault\u00a0\u00bb global_colors_info=\u00a0\u00bb{}\u00a0\u00bb][et_pb_heading title=\u00a0\u00bbLa kin\u00e9siologie qu&rsquo;est ce que c&rsquo;est ?\u00a0\u00bb _builder_version=\u00a0\u00bb4.27.0&Prime; _module_preset=\u00a0\u00bbdefault\u00a0\u00bb title_font=\u00a0\u00bb&#8211;et_global_body_font||||||||\u00a0\u00bb title_text_align=\u00a0\u00bbcenter\u00a0\u00bb title_text_color=\u00a0\u00bb#7F6A93&Prime; title_font_size=\u00a0\u00bb48px\u00a0\u00bb background_color=\u00a0\u00bbRGBA(255,255,255,0)\u00a0\u00bb animation_style=\u00a0\u00bbfade\u00a0\u00bb global_colors_info=\u00a0\u00bb{}\u00a0\u00bb][\/et_pb_heading][\/et_pb_column][\/et_pb_row][et_pb_row _builder_version=\u00a0\u00bb4.27.0&Prime; _module_preset=\u00a0\u00bbdefault\u00a0\u00bb global_colors_info=\u00a0\u00bb{}\u00a0\u00bb][et_pb_column type=\u00a0\u00bb4_4&Prime; _builder_version=\u00a0\u00bb4.27.0&Prime; _module_preset=\u00a0\u00bbdefault\u00a0\u00bb global_colors_info=\u00a0\u00bb{}\u00a0\u00bb][\/et_pb_column][\/et_pb_row][\/et_pb_section][et_pb_section fb_built=\u00a0\u00bb1&Prime; admin_label=\u00a0\u00bbCall to Action\u00a0\u00bb _builder_version=\u00a0\u00bb4.27.0&Prime; _module_preset=\u00a0\u00bbdefault\u00a0\u00bb background_color=\u00a0\u00bb#F7F1EC\u00a0\u00bb background_image=\u00a0\u00bbhttp:\/\/ekineisis.fr\/wp-content\/uploads\/2024\/07\/jewelry-designer-5.png\u00a0\u00bb background_size=\u00a0\u00bbcontain\u00a0\u00bb custom_padding=\u00a0\u00bb6vw||6vw||true|false\u00a0\u00bb background_last_edited=\u00a0\u00bbon|tablet\u00a0\u00bb background_size_tablet=\u00a0\u00bbcontain\u00a0\u00bb background_position_tablet=\u00a0\u00bbtop_center\u00a0\u00bb background_vertical_offset_tablet=\u00a0\u00bb10%\u00a0\u00bb saved_tabs=\u00a0\u00bball\u00a0\u00bb locked=\u00a0\u00bboff\u00a0\u00bb collapsed=\u00a0\u00bbon\u00a0\u00bb global_colors_info=\u00a0\u00bb{}\u00a0\u00bb][et_pb_row _builder_version=\u00a0\u00bb4.27.0&Prime; _module_preset=\u00a0\u00bbdefault\u00a0\u00bb module_alignment=\u00a0\u00bbcenter\u00a0\u00bb height=\u00a0\u00bb679px\u00a0\u00bb max_height=\u00a0\u00bb1000px\u00a0\u00bb custom_margin=\u00a0\u00bb-173px||0px||false|false\u00a0\u00bb border_color_all=\u00a0\u00bbRGBA(255,255,255,0)\u00a0\u00bb global_colors_info=\u00a0\u00bb{}\u00a0\u00bb][et_pb_column type=\u00a0\u00bb4_4&Prime; _builder_version=\u00a0\u00bb4.17.4&Prime; _module_preset=\u00a0\u00bbdefault\u00a0\u00bb custom_padding=\u00a0\u00bb20%||||false|false\u00a0\u00bb custom_padding_tablet=\u00a0\u00bb0%||||false|false\u00a0\u00bb custom_padding_phone=\u00a0\u00bb0%||||false|false\u00a0\u00bb custom_padding_last_edited=\u00a0\u00bbon|desktop\u00a0\u00bb global_colors_info=\u00a0\u00bb{}\u00a0\u00bb][et_pb_text _builder_version=\u00a0\u00bb4.27.0&Prime; _module_preset=\u00a0\u00bbdefault\u00a0\u00bb text_font=\u00a0\u00bb&#8211;et_global_body_font||||||||\u00a0\u00bb text_text_color=\u00a0\u00bb#7F6A93&Prime; header_font=\u00a0\u00bb&#8211;et_global_body_font||||||||\u00a0\u00bb header_text_color=\u00a0\u00bbRGBA(255,255,255,0)\u00a0\u00bb global_colors_info=\u00a0\u00bb{}\u00a0\u00bb]<\/p>\n<p style=\"text-align: center;\"><span style=\"vertical-align: inherit;\"><span style=\"vertical-align: inherit;\"><span style=\"vertical-align: inherit;\">La kin\u00e9siologie est une <\/span><\/span><\/span><strong><span style=\"vertical-align: inherit;\"><span style=\"vertical-align: inherit;\"><span style=\"vertical-align: inherit;\">m\u00e9thode holistique<\/span><\/span><\/span><\/strong><span style=\"vertical-align: inherit;\"><span style=\"vertical-align: inherit;\"><span style=\"vertical-align: inherit;\"> de r\u00e9\u00e9quilibrage psycho-corporelle, c&rsquo;est \u00e0 dire qu&rsquo;elle prend en compte l&rsquo;\u00eatre dans sa globalit\u00e9 <\/span><\/span><\/span><br \/><span style=\"vertical-align: inherit;\"><span style=\"vertical-align: inherit;\"><span style=\"vertical-align: inherit;\">(son corps, sa biochimie, son aspect \u00e9motionnel et \u00e9nerg\u00e9tique&#8230;).<\/span><\/span><\/span><\/p>\n<p style=\"text-align: center;\"><span style=\"vertical-align: inherit;\"><span style=\"vertical-align: inherit;\"><span style=\"vertical-align: inherit;\">Elle a \u00e9t\u00e9 invent\u00e9e \u00e0 la fin des ann\u00e9es 60 par le <\/span><\/span><\/span><strong><span style=\"vertical-align: inherit;\"><span style=\"vertical-align: inherit;\"><span style=\"vertical-align: inherit;\">Dr Georges Goodheart<\/span><\/span><\/span><\/strong><span style=\"vertical-align: inherit;\"><span style=\"vertical-align: inherit;\"><span style=\"vertical-align: inherit;\"> , un chiropraticien am\u00e9ricain.<\/span><\/span><\/span><\/p>\n<p style=\"text-align: center;\"><span style=\"vertical-align: inherit;\"><span style=\"vertical-align: inherit;\"><span style=\"vertical-align: inherit;\">Elle tire son origine de la <\/span><\/span><\/span><strong><span style=\"vertical-align: inherit;\"><span style=\"vertical-align: inherit;\"><span style=\"vertical-align: inherit;\">M\u00e9decine Traditionnelle Chinoise<\/span><\/span><\/span><\/strong><span style=\"vertical-align: inherit;\"><span style=\"vertical-align: inherit;\"><span style=\"vertical-align: inherit;\"> mais elle s&rsquo;appuie \u00e9galement sur les d\u00e9couvertes r\u00e9centes en noeurosciences.<\/span><\/span><\/span><\/p>\n<p style=\"text-align: center;\"><span style=\"vertical-align: inherit;\"><span style=\"vertical-align: inherit;\"><span style=\"vertical-align: inherit;\">La kin\u00e9siologie permet <\/span><\/span><\/span><strong><span style=\"vertical-align: inherit;\"><span style=\"vertical-align: inherit;\"><span style=\"vertical-align: inherit;\">d&rsquo;identifier les origines du d\u00e9s\u00e9quilibre<\/span><\/span><\/span><\/strong><span style=\"vertical-align: inherit;\"><span style=\"vertical-align: inherit;\"><span style=\"vertical-align: inherit;\"> en allant chercher l&rsquo;\u00e2ge cause et les \u00e9motions ressenties. <\/span><\/span><\/span><br \/><span style=\"vertical-align: inherit;\"><span style=\"vertical-align: inherit;\"><span style=\"vertical-align: inherit;\">Elles se retrouvent dans la grande majorit\u00e9 des cas dans le pass\u00e9, mais il peut arriver que ce soit au temps pr\u00e9sent ou encore dans le futur <\/span><\/span><\/span><br \/><span style=\"vertical-align: inherit;\"><span style=\"vertical-align: inherit;\"><span style=\"vertical-align: inherit;\">(un \u00e9v\u00e9nement \u00e0 venir comme un d\u00e9m\u00e9nagement, un examen&#8230;).<\/span><\/span><\/span><\/p>\n<p style=\"text-align: center;\"><span style=\"vertical-align: inherit;\"><span style=\"vertical-align: inherit;\"><span style=\"vertical-align: inherit;\">Elle am\u00e8ne \u00e0 une prise de conscience et \u00e0 la lib\u00e9ration des blocages. Il est alors possible de retrouver <\/span><\/span><\/span><strong><span style=\"vertical-align: inherit;\"><span style=\"vertical-align: inherit;\"><span style=\"vertical-align: inherit;\">un \u00e9tat d&rsquo;\u00e9quilibre et de bien-\u00eatre<\/span><\/span><\/span><\/strong><span style=\"vertical-align: inherit;\"><span style=\"vertical-align: inherit;\"><span style=\"vertical-align: inherit;\"> en allant puiser en soi les ressources pour avancer.<\/span><\/span><\/span><\/p>\n<p>[\/et_pb_text][\/et_pb_column][\/et_pb_row][\/et_pb_section][et_pb_section fb_built=\u00a0\u00bb1&Prime; _builder_version=\u00a0\u00bb4.27.0&Prime; _module_preset=\u00a0\u00bbdefault\u00a0\u00bb background_color=\u00a0\u00bb#f7f2ed\u00a0\u00bb global_colors_info=\u00a0\u00bb{}\u00a0\u00bb][et_pb_row _builder_version=\u00a0\u00bb4.27.0&Prime; _module_preset=\u00a0\u00bbdefault\u00a0\u00bb global_colors_info=\u00a0\u00bb{}\u00a0\u00bb][et_pb_column type=\u00a0\u00bb4_4&Prime; _builder_version=\u00a0\u00bb4.27.0&Prime; _module_preset=\u00a0\u00bbdefault\u00a0\u00bb global_colors_info=\u00a0\u00bb{}\u00a0\u00bb][et_pb_button button_url=\u00a0\u00bbhttps:\/\/zcal.co\/kinesiohumaine\/ekineisis\u00a0\u00bb button_text=\u00a0\u00bbRendez-vous kin\u00e9sio humaine\u00a0\u00bb button_alignment=\u00a0\u00bbcenter\u00a0\u00bb _builder_version=\u00a0\u00bb4.27.0&Prime; _module_preset=\u00a0\u00bbdefault\u00a0\u00bb custom_button=\u00a0\u00bbon\u00a0\u00bb button_text_color=\u00a0\u00bb#7F6A93&Prime; button_bg_color=\u00a0\u00bb#A2C5AC\u00a0\u00bb button_border_color=\u00a0\u00bbRGBA(255,255,255,0)\u00a0\u00bb button_border_radius=\u00a0\u00bb39px\u00a0\u00bb button_letter_spacing=\u00a0\u00bb4px\u00a0\u00bb button_font=\u00a0\u00bb&#8211;et_global_body_font||||||||\u00a0\u00bb animation_style=\u00a0\u00bbbounce\u00a0\u00bb global_colors_info=\u00a0\u00bb{}\u00a0\u00bb][\/et_pb_button][et_pb_button button_url=\u00a0\u00bbhttps:\/\/zcal.co\/kinesiohumaine\/racontemoi\u00a0\u00bb button_text=\u00a0\u00bbRendez-vous m\u00e9thode %22Raconte-moi mon histoire%22&Prime; button_alignment=\u00a0\u00bbcenter\u00a0\u00bb _builder_version=\u00a0\u00bb4.27.0&Prime; _module_preset=\u00a0\u00bbdefault\u00a0\u00bb custom_button=\u00a0\u00bbon\u00a0\u00bb button_text_size=\u00a0\u00bb19px\u00a0\u00bb button_text_color=\u00a0\u00bb#c4a03b\u00a0\u00bb button_bg_color=\u00a0\u00bb#305670&Prime; button_border_width=\u00a0\u00bb0px\u00a0\u00bb button_border_color=\u00a0\u00bbRGBA(255,255,255,0)\u00a0\u00bb button_border_radius=\u00a0\u00bb39px\u00a0\u00bb button_letter_spacing=\u00a0\u00bb0px\u00a0\u00bb button_font=\u00a0\u00bbOpen Sans||||||||\u00a0\u00bb animation_style=\u00a0\u00bbbounce\u00a0\u00bb global_colors_info=\u00a0\u00bb{}\u00a0\u00bb][\/et_pb_button][et_pb_button button_url=\u00a0\u00bbhttps:\/\/zcal.co\/kinesiohumaine\/Animale\u00a0\u00bb button_text=\u00a0\u00bbRendez-vous kin\u00e9sio animale\u00a0\u00bb button_alignment=\u00a0\u00bbcenter\u00a0\u00bb _builder_version=\u00a0\u00bb4.27.0&Prime; _module_preset=\u00a0\u00bbdefault\u00a0\u00bb custom_button=\u00a0\u00bbon\u00a0\u00bb button_text_color=\u00a0\u00bb#FFFFFF\u00a0\u00bb button_bg_color=\u00a0\u00bb#7F6A93&Prime; button_border_width=\u00a0\u00bb2px\u00a0\u00bb button_border_color=\u00a0\u00bbRGBA(255,255,255,0)\u00a0\u00bb button_border_radius=\u00a0\u00bb39px\u00a0\u00bb button_letter_spacing=\u00a0\u00bb4px\u00a0\u00bb animation_style=\u00a0\u00bbbounce\u00a0\u00bb global_colors_info=\u00a0\u00bb{}\u00a0\u00bb][\/et_pb_button][\/et_pb_column][\/et_pb_row][\/et_pb_section][et_pb_section fb_built=\u00a0\u00bb1&Prime; disabled_on=\u00a0\u00bboff|off|on\u00a0\u00bb _builder_version=\u00a0\u00bb4.27.0&Prime; _module_preset=\u00a0\u00bbdefault\u00a0\u00bb background_color=\u00a0\u00bb#9DB5B2&Prime; global_colors_info=\u00a0\u00bb{}\u00a0\u00bb][et_pb_row _builder_version=\u00a0\u00bb4.27.0&Prime; _module_preset=\u00a0\u00bbdefault\u00a0\u00bb global_colors_info=\u00a0\u00bb{}\u00a0\u00bb][et_pb_column type=\u00a0\u00bb4_4&Prime; _builder_version=\u00a0\u00bb4.27.0&Prime; _module_preset=\u00a0\u00bbdefault\u00a0\u00bb global_colors_info=\u00a0\u00bb{}\u00a0\u00bb][et_pb_heading title=\u00a0\u00bbComment puis-je vous accompagner ?\u00a0\u00bb _builder_version=\u00a0\u00bb4.27.0&Prime; _module_preset=\u00a0\u00bbdefault\u00a0\u00bb title_font=\u00a0\u00bb&#8211;et_global_body_font||on||||||\u00a0\u00bb title_text_align=\u00a0\u00bbcenter\u00a0\u00bb title_text_color=\u00a0\u00bb#F7E9E9&Prime; title_font_size=\u00a0\u00bb35px\u00a0\u00bb background_color=\u00a0\u00bbRGBA(255,255,255,0)\u00a0\u00bb global_colors_info=\u00a0\u00bb{}\u00a0\u00bb][\/et_pb_heading][et_pb_heading title=\u00a0\u00bbD\u00e9couvrez comment la kin\u00e9siologie peut transformer la vie de toute votre famille, des enfants aux adultes, et m\u00eame de vos animaux, en lib\u00e9rant les \u00e9motions bloqu\u00e9es et en r\u00e9tablissant un \u00e9quilibre harmonieux.\u00a0\u00bb _builder_version=\u00a0\u00bb4.27.0&Prime; _module_preset=\u00a0\u00bbdefault\u00a0\u00bb title_font=\u00a0\u00bb&#8211;et_global_body_font||||||||\u00a0\u00bb title_text_align=\u00a0\u00bbleft\u00a0\u00bb title_text_color=\u00a0\u00bb#7F6A93&Prime; title_font_size=\u00a0\u00bb17px\u00a0\u00bb title_line_height=\u00a0\u00bb1.2em\u00a0\u00bb global_colors_info=\u00a0\u00bb{}\u00a0\u00bb][\/et_pb_heading][\/et_pb_column][\/et_pb_row][et_pb_row column_structure=\u00a0\u00bb1_2,1_2&Prime; _builder_version=\u00a0\u00bb4.27.0&Prime; _module_preset=\u00a0\u00bbdefault\u00a0\u00bb background_color=\u00a0\u00bbRGBA(255,255,255,0)\u00a0\u00bb border_width_all=\u00a0\u00bb1px\u00a0\u00bb border_color_all=\u00a0\u00bbRGBA(255,255,255,0)\u00a0\u00bb global_colors_info=\u00a0\u00bb{}\u00a0\u00bb][et_pb_column type=\u00a0\u00bb1_2&Prime; _builder_version=\u00a0\u00bb4.27.0&Prime; _module_preset=\u00a0\u00bbdefault\u00a0\u00bb global_colors_info=\u00a0\u00bb{}\u00a0\u00bb][et_pb_heading title=\u00a0\u00bbPourquoi choisir la kin\u00e9siologie ?\u00a0\u00bb disabled_on=\u00a0\u00bboff|off|off\u00a0\u00bb _builder_version=\u00a0\u00bb4.27.0&Prime; _module_preset=\u00a0\u00bbdefault\u00a0\u00bb title_font=\u00a0\u00bb&#8211;et_global_body_font||||||||\u00a0\u00bb title_text_align=\u00a0\u00bbcenter\u00a0\u00bb title_text_color=\u00a0\u00bb#F7E9E9&Prime; global_colors_info=\u00a0\u00bb{}\u00a0\u00bb][\/et_pb_heading][et_pb_text _builder_version=\u00a0\u00bb4.27.0&Prime; _module_preset=\u00a0\u00bbdefault\u00a0\u00bb text_font=\u00a0\u00bb&#8211;et_global_body_font||||||||\u00a0\u00bb header_font=\u00a0\u00bb&#8211;et_global_body_font||||||||\u00a0\u00bb header_text_align=\u00a0\u00bbleft\u00a0\u00bb global_colors_info=\u00a0\u00bb{}\u00a0\u00bb]<\/p>\n<p style=\"text-align: left;\">Parce que chaque \u00eatre, qu&rsquo;il soit humain ou animal, m\u00e9rite de vivre en \u00e9quilibre et en harmonie. Gr\u00e2ce \u00e0 mon exp\u00e9rience et \u00e0 une approche empathique et personnalis\u00e9e, je suis l\u00e0 pour vous accompagner sur le chemin du bien-\u00eatre.<\/p>\n<p>Faites le premier pas vers une vie \u00e9quilibr\u00e9e et harmonieuse pour vous et vos proches.<\/p>\n<p>[\/et_pb_text][et_pb_text _builder_version=\u00a0\u00bb4.27.0&Prime; _module_preset=\u00a0\u00bbdefault\u00a0\u00bb text_font=\u00a0\u00bb&#8211;et_global_body_font||||||||\u00a0\u00bb header_font=\u00a0\u00bb&#8211;et_global_body_font||||||||\u00a0\u00bb header_text_align=\u00a0\u00bbleft\u00a0\u00bb global_colors_info=\u00a0\u00bb{}\u00a0\u00bb][\/et_pb_text][\/et_pb_column][et_pb_column type=\u00a0\u00bb1_2&Prime; _builder_version=\u00a0\u00bb4.27.0&Prime; _module_preset=\u00a0\u00bbdefault\u00a0\u00bb global_colors_info=\u00a0\u00bb{}\u00a0\u00bb][et_pb_heading title=\u00a0\u00bbPour les enfants\u00a0\u00bb _builder_version=\u00a0\u00bb4.27.0&Prime; _module_preset=\u00a0\u00bbdefault\u00a0\u00bb title_font=\u00a0\u00bb&#8211;et_global_heading_font||||||||\u00a0\u00bb title_text_align=\u00a0\u00bbcenter\u00a0\u00bb title_text_color=\u00a0\u00bb#7F6A93&Prime; scroll_vertical_motion_enable=\u00a0\u00bboff\u00a0\u00bb scroll_horizontal_motion_enable=\u00a0\u00bboff\u00a0\u00bb scroll_fade_enable=\u00a0\u00bbon\u00a0\u00bb global_colors_info=\u00a0\u00bb{}\u00a0\u00bb][\/et_pb_heading][et_pb_text _builder_version=\u00a0\u00bb4.27.0&Prime; _module_preset=\u00a0\u00bbdefault\u00a0\u00bb header_text_align=\u00a0\u00bbleft\u00a0\u00bb header_font_size=\u00a0\u00bb14px\u00a0\u00bb global_colors_info=\u00a0\u00bb{}\u00a0\u00bb]<\/p>\n<p>Votre enfant \u00e9prouve-t-il des difficult\u00e9s \u00e0 g\u00e9rer ses \u00e9motions ?<\/p>\n<p>Gr\u00e2ce \u00e0 des approches douces et adapt\u00e9es, j&rsquo;aide les enfants \u00e0 comprendre et \u00e0 exprimer leurs \u00e9motions, leur permettant ainsi de grandir sereinement et en confiance.<\/p>\n<p>[\/et_pb_text][\/et_pb_column][\/et_pb_row][et_pb_row _builder_version=\u00a0\u00bb4.27.0&Prime; _module_preset=\u00a0\u00bbdefault\u00a0\u00bb custom_padding=\u00a0\u00bb||0px|||\u00a0\u00bb global_colors_info=\u00a0\u00bb{}\u00a0\u00bb][et_pb_column type=\u00a0\u00bb4_4&Prime; _builder_version=\u00a0\u00bb4.27.0&Prime; _module_preset=\u00a0\u00bbdefault\u00a0\u00bb global_colors_info=\u00a0\u00bb{}\u00a0\u00bb][\/et_pb_column][\/et_pb_row][et_pb_row column_structure=\u00a0\u00bb1_2,1_2&Prime; _builder_version=\u00a0\u00bb4.27.0&Prime; _module_preset=\u00a0\u00bbdefault\u00a0\u00bb background_color=\u00a0\u00bbRGBA(255,255,255,0)\u00a0\u00bb border_width_all=\u00a0\u00bb1px\u00a0\u00bb border_color_all=\u00a0\u00bbRGBA(255,255,255,0)\u00a0\u00bb global_colors_info=\u00a0\u00bb{}\u00a0\u00bb][et_pb_column type=\u00a0\u00bb1_2&Prime; _builder_version=\u00a0\u00bb4.27.0&Prime; _module_preset=\u00a0\u00bbdefault\u00a0\u00bb global_colors_info=\u00a0\u00bb{}\u00a0\u00bb][et_pb_heading title=\u00a0\u00bbPour les adultes\u00a0\u00bb _builder_version=\u00a0\u00bb4.27.0&Prime; _module_preset=\u00a0\u00bbdefault\u00a0\u00bb title_font=\u00a0\u00bb&#8211;et_global_body_font||||||||\u00a0\u00bb title_text_align=\u00a0\u00bbcenter\u00a0\u00bb title_text_color=\u00a0\u00bb#7F6A93&Prime; animation_style=\u00a0\u00bbroll\u00a0\u00bb text_shadow_style=\u00a0\u00bbpreset1&Prime; text_shadow_color=\u00a0\u00bbRGBA(255,255,255,0)\u00a0\u00bb global_colors_info=\u00a0\u00bb{}\u00a0\u00bb][\/et_pb_heading][et_pb_text _builder_version=\u00a0\u00bb4.27.0&Prime; _module_preset=\u00a0\u00bbdefault\u00a0\u00bb text_font=\u00a0\u00bb&#8211;et_global_body_font||||||||\u00a0\u00bb header_font=\u00a0\u00bb&#8211;et_global_body_font||||||||\u00a0\u00bb header_font_size=\u00a0\u00bb17px\u00a0\u00bb global_colors_info=\u00a0\u00bb{}\u00a0\u00bb]Stress\u00e9, d\u00e9bord\u00e9, ou simplement en qu\u00eate de bien-\u00eatre ? <br \/>Mes techniques de kin\u00e9siologie vous aideront \u00e0 lib\u00e9rer les tensions accumul\u00e9es et \u00e0 retrouver un \u00e9quilibre int\u00e9rieur. Ensemble, nous cr\u00e9erons un chemin vers une vie plus \u00e9panouie et harmonieuse.[\/et_pb_text][\/et_pb_column][et_pb_column type=\u00a0\u00bb1_2&Prime; _builder_version=\u00a0\u00bb4.27.0&Prime; _module_preset=\u00a0\u00bbdefault\u00a0\u00bb global_colors_info=\u00a0\u00bb{}\u00a0\u00bb][et_pb_text _builder_version=\u00a0\u00bb4.27.0&Prime; _module_preset=\u00a0\u00bbdefault\u00a0\u00bb text_font=\u00a0\u00bb&#8211;et_global_body_font||||||||\u00a0\u00bb header_font=\u00a0\u00bb&#8211;et_global_body_font||||||||\u00a0\u00bb header_text_align=\u00a0\u00bbleft\u00a0\u00bb global_colors_info=\u00a0\u00bb{}\u00a0\u00bb][\/et_pb_text][et_pb_heading title=\u00a0\u00bbPour les animaux\u00a0\u00bb _builder_version=\u00a0\u00bb4.27.0&Prime; _module_preset=\u00a0\u00bbdefault\u00a0\u00bb title_font=\u00a0\u00bb&#8211;et_global_body_font||||||||\u00a0\u00bb title_text_align=\u00a0\u00bbcenter\u00a0\u00bb title_text_color=\u00a0\u00bb#7F6A93&Prime; animation_style=\u00a0\u00bbroll\u00a0\u00bb global_colors_info=\u00a0\u00bb{}\u00a0\u00bb][\/et_pb_heading][et_pb_text _builder_version=\u00a0\u00bb4.27.0&Prime; _module_preset=\u00a0\u00bbdefault\u00a0\u00bb text_font=\u00a0\u00bb&#8211;et_global_body_font||||||||\u00a0\u00bb global_colors_info=\u00a0\u00bb{}\u00a0\u00bb]<\/p>\n<p>Nos compagnons animaux ressentent aussi des \u00e9motions qu&rsquo;ils ne peuvent pas exprimer avec des mots. En utilisant des techniques sp\u00e9cifiques, je vous aide<br \/>\u00e0 comprendre leurs besoins \u00e9motionnels, cr\u00e9ant ainsi une connexion plus profonde et une meilleure harmonie entre vous et votre animal.<\/p>\n<p>La kin\u00e9siologie animale s\u2019adresse \u00e0 toutes les esp\u00e8ces animales, \u00e0 poils,<br \/>\u00e0 plumes, \u00e0 \u00e9cailles, domestique ou d\u2019\u00e9levage. Elle vise \u00e0 cr\u00e9er une communication entre l\u2019animal et son humain, et aussi \u00e0 renforcer le lien qui les unis. Pour ce faire, diff\u00e9rentes techniques sont utilis\u00e9es comme les massages,<br \/>le toucher des points neuro-vasculaires, etc.<\/p>\n<p>[\/et_pb_text][\/et_pb_column][\/et_pb_row][\/et_pb_section][et_pb_section fb_built=\u00a0\u00bb1&Prime; disabled_on=\u00a0\u00bbon|on|off\u00a0\u00bb _builder_version=\u00a0\u00bb4.27.0&Prime; _module_preset=\u00a0\u00bbdefault\u00a0\u00bb background_color=\u00a0\u00bb#9DB5B2&Prime; global_colors_info=\u00a0\u00bb{}\u00a0\u00bb][et_pb_row _builder_version=\u00a0\u00bb4.27.0&Prime; _module_preset=\u00a0\u00bbdefault\u00a0\u00bb global_colors_info=\u00a0\u00bb{}\u00a0\u00bb][et_pb_column type=\u00a0\u00bb4_4&Prime; _builder_version=\u00a0\u00bb4.27.0&Prime; _module_preset=\u00a0\u00bbdefault\u00a0\u00bb global_colors_info=\u00a0\u00bb{}\u00a0\u00bb][et_pb_heading title=\u00a0\u00bbComment puis-je vous accompagner ?\u00a0\u00bb _builder_version=\u00a0\u00bb4.27.0&Prime; _module_preset=\u00a0\u00bbdefault\u00a0\u00bb title_font=\u00a0\u00bb&#8211;et_global_body_font||on||||||\u00a0\u00bb title_text_align=\u00a0\u00bbcenter\u00a0\u00bb title_text_color=\u00a0\u00bb#F7E9E9&Prime; title_font_size=\u00a0\u00bb35px\u00a0\u00bb background_color=\u00a0\u00bbRGBA(255,255,255,0)\u00a0\u00bb global_colors_info=\u00a0\u00bb{}\u00a0\u00bb][\/et_pb_heading][et_pb_heading title=\u00a0\u00bbD\u00e9couvrez comment la kin\u00e9siologie peut transformer la vie de toute votre famille, des enfants aux adultes, et m\u00eame de vos animaux, en lib\u00e9rant les \u00e9motions bloqu\u00e9es et en r\u00e9tablissant un \u00e9quilibre harmonieux.\u00a0\u00bb _builder_version=\u00a0\u00bb4.27.0&Prime; _module_preset=\u00a0\u00bbdefault\u00a0\u00bb title_font=\u00a0\u00bb&#8211;et_global_body_font||||||||\u00a0\u00bb title_text_align=\u00a0\u00bbleft\u00a0\u00bb title_text_color=\u00a0\u00bb#7F6A93&Prime; title_font_size=\u00a0\u00bb17px\u00a0\u00bb title_line_height=\u00a0\u00bb1.2em\u00a0\u00bb global_colors_info=\u00a0\u00bb{}\u00a0\u00bb][\/et_pb_heading][\/et_pb_column][\/et_pb_row][et_pb_row _builder_version=\u00a0\u00bb4.27.0&Prime; _module_preset=\u00a0\u00bbdefault\u00a0\u00bb min_height=\u00a0\u00bb30px\u00a0\u00bb global_colors_info=\u00a0\u00bb{}\u00a0\u00bb][et_pb_column type=\u00a0\u00bb4_4&Prime; _builder_version=\u00a0\u00bb4.27.0&Prime; _module_preset=\u00a0\u00bbdefault\u00a0\u00bb global_colors_info=\u00a0\u00bb{}\u00a0\u00bb][\/et_pb_column][\/et_pb_row][et_pb_row _builder_version=\u00a0\u00bb4.27.0&Prime; _module_preset=\u00a0\u00bbdefault\u00a0\u00bb background_color=\u00a0\u00bbRGBA(255,255,255,0)\u00a0\u00bb border_width_all=\u00a0\u00bb1px\u00a0\u00bb border_color_all=\u00a0\u00bbRGBA(255,255,255,0)\u00a0\u00bb global_colors_info=\u00a0\u00bb{}\u00a0\u00bb][et_pb_column type=\u00a0\u00bb4_4&Prime; _builder_version=\u00a0\u00bb4.27.0&Prime; _module_preset=\u00a0\u00bbdefault\u00a0\u00bb global_colors_info=\u00a0\u00bb{}\u00a0\u00bb][et_pb_heading title=\u00a0\u00bbPourquoi choisir la kin\u00e9siologie ?\u00a0\u00bb disabled_on=\u00a0\u00bboff|off|off\u00a0\u00bb _builder_version=\u00a0\u00bb4.27.0&Prime; _module_preset=\u00a0\u00bbdefault\u00a0\u00bb title_font=\u00a0\u00bb&#8211;et_global_body_font||||||||\u00a0\u00bb title_text_align=\u00a0\u00bbcenter\u00a0\u00bb title_text_color=\u00a0\u00bb#F7E9E9&Prime; global_colors_info=\u00a0\u00bb{}\u00a0\u00bb][\/et_pb_heading][et_pb_text _builder_version=\u00a0\u00bb4.27.0&Prime; _module_preset=\u00a0\u00bbdefault\u00a0\u00bb text_font=\u00a0\u00bb&#8211;et_global_body_font||||||||\u00a0\u00bb header_font=\u00a0\u00bb&#8211;et_global_body_font||||||||\u00a0\u00bb header_text_align=\u00a0\u00bbleft\u00a0\u00bb global_colors_info=\u00a0\u00bb{}\u00a0\u00bb]<\/p>\n<p style=\"text-align: left;\">Parce que chaque \u00eatre, qu&rsquo;il soit humain ou animal, m\u00e9rite de vivre en \u00e9quilibre et en harmonie. Gr\u00e2ce \u00e0 mon exp\u00e9rience et \u00e0 une approche empathique et personnalis\u00e9e, je suis l\u00e0 pour vous accompagner sur le chemin du bien-\u00eatre.<\/p>\n<p>Faites le premier pas vers une vie \u00e9quilibr\u00e9e et harmonieuse pour vous et vos proches.<\/p>\n<p>[\/et_pb_text][et_pb_text _builder_version=\u00a0\u00bb4.27.0&Prime; _module_preset=\u00a0\u00bbdefault\u00a0\u00bb text_font=\u00a0\u00bb&#8211;et_global_body_font||||||||\u00a0\u00bb header_font=\u00a0\u00bb&#8211;et_global_body_font||||||||\u00a0\u00bb header_text_align=\u00a0\u00bbleft\u00a0\u00bb global_colors_info=\u00a0\u00bb{}\u00a0\u00bb][\/et_pb_text][\/et_pb_column][\/et_pb_row][et_pb_row column_structure=\u00a0\u00bb1_2,1_2&Prime; _builder_version=\u00a0\u00bb4.27.0&Prime; _module_preset=\u00a0\u00bbdefault\u00a0\u00bb global_colors_info=\u00a0\u00bb{}\u00a0\u00bb][et_pb_column type=\u00a0\u00bb1_2&Prime; _builder_version=\u00a0\u00bb4.27.0&Prime; _module_preset=\u00a0\u00bbdefault\u00a0\u00bb global_colors_info=\u00a0\u00bb{}\u00a0\u00bb][et_pb_heading title=\u00a0\u00bbPour les enfants\u00a0\u00bb _builder_version=\u00a0\u00bb4.27.0&Prime; _module_preset=\u00a0\u00bbdefault\u00a0\u00bb title_font=\u00a0\u00bb&#8211;et_global_heading_font||||||||\u00a0\u00bb title_text_align=\u00a0\u00bbcenter\u00a0\u00bb title_text_color=\u00a0\u00bb#7F6A93&Prime; scroll_horizontal_motion_enable=\u00a0\u00bboff\u00a0\u00bb global_colors_info=\u00a0\u00bb{}\u00a0\u00bb][\/et_pb_heading][et_pb_text _builder_version=\u00a0\u00bb4.27.0&Prime; _module_preset=\u00a0\u00bbdefault\u00a0\u00bb header_text_align=\u00a0\u00bbleft\u00a0\u00bb header_font_size=\u00a0\u00bb14px\u00a0\u00bb global_colors_info=\u00a0\u00bb{}\u00a0\u00bb]<\/p>\n<p>Votre enfant \u00e9prouve-t-il des difficult\u00e9s \u00e0 g\u00e9rer ses \u00e9motions ?<\/p>\n<p>Gr\u00e2ce \u00e0 des approches douces et adapt\u00e9es, j&rsquo;aide les enfants \u00e0 comprendre et \u00e0 exprimer leurs \u00e9motions, leur permettant ainsi de grandir sereinement et en confiance.<\/p>\n<p>[\/et_pb_text][\/et_pb_column][et_pb_column type=\u00a0\u00bb1_2&Prime; _builder_version=\u00a0\u00bb4.27.0&Prime; _module_preset=\u00a0\u00bbdefault\u00a0\u00bb global_colors_info=\u00a0\u00bb{}\u00a0\u00bb][et_pb_heading title=\u00a0\u00bbPour les adultes\u00a0\u00bb _builder_version=\u00a0\u00bb4.27.0&Prime; _module_preset=\u00a0\u00bbdefault\u00a0\u00bb title_font=\u00a0\u00bb&#8211;et_global_body_font||||||||\u00a0\u00bb title_text_align=\u00a0\u00bbcenter\u00a0\u00bb title_text_color=\u00a0\u00bb#7F6A93&Prime; text_shadow_style=\u00a0\u00bbpreset1&Prime; text_shadow_color=\u00a0\u00bbRGBA(255,255,255,0)\u00a0\u00bb global_colors_info=\u00a0\u00bb{}\u00a0\u00bb][\/et_pb_heading][et_pb_text _builder_version=\u00a0\u00bb4.27.0&Prime; _module_preset=\u00a0\u00bbdefault\u00a0\u00bb text_font=\u00a0\u00bb&#8211;et_global_body_font||||||||\u00a0\u00bb header_font=\u00a0\u00bb&#8211;et_global_body_font||||||||\u00a0\u00bb header_font_size=\u00a0\u00bb17px\u00a0\u00bb global_colors_info=\u00a0\u00bb{}\u00a0\u00bb]Stress\u00e9, d\u00e9bord\u00e9, ou simplement en qu\u00eate de bien-\u00eatre ? <br \/>Mes techniques de kin\u00e9siologie vous aideront \u00e0 lib\u00e9rer les tensions accumul\u00e9es et \u00e0 retrouver un \u00e9quilibre int\u00e9rieur. Ensemble, nous cr\u00e9erons un chemin vers une vie plus \u00e9panouie et harmonieuse.[\/et_pb_text][\/et_pb_column][\/et_pb_row][et_pb_row column_structure=\u00a0\u00bb1_2,1_2&Prime; _builder_version=\u00a0\u00bb4.27.0&Prime; _module_preset=\u00a0\u00bbdefault\u00a0\u00bb global_colors_info=\u00a0\u00bb{}\u00a0\u00bb][et_pb_column type=\u00a0\u00bb1_2&Prime; _builder_version=\u00a0\u00bb4.27.0&Prime; _module_preset=\u00a0\u00bbdefault\u00a0\u00bb global_colors_info=\u00a0\u00bb{}\u00a0\u00bb][et_pb_heading title=\u00a0\u00bbPour les animaux\u00a0\u00bb _builder_version=\u00a0\u00bb4.27.0&Prime; _module_preset=\u00a0\u00bbdefault\u00a0\u00bb title_font=\u00a0\u00bb&#8211;et_global_body_font||||||||\u00a0\u00bb title_text_align=\u00a0\u00bbcenter\u00a0\u00bb title_text_color=\u00a0\u00bb#7F6A93&Prime; global_colors_info=\u00a0\u00bb{}\u00a0\u00bb][\/et_pb_heading][et_pb_text _builder_version=\u00a0\u00bb4.27.0&Prime; _module_preset=\u00a0\u00bbdefault\u00a0\u00bb custom_padding=\u00a0\u00bb||0px|||\u00a0\u00bb global_colors_info=\u00a0\u00bb{}\u00a0\u00bb]<\/p>\n<p>Nos compagnons animaux ressentent aussi des \u00e9motions qu&rsquo;ils ne peuvent pas exprimer avec des mots. En utilisant des techniques sp\u00e9cifiques, je vous aide<br \/>\u00e0 comprendre leurs besoins \u00e9motionnels, cr\u00e9ant ainsi une connexion plus profonde et une meilleure harmonie entre vous et votre animal.<\/p>\n<p>&nbsp;<\/p>\n<p>[\/et_pb_text][\/et_pb_column][et_pb_column type=\u00a0\u00bb1_2&Prime; _builder_version=\u00a0\u00bb4.27.0&Prime; _module_preset=\u00a0\u00bbdefault\u00a0\u00bb global_colors_info=\u00a0\u00bb{}\u00a0\u00bb][et_pb_text _builder_version=\u00a0\u00bb4.27.0&Prime; _module_preset=\u00a0\u00bbdefault\u00a0\u00bb custom_margin=\u00a0\u00bb60px|||||\u00a0\u00bb global_colors_info=\u00a0\u00bb{}\u00a0\u00bb]<\/p>\n<p>La kin\u00e9siologie animale s\u2019adresse \u00e0 toutes les esp\u00e8ces animales, \u00e0 poils,<br \/>\u00e0 plumes, \u00e0 \u00e9cailles, domestique ou d\u2019\u00e9levage. Elle vise \u00e0 cr\u00e9er une communication entre l\u2019animal et son humain, et aussi \u00e0 renforcer le lien qui les unis. Pour ce faire, diff\u00e9rentes techniques sont utilis\u00e9es comme les massages,<br \/>le toucher des points neuro-vasculaires, etc.<\/p>\n<p>[\/et_pb_text][\/et_pb_column][\/et_pb_row][\/et_pb_section][et_pb_section fb_built=\u00a0\u00bb1&Prime; _builder_version=\u00a0\u00bb4.27.0&Prime; _module_preset=\u00a0\u00bbdefault\u00a0\u00bb background_color=\u00a0\u00bb#A2C5AC\u00a0\u00bb global_colors_info=\u00a0\u00bb{}\u00a0\u00bb][et_pb_row _builder_version=\u00a0\u00bb4.27.0&Prime; _module_preset=\u00a0\u00bbdefault\u00a0\u00bb global_colors_info=\u00a0\u00bb{}\u00a0\u00bb][et_pb_column type=\u00a0\u00bb4_4&Prime; _builder_version=\u00a0\u00bb4.27.0&Prime; _module_preset=\u00a0\u00bbdefault\u00a0\u00bb global_colors_info=\u00a0\u00bb{}\u00a0\u00bb][et_pb_button button_url=\u00a0\u00bbhttps:\/\/zcal.co\/kinesiohumaine\/ekineisis\u00a0\u00bb button_text=\u00a0\u00bbRendez-vous kin\u00e9sio humaine\u00a0\u00bb button_alignment=\u00a0\u00bbcenter\u00a0\u00bb _builder_version=\u00a0\u00bb4.27.0&Prime; _module_preset=\u00a0\u00bbdefault\u00a0\u00bb custom_button=\u00a0\u00bbon\u00a0\u00bb button_text_color=\u00a0\u00bb#7F6A93&Prime; button_bg_color=\u00a0\u00bb#F7E9E9&Prime; button_border_color=\u00a0\u00bbRGBA(255,255,255,0)\u00a0\u00bb button_border_radius=\u00a0\u00bb39px\u00a0\u00bb button_letter_spacing=\u00a0\u00bb4px\u00a0\u00bb animation_style=\u00a0\u00bbbounce\u00a0\u00bb global_colors_info=\u00a0\u00bb{}\u00a0\u00bb][\/et_pb_button][et_pb_button button_url=\u00a0\u00bbhttps:\/\/zcal.co\/kinesiohumaine\/racontemoi\u00a0\u00bb button_text=\u00a0\u00bbRendez-vous m\u00e9thode %22Raconte-moi mon histoire%22&Prime; button_alignment=\u00a0\u00bbcenter\u00a0\u00bb _builder_version=\u00a0\u00bb4.27.0&Prime; _module_preset=\u00a0\u00bbdefault\u00a0\u00bb custom_button=\u00a0\u00bbon\u00a0\u00bb button_text_size=\u00a0\u00bb19px\u00a0\u00bb button_text_color=\u00a0\u00bb#c4a03b\u00a0\u00bb button_bg_color=\u00a0\u00bb#305670&Prime; button_border_width=\u00a0\u00bb0px\u00a0\u00bb button_border_color=\u00a0\u00bbRGBA(255,255,255,0)\u00a0\u00bb button_border_radius=\u00a0\u00bb39px\u00a0\u00bb button_letter_spacing=\u00a0\u00bb0px\u00a0\u00bb button_font=\u00a0\u00bbOpen Sans||||||||\u00a0\u00bb animation_style=\u00a0\u00bbbounce\u00a0\u00bb global_colors_info=\u00a0\u00bb{}\u00a0\u00bb][\/et_pb_button][et_pb_button button_url=\u00a0\u00bbhttps:\/\/zcal.co\/kinesiohumaine\/Animale\u00a0\u00bb button_text=\u00a0\u00bbRendez-vous kin\u00e9sio animale\u00a0\u00bb button_alignment=\u00a0\u00bbcenter\u00a0\u00bb _builder_version=\u00a0\u00bb4.27.0&Prime; _module_preset=\u00a0\u00bbdefault\u00a0\u00bb custom_button=\u00a0\u00bbon\u00a0\u00bb button_text_color=\u00a0\u00bb#FFFFFF\u00a0\u00bb button_bg_color=\u00a0\u00bb#7F6A93&Prime; button_border_width=\u00a0\u00bb2px\u00a0\u00bb button_border_color=\u00a0\u00bbRGBA(255,255,255,0)\u00a0\u00bb button_border_radius=\u00a0\u00bb39px\u00a0\u00bb button_letter_spacing=\u00a0\u00bb4px\u00a0\u00bb animation_style=\u00a0\u00bbbounce\u00a0\u00bb global_colors_info=\u00a0\u00bb{}\u00a0\u00bb][\/et_pb_button][\/et_pb_column][\/et_pb_row][\/et_pb_section][et_pb_section fb_built=\u00a0\u00bb1&Prime; _builder_version=\u00a0\u00bb4.27.0&Prime; _module_preset=\u00a0\u00bbdefault\u00a0\u00bb background_color=\u00a0\u00bb#F7E9E9&Prime; background_enable_image=\u00a0\u00bboff\u00a0\u00bb global_colors_info=\u00a0\u00bb{}\u00a0\u00bb][et_pb_row column_structure=\u00a0\u00bb2_5,3_5&Prime; _builder_version=\u00a0\u00bb4.27.0&Prime; _module_preset=\u00a0\u00bbdefault\u00a0\u00bb background_enable_image=\u00a0\u00bboff\u00a0\u00bb global_colors_info=\u00a0\u00bb{}\u00a0\u00bb][et_pb_column type=\u00a0\u00bb2_5&Prime; _builder_version=\u00a0\u00bb4.27.0&Prime; _module_preset=\u00a0\u00bbdefault\u00a0\u00bb global_colors_info=\u00a0\u00bb{}\u00a0\u00bb][et_pb_image src=\u00a0\u00bbhttp:\/\/ekineisis.fr\/wp-content\/uploads\/2025\/06\/IMG_7129-scaled.jpeg\u00a0\u00bb alt=\u00a0\u00bbC\u00e9line EYMERY Kin\u00e9siologue Kin\u00e9siologue humaine et animale et lib\u00e9ration cranio-sacr\u00e9e\u00a0\u00bb title_text=\u00a0\u00bbC\u00e9line EYMERY Kin\u00e9siologue Kin\u00e9siologue humaine et animale et lib\u00e9ration cranio-sacr\u00e9e\u00a0\u00bb _builder_version=\u00a0\u00bb4.27.0&Prime; _module_preset=\u00a0\u00bbdefault\u00a0\u00bb global_colors_info=\u00a0\u00bb{}\u00a0\u00bb][\/et_pb_image][\/et_pb_column][et_pb_column type=\u00a0\u00bb3_5&Prime; _builder_version=\u00a0\u00bb4.27.0&Prime; _module_preset=\u00a0\u00bbdefault\u00a0\u00bb global_colors_info=\u00a0\u00bb{}\u00a0\u00bb][et_pb_heading title=\u00a0\u00bbA propos de moi\u00a0\u00bb _builder_version=\u00a0\u00bb4.27.0&Prime; _module_preset=\u00a0\u00bbdefault\u00a0\u00bb title_font=\u00a0\u00bb&#8211;et_global_body_font||||||||\u00a0\u00bb title_text_align=\u00a0\u00bbleft\u00a0\u00bb title_text_color=\u00a0\u00bb#7F6A93&Prime; title_font_size=\u00a0\u00bb39px\u00a0\u00bb global_colors_info=\u00a0\u00bb{}\u00a0\u00bb][\/et_pb_heading][et_pb_text _builder_version=\u00a0\u00bb4.27.0&Prime; _module_preset=\u00a0\u00bbdefault\u00a0\u00bb text_font=\u00a0\u00bb||||||||\u00a0\u00bb text_text_color=\u00a0\u00bb#7F6A93&Prime; header_font=\u00a0\u00bb&#8211;et_global_body_font||||||||\u00a0\u00bb header_text_color=\u00a0\u00bb#7F6A93&Prime; background_image=\u00a0\u00bbhttp:\/\/ekineisis.fr\/wp-content\/uploads\/2024\/09\/Design-sans-titre-4.png\u00a0\u00bb background_size=\u00a0\u00bbcontain\u00a0\u00bb global_colors_info=\u00a0\u00bb{}\u00a0\u00bb]<\/p>\n<p>Je suis une personne sensible, d\u00e9termin\u00e9e et pragmatique, avec une passion in\u00e9branlable pour aider les autres. Mon parcours personnel a d\u00e9but\u00e9 il y a vingt ans avec l&rsquo;exploration de techniques compl\u00e9mentaires \u00e0 la m\u00e9decine traditionnelle, guid\u00e9e par une \u00e9coute empathique de l\u2019humain et un amour profond pour les animaux, notamment les chevaux et les chiens.<\/p>\n<p><strong>Une exp\u00e9rience transformatrice<\/strong><\/p>\n<p>Il y a dix ans, la vie m&rsquo;a mise au d\u00e9fi lorsque l&rsquo;un de mes enfants a \u00e9t\u00e9 diagnostiqu\u00e9 avec un Haut Potentiel Intellectuel (HPI) et un Haut Potentiel \u00c9motionnel (HPE). La gestion des \u00e9motions \u00e9tait alors un v\u00e9ritable d\u00e9fi. J&rsquo;ai d\u00e9couvert des approches alternatives qui ont transform\u00e9 notre vie de famille. Ces techniques ont non seulement aid\u00e9 mon enfant \u00e0 mieux g\u00e9rer ses \u00e9motions, mais elles ont aussi apport\u00e9 une harmonie et une s\u00e9r\u00e9nit\u00e9 retrouv\u00e9es chez nous.<\/p>\n<p><!-- notionvc: 331005e1-aa46-4463-9683-a4422a5cb608 --><\/p>\n<p>[\/et_pb_text][et_pb_button button_url=\u00a0\u00bbhttps:\/\/zcal.co\/kinesiohumaine\/ekineisis\u00a0\u00bb button_text=\u00a0\u00bbRendez-vous kin\u00e9sio humaine\u00a0\u00bb button_alignment=\u00a0\u00bbcenter\u00a0\u00bb _builder_version=\u00a0\u00bb4.27.0&Prime; _module_preset=\u00a0\u00bbdefault\u00a0\u00bb custom_button=\u00a0\u00bbon\u00a0\u00bb button_text_color=\u00a0\u00bb#7F6A93&Prime; button_bg_color=\u00a0\u00bb#A2C5AC\u00a0\u00bb button_border_color=\u00a0\u00bbRGBA(255,255,255,0)\u00a0\u00bb button_border_radius=\u00a0\u00bb39px\u00a0\u00bb button_letter_spacing=\u00a0\u00bb4px\u00a0\u00bb animation_style=\u00a0\u00bbbounce\u00a0\u00bb global_colors_info=\u00a0\u00bb{}\u00a0\u00bb][\/et_pb_button][et_pb_button button_url=\u00a0\u00bbhttps:\/\/zcal.co\/kinesiohumaine\/racontemoi\u00a0\u00bb button_text=\u00a0\u00bbRendez-vous m\u00e9thode %22Raconte-moi mon histoire%22&Prime; button_alignment=\u00a0\u00bbcenter\u00a0\u00bb _builder_version=\u00a0\u00bb4.27.0&Prime; _module_preset=\u00a0\u00bbdefault\u00a0\u00bb custom_button=\u00a0\u00bbon\u00a0\u00bb button_text_size=\u00a0\u00bb19px\u00a0\u00bb button_text_color=\u00a0\u00bb#c4a03b\u00a0\u00bb button_bg_color=\u00a0\u00bb#305670&Prime; button_border_width=\u00a0\u00bb0px\u00a0\u00bb button_border_color=\u00a0\u00bbRGBA(255,255,255,0)\u00a0\u00bb button_border_radius=\u00a0\u00bb39px\u00a0\u00bb button_letter_spacing=\u00a0\u00bb0px\u00a0\u00bb button_font=\u00a0\u00bbOpen Sans||||||||\u00a0\u00bb animation_style=\u00a0\u00bbbounce\u00a0\u00bb global_colors_info=\u00a0\u00bb{}\u00a0\u00bb][\/et_pb_button][et_pb_button button_url=\u00a0\u00bbhttps:\/\/zcal.co\/kinesiohumaine\/Animale\u00a0\u00bb button_text=\u00a0\u00bbRendez-vous kin\u00e9sio animale\u00a0\u00bb button_alignment=\u00a0\u00bbcenter\u00a0\u00bb _builder_version=\u00a0\u00bb4.27.0&Prime; _module_preset=\u00a0\u00bbdefault\u00a0\u00bb custom_button=\u00a0\u00bbon\u00a0\u00bb button_text_color=\u00a0\u00bb#FFFFFF\u00a0\u00bb button_bg_color=\u00a0\u00bb#7F6A93&Prime; button_border_width=\u00a0\u00bb2px\u00a0\u00bb button_border_color=\u00a0\u00bbRGBA(255,255,255,0)\u00a0\u00bb button_border_radius=\u00a0\u00bb39px\u00a0\u00bb button_letter_spacing=\u00a0\u00bb4px\u00a0\u00bb animation_style=\u00a0\u00bbbounce\u00a0\u00bb global_colors_info=\u00a0\u00bb{}\u00a0\u00bb][\/et_pb_button][\/et_pb_column][\/et_pb_row][\/et_pb_section][et_pb_section fb_built=\u00a0\u00bb1&Prime; _builder_version=\u00a0\u00bb4.27.0&Prime; _module_preset=\u00a0\u00bbdefault\u00a0\u00bb background_color=\u00a0\u00bb#8e7793&Prime; global_colors_info=\u00a0\u00bb{}\u00a0\u00bb][et_pb_row column_structure=\u00a0\u00bb1_2,1_2&Prime; _builder_version=\u00a0\u00bb4.27.0&Prime; _module_preset=\u00a0\u00bbdefault\u00a0\u00bb background_color=\u00a0\u00bbRGBA(255,255,255,0)\u00a0\u00bb global_colors_info=\u00a0\u00bb{}\u00a0\u00bb][et_pb_column type=\u00a0\u00bb1_2&Prime; _builder_version=\u00a0\u00bb4.27.0&Prime; _module_preset=\u00a0\u00bbdefault\u00a0\u00bb global_colors_info=\u00a0\u00bb{}\u00a0\u00bb][et_pb_testimonial author=\u00a0\u00bbCindy\u00a0\u00bb portrait_url=\u00a0\u00bbhttp:\/\/ekineisis.fr\/wp-content\/uploads\/2024\/09\/Photo-profil-Linkedin1.png\u00a0\u00bb quote_icon_color=\u00a0\u00bb#7F6A93&Prime; quote_icon_background_color=\u00a0\u00bb#FFFFFF\u00a0\u00bb _builder_version=\u00a0\u00bb4.27.0&Prime; _module_preset=\u00a0\u00bbdefault\u00a0\u00bb body_text_color=\u00a0\u00bb#7F6A93&Prime; author_text_color=\u00a0\u00bb#7F6A93&Prime; background_color=\u00a0\u00bb#F7E9E9&Prime; global_colors_info=\u00a0\u00bb{}\u00a0\u00bb]<\/p>\n<p><span>J&rsquo;ai pris rendez-vous pour ma fille de 8 ans, elle a \u00e9t\u00e9 tr\u00e8s douce et \u00e0 l&rsquo;\u00e9coute. Elle est arriv\u00e9e \u00e0 cerner les probl\u00e9matiques de ma fille assez rapidement et c&rsquo;est bluffant ! Je la remercie encore car d\u00e8s la 1\u00e8re s\u00e9ance, j&rsquo;ai pu constater les effets positifs sur elle, elle a retrouv\u00e9 l&rsquo;app\u00e9tit. J&rsquo;ai h\u00e2te de continuer avec elle sur d&rsquo;autres s\u00e9ances afin de d\u00e9bloquer ce qu&rsquo;elle porte encore en elle.<\/span><br \/><span>Je conseille \u00e0 tous d&rsquo;aller faire une consultation avec C\u00e9line.<\/span><\/p>\n<p>[\/et_pb_testimonial][\/et_pb_column][et_pb_column type=\u00a0\u00bb1_2&Prime; _builder_version=\u00a0\u00bb4.27.0&Prime; _module_preset=\u00a0\u00bbdefault\u00a0\u00bb global_colors_info=\u00a0\u00bb{}\u00a0\u00bb][et_pb_testimonial author=\u00a0\u00bbSandra LHOMME\u00a0\u00bb portrait_url=\u00a0\u00bbhttp:\/\/ekineisis.fr\/wp-content\/uploads\/2024\/09\/therapist-05.png\u00a0\u00bb quote_icon_color=\u00a0\u00bb#7F6A93&Prime; quote_icon_background_color=\u00a0\u00bb#FFFFFF\u00a0\u00bb _builder_version=\u00a0\u00bb4.27.0&Prime; _module_preset=\u00a0\u00bbdefault\u00a0\u00bb body_text_color=\u00a0\u00bb#7F6A93&Prime; author_text_color=\u00a0\u00bb#7F6A93&Prime; background_color=\u00a0\u00bb#F7E9E9&Prime; global_colors_info=\u00a0\u00bb{}\u00a0\u00bb]<\/p>\n<p><span>C\u00e9line est une praticienne tr\u00e8s douce, \u00e0 l&rsquo;\u00e9coute et tr\u00e8s professionnelle.<\/span><br \/><span>Je ne connaissais pas la kin\u00e9siologie mais j&rsquo;ai \u00e9t\u00e9 de suite \u00e0 l&rsquo;aise avec C\u00e9line. Elle m&rsquo;a aid\u00e9 \u00e0 comprendre mon mode de fonctionnement, \u00e0 lib\u00e9rer des peurs et des freins et \u00e0 exprimer des blocages inconscients que j&rsquo;avais. J&rsquo;ai \u00e9t\u00e9 surprise de ce qui est ressorti de la s\u00e9ance car elle ne me connaissait pas et je sais que tout ce qui a \u00e9t\u00e9 dit \u00e9tait vrai. C&rsquo;est une pratique douce, pleine de bienveillance qui m&rsquo;a vraiment beaucoup aid\u00e9.<\/span><\/p>\n<p>[\/et_pb_testimonial][\/et_pb_column][\/et_pb_row][et_pb_row column_structure=\u00a0\u00bb1_2,1_2&Prime; _builder_version=\u00a0\u00bb4.27.0&Prime; _module_preset=\u00a0\u00bbdefault\u00a0\u00bb background_color=\u00a0\u00bbRGBA(255,255,255,0)\u00a0\u00bb global_colors_info=\u00a0\u00bb{}\u00a0\u00bb][et_pb_column type=\u00a0\u00bb1_2&Prime; _builder_version=\u00a0\u00bb4.27.0&Prime; _module_preset=\u00a0\u00bbdefault\u00a0\u00bb global_colors_info=\u00a0\u00bb{}\u00a0\u00bb][et_pb_testimonial author=\u00a0\u00bbAline Barral\u00a0\u00bb portrait_url=\u00a0\u00bbhttp:\/\/ekineisis.fr\/wp-content\/uploads\/2024\/09\/therapist-05.png\u00a0\u00bb quote_icon_color=\u00a0\u00bb#7F6A93&Prime; quote_icon_background_color=\u00a0\u00bb#FFFFFF\u00a0\u00bb _builder_version=\u00a0\u00bb4.27.0&Prime; _module_preset=\u00a0\u00bbdefault\u00a0\u00bb body_text_color=\u00a0\u00bb#7F6A93&Prime; author_text_color=\u00a0\u00bb#7F6A93&Prime; background_color=\u00a0\u00bb#F7E9E9&Prime; global_colors_info=\u00a0\u00bb{}\u00a0\u00bb]<\/p>\n<p><span>C\u00e9line est r\u00e9ellement \u00e0 l\u2019\u00e9coute, son approche est tr\u00e8s douce et extr\u00eamement bienveillante.<\/span><br \/><span>Je me suis sentie en totale confiance.<\/span><br \/><span>Les s\u00e9ances puissantes et profondes m\u2019ont \u00e9t\u00e9 tr\u00e8s utiles, je recommande vivement !<\/span><\/p>\n<p>[\/et_pb_testimonial][\/et_pb_column][et_pb_column type=\u00a0\u00bb1_2&Prime; _builder_version=\u00a0\u00bb4.27.0&Prime; _module_preset=\u00a0\u00bbdefault\u00a0\u00bb global_colors_info=\u00a0\u00bb{}\u00a0\u00bb][et_pb_testimonial company_name=\u00a0\u00bbMarline Touzet\u00a0\u00bb portrait_url=\u00a0\u00bbhttp:\/\/ekineisis.fr\/wp-content\/uploads\/2024\/09\/therapist-05.png\u00a0\u00bb quote_icon_color=\u00a0\u00bb#7F6A93&Prime; quote_icon_background_color=\u00a0\u00bb#FFFFFF\u00a0\u00bb _builder_version=\u00a0\u00bb4.27.0&Prime; _module_preset=\u00a0\u00bbdefault\u00a0\u00bb body_text_color=\u00a0\u00bb#7F6A93&Prime; author_text_color=\u00a0\u00bb#7F6A93&Prime; company_text_color=\u00a0\u00bb#7F6A93&Prime; background_color=\u00a0\u00bb#F7E9E9&Prime; global_colors_info=\u00a0\u00bb{}\u00a0\u00bb]<\/p>\n<p><span>Premi\u00e8re s\u00e9ance pour moi la semaine derni\u00e8re , C\u00e9line est une personne tr\u00e8s agr\u00e9able, douce et professionnelle , je me suis sentie directement en confiance et ai pu me livrer \u00e0 elle sans stress , je recommande vivement<\/span><\/p>\n<p><span><\/span><\/p>\n<p>[\/et_pb_testimonial][\/et_pb_column][\/et_pb_row][et_pb_row column_structure=\u00a0\u00bb1_2,1_2&Prime; _builder_version=\u00a0\u00bb4.27.0&Prime; _module_preset=\u00a0\u00bbdefault\u00a0\u00bb background_color=\u00a0\u00bbRGBA(255,255,255,0)\u00a0\u00bb global_colors_info=\u00a0\u00bb{}\u00a0\u00bb][et_pb_column type=\u00a0\u00bb1_2&Prime; _builder_version=\u00a0\u00bb4.27.0&Prime; _module_preset=\u00a0\u00bbdefault\u00a0\u00bb global_colors_info=\u00a0\u00bb{}\u00a0\u00bb][et_pb_testimonial author=\u00a0\u00bbOdile Bohe\u00a0\u00bb portrait_url=\u00a0\u00bbhttp:\/\/ekineisis.fr\/wp-content\/uploads\/2024\/09\/therapist-05.png\u00a0\u00bb quote_icon_color=\u00a0\u00bb#7F6A93&Prime; quote_icon_background_color=\u00a0\u00bb#FFFFFF\u00a0\u00bb _builder_version=\u00a0\u00bb4.27.0&Prime; _module_preset=\u00a0\u00bbdefault\u00a0\u00bb body_text_color=\u00a0\u00bb#7F6A93&Prime; author_text_color=\u00a0\u00bb#7F6A93&Prime; background_color=\u00a0\u00bb#F7E9E9&Prime; global_colors_info=\u00a0\u00bb{}\u00a0\u00bb]<\/p>\n<p><span>1ere exp\u00e9rience tr\u00e8s satisfaisante. C\u00e9line est tr\u00e8s professionnelle, \u00e0 l&rsquo;\u00e9coute et d&rsquo;une douceur r\u00e9confortante.<\/span><br \/><span>je conseille a 100%<\/span><\/p>\n<p>[\/et_pb_testimonial][\/et_pb_column][et_pb_column type=\u00a0\u00bb1_2&Prime; _builder_version=\u00a0\u00bb4.27.0&Prime; _module_preset=\u00a0\u00bbdefault\u00a0\u00bb global_colors_info=\u00a0\u00bb{}\u00a0\u00bb][et_pb_testimonial author=\u00a0\u00bb Williart Audrey\u00a0\u00bb portrait_url=\u00a0\u00bbhttp:\/\/ekineisis.fr\/wp-content\/uploads\/2024\/09\/therapist-05.png\u00a0\u00bb quote_icon_color=\u00a0\u00bb#7F6A93&Prime; quote_icon_background_color=\u00a0\u00bb#FFFFFF\u00a0\u00bb _builder_version=\u00a0\u00bb4.27.0&Prime; _module_preset=\u00a0\u00bbdefault\u00a0\u00bb body_text_color=\u00a0\u00bb#7F6A93&Prime; author_text_color=\u00a0\u00bb#7F6A93&Prime; background_color=\u00a0\u00bb#F7E9E9&Prime; global_colors_info=\u00a0\u00bb{}\u00a0\u00bb]<\/p>\n<p><span>Recommande+++<\/span><br \/><span>Fait plusieurs s\u00e9ances avec C\u00e9line, tr\u00e8s \u00e0 l&rsquo;\u00e9coute douce et bienveillante<\/span><br \/><span>Les s\u00e9ances m&rsquo;aide pour ma part dans mon deuil vous pouvez y aller les yeux ferm\u00e9s.<\/span><\/p>\n<p>[\/et_pb_testimonial][\/et_pb_column][\/et_pb_row][\/et_pb_section][et_pb_section fb_built=\u00a0\u00bb1&Prime; _builder_version=\u00a0\u00bb4.27.0&Prime; _module_preset=\u00a0\u00bbdefault\u00a0\u00bb background_color=\u00a0\u00bb#8f7894&Prime; global_colors_info=\u00a0\u00bb{}\u00a0\u00bb][et_pb_row _builder_version=\u00a0\u00bb4.27.0&Prime; _module_preset=\u00a0\u00bbdefault\u00a0\u00bb global_colors_info=\u00a0\u00bb{}\u00a0\u00bb][et_pb_column type=\u00a0\u00bb4_4&Prime; _builder_version=\u00a0\u00bb4.27.0&Prime; _module_preset=\u00a0\u00bbdefault\u00a0\u00bb global_colors_info=\u00a0\u00bb{}\u00a0\u00bb][et_pb_button button_url=\u00a0\u00bbhttps:\/\/zcal.co\/kinesiohumaine\/ekineisis\u00a0\u00bb button_text=\u00a0\u00bbRendez-vous kin\u00e9sio humaine\u00a0\u00bb button_alignment=\u00a0\u00bbcenter\u00a0\u00bb _builder_version=\u00a0\u00bb4.27.0&Prime; _module_preset=\u00a0\u00bbdefault\u00a0\u00bb custom_button=\u00a0\u00bbon\u00a0\u00bb button_text_size=\u00a0\u00bb20px\u00a0\u00bb button_text_color=\u00a0\u00bb#7F6A93&Prime; button_bg_color=\u00a0\u00bb#A2C5AC\u00a0\u00bb button_border_color=\u00a0\u00bb#A2C5AC\u00a0\u00bb button_border_radius=\u00a0\u00bb39px\u00a0\u00bb button_letter_spacing=\u00a0\u00bb4px\u00a0\u00bb button_font=\u00a0\u00bb&#8211;et_global_body_font||||||||\u00a0\u00bb animation_style=\u00a0\u00bbbounce\u00a0\u00bb global_colors_info=\u00a0\u00bb{}\u00a0\u00bb][\/et_pb_button][et_pb_button button_url=\u00a0\u00bbhttps:\/\/zcal.co\/kinesiohumaine\/racontemoi\u00a0\u00bb button_text=\u00a0\u00bbRendez-vous m\u00e9thode %22Raconte-moi mon histoire%22&Prime; button_alignment=\u00a0\u00bbcenter\u00a0\u00bb _builder_version=\u00a0\u00bb4.27.0&Prime; _module_preset=\u00a0\u00bbdefault\u00a0\u00bb custom_button=\u00a0\u00bbon\u00a0\u00bb button_text_size=\u00a0\u00bb19px\u00a0\u00bb button_text_color=\u00a0\u00bb#c4a03b\u00a0\u00bb button_bg_color=\u00a0\u00bb#305670&Prime; button_border_width=\u00a0\u00bb0px\u00a0\u00bb button_border_color=\u00a0\u00bbRGBA(255,255,255,0)\u00a0\u00bb button_border_radius=\u00a0\u00bb39px\u00a0\u00bb button_letter_spacing=\u00a0\u00bb0px\u00a0\u00bb button_font=\u00a0\u00bbOpen Sans||||||||\u00a0\u00bb animation_style=\u00a0\u00bbbounce\u00a0\u00bb global_colors_info=\u00a0\u00bb{}\u00a0\u00bb][\/et_pb_button][et_pb_button button_url=\u00a0\u00bbhttps:\/\/zcal.co\/kinesiohumaine\/Animale\u00a0\u00bb button_text=\u00a0\u00bbRendez-vous kin\u00e9sio animale\u00a0\u00bb button_alignment=\u00a0\u00bbcenter\u00a0\u00bb _builder_version=\u00a0\u00bb4.27.0&Prime; _module_preset=\u00a0\u00bbdefault\u00a0\u00bb custom_button=\u00a0\u00bbon\u00a0\u00bb button_text_color=\u00a0\u00bb#7F6A93&Prime; button_bg_color=\u00a0\u00bb#F7E9E9&Prime; button_border_color=\u00a0\u00bbRGBA(255,255,255,0)\u00a0\u00bb button_border_radius=\u00a0\u00bb39px\u00a0\u00bb button_letter_spacing=\u00a0\u00bb4px\u00a0\u00bb animation_style=\u00a0\u00bbbounce\u00a0\u00bb global_colors_info=\u00a0\u00bb{}\u00a0\u00bb][\/et_pb_button][\/et_pb_column][\/et_pb_row][\/et_pb_section][et_pb_section fb_built=\u00a0\u00bb1&Prime; _builder_version=\u00a0\u00bb4.27.0&Prime; _module_preset=\u00a0\u00bbdefault\u00a0\u00bb background_color=\u00a0\u00bb#F7E9E9&Prime; global_colors_info=\u00a0\u00bb{}\u00a0\u00bb][et_pb_row _builder_version=\u00a0\u00bb4.27.0&Prime; _module_preset=\u00a0\u00bbdefault\u00a0\u00bb global_colors_info=\u00a0\u00bb{}\u00a0\u00bb][et_pb_column type=\u00a0\u00bb4_4&Prime; _builder_version=\u00a0\u00bb4.27.0&Prime; _module_preset=\u00a0\u00bbdefault\u00a0\u00bb global_colors_info=\u00a0\u00bb{}\u00a0\u00bb][et_pb_heading title=\u00a0\u00bbLes adultes, les enfants, et m\u00eame les animaux peuvent souffrir de maux qui perturbent leur \u00e9quilibre \u00a0\u00bb _builder_version=\u00a0\u00bb4.27.0&Prime; _module_preset=\u00a0\u00bbdefault\u00a0\u00bb title_font=\u00a0\u00bb&#8211;et_global_body_font||||||||\u00a0\u00bb title_text_align=\u00a0\u00bbcenter\u00a0\u00bb title_text_color=\u00a0\u00bb#7F6A93&Prime; title_font_size=\u00a0\u00bb24px\u00a0\u00bb animation_style=\u00a0\u00bbfade\u00a0\u00bb global_colors_info=\u00a0\u00bb{}\u00a0\u00bb][\/et_pb_heading][\/et_pb_column][\/et_pb_row][\/et_pb_section][et_pb_section fb_built=\u00a0\u00bb1&Prime; disabled_on=\u00a0\u00bbon|on|off\u00a0\u00bb _builder_version=\u00a0\u00bb4.27.0&Prime; _module_preset=\u00a0\u00bbdefault\u00a0\u00bb background_color=\u00a0\u00bb#9DB5B2&Prime; global_colors_info=\u00a0\u00bb{}\u00a0\u00bb][et_pb_row _builder_version=\u00a0\u00bb4.27.0&Prime; _module_preset=\u00a0\u00bbdefault\u00a0\u00bb global_colors_info=\u00a0\u00bb{}\u00a0\u00bb][et_pb_column type=\u00a0\u00bb4_4&Prime; _builder_version=\u00a0\u00bb4.27.0&Prime; _module_preset=\u00a0\u00bbdefault\u00a0\u00bb global_colors_info=\u00a0\u00bb{}\u00a0\u00bb][et_pb_heading title=\u00a0\u00bbPour les adultes\u00a0\u00bb _builder_version=\u00a0\u00bb4.27.0&Prime; _module_preset=\u00a0\u00bbdefault\u00a0\u00bb title_font=\u00a0\u00bb&#8211;et_global_body_font||||||||\u00a0\u00bb title_text_align=\u00a0\u00bbcenter\u00a0\u00bb title_text_color=\u00a0\u00bb#7F6A93&Prime; global_colors_info=\u00a0\u00bb{}\u00a0\u00bb][\/et_pb_heading][\/et_pb_column][\/et_pb_row][\/et_pb_section][et_pb_section fb_built=\u00a0\u00bb1&Prime; disabled_on=\u00a0\u00bbon|on|off\u00a0\u00bb _builder_version=\u00a0\u00bb4.27.0&Prime; _module_preset=\u00a0\u00bbdefault\u00a0\u00bb background_color=\u00a0\u00bb#9DB5B2&Prime; global_colors_info=\u00a0\u00bb{}\u00a0\u00bb][et_pb_row column_structure=\u00a0\u00bb1_2,1_2&Prime; _builder_version=\u00a0\u00bb4.27.0&Prime; _module_preset=\u00a0\u00bbdefault\u00a0\u00bb global_colors_info=\u00a0\u00bb{}\u00a0\u00bb][et_pb_column type=\u00a0\u00bb1_2&Prime; _builder_version=\u00a0\u00bb4.27.0&Prime; _module_preset=\u00a0\u00bbdefault\u00a0\u00bb global_colors_info=\u00a0\u00bb{}\u00a0\u00bb][et_pb_image src=\u00a0\u00bbhttp:\/\/ekineisis.fr\/wp-content\/uploads\/2025\/06\/image006.jpg\u00a0\u00bb alt=\u00a0\u00bbC\u00e9line EYMERY Kin\u00e9siologue Kin\u00e9siologue humaine et animale et lib\u00e9ration cranio-sacr\u00e9e\u00a0\u00bb title_text=\u00a0\u00bbC\u00e9line EYMERY Kin\u00e9siologue Kin\u00e9siologue humaine et animale et lib\u00e9ration cranio-sacr\u00e9e\u00a0\u00bb _builder_version=\u00a0\u00bb4.27.0&Prime; _module_preset=\u00a0\u00bbdefault\u00a0\u00bb module_alignment=\u00a0\u00bbcenter\u00a0\u00bb global_colors_info=\u00a0\u00bb{}\u00a0\u00bb][\/et_pb_image][\/et_pb_column][et_pb_column type=\u00a0\u00bb1_2&Prime; _builder_version=\u00a0\u00bb4.27.0&Prime; _module_preset=\u00a0\u00bbdefault\u00a0\u00bb global_colors_info=\u00a0\u00bb{}\u00a0\u00bb][et_pb_text _builder_version=\u00a0\u00bb4.27.0&Prime; _module_preset=\u00a0\u00bbdefault\u00a0\u00bb module_alignment=\u00a0\u00bbleft\u00a0\u00bb global_colors_info=\u00a0\u00bb{}\u00a0\u00bb]<\/p>\n<ul>\n<li><strong>Gestion du stress quotidien et des pressions professionnelles ou familiales<\/strong> : le stress li\u00e9 au travail, aux responsabilit\u00e9s familiales, et aux attentes sociales peut mener \u00e0 des \u00e9tats de tension difficilement g\u00e9rables.<\/li>\n<li><strong>Troubles du sommeil<\/strong> : un sommeil perturb\u00e9 ou non r\u00e9parateur peut nuire \u00e0 la vitalit\u00e9, \u00e0 la concentration, et entra\u00eener de l\u2019\u00e9puisement.<\/li>\n<li><strong>Douleurs chroniques<\/strong> : des douleurs persistantes dans le dos, le cou ou les articulations qui ne s\u2019am\u00e9liorent pas avec des traitements traditionnels peuvent \u00eatre li\u00e9es \u00e0 des tensions \u00e9motionnelles et \u00e0 des blocages \u00e9nerg\u00e9tiques.<\/li>\n<li><strong>Gestion des \u00e9motions<\/strong> : des \u00e9motions comme la col\u00e8re, la tristesse ou l\u2019anxi\u00e9t\u00e9 peuvent s\u2019accumuler et cr\u00e9er des blocages \u00e9motionnels ou des r\u00e9actions excessives dans les situations de stress.<\/li>\n<li><strong>Fatigue constante<\/strong> : malgr\u00e9 des nuits de sommeil, une fatigue constante peut \u00eatre le signe d\u2019un d\u00e9s\u00e9quilibre \u00e9nerg\u00e9tique, parfois li\u00e9 \u00e0 une charge mentale trop lourde.<\/li>\n<li><strong>Manque de confiance en soi et difficult\u00e9s \u00e0 s\u2019affirmer<\/strong> : que ce soit dans la vie professionnelle ou personnelle, le manque d\u2019assurance peut limiter le d\u00e9veloppement personnel et mener \u00e0 des frustrations r\u00e9p\u00e9t\u00e9es.<\/li>\n<li><strong>Troubles digestifs li\u00e9s au stress<\/strong> : des inconforts digestifs comme des ballonnements ou des douleurs abdominales peuvent \u00eatre li\u00e9s aux \u00e9motions refoul\u00e9es et au stress chronique.<\/li>\n<li><strong>Tensions relationnelles<\/strong> : des incompr\u00e9hensions avec les proches, les amis ou les coll\u00e8gues peuvent g\u00e9n\u00e9rer des tensions internes et des frustrations qui affectent l\u2019\u00e9quilibre personnel.<\/li>\n<li><strong>D\u00e9connexion entre le corps et l\u2019esprit<\/strong> : un sentiment de mal-\u00eatre g\u00e9n\u00e9ral peut d\u00e9couler d\u2019une difficult\u00e9 \u00e0 aligner les besoins physiques avec les aspirations \u00e9motionnelles, menant \u00e0 un d\u00e9s\u00e9quilibre global.<\/li>\n<li><strong>Surmonter un choc \u00e9motionnel ou un changement de vie<\/strong> : un divorce, une perte, ou un changement important peuvent laisser des empreintes \u00e9motionnelles profondes qui freinent l\u2019adaptation et le bien-\u00eatre.<\/li>\n<\/ul>\n<p>[\/et_pb_text][et_pb_text _builder_version=\u00a0\u00bb4.27.0&Prime; _module_preset=\u00a0\u00bbdefault\u00a0\u00bb text_text_color=\u00a0\u00bb#F7E9E9&Prime; global_colors_info=\u00a0\u00bb{}\u00a0\u00bb]<\/p>\n<p><strong>La kin\u00e9siologie ne remplace en rien un consultation chez un m\u00e9decin<\/strong><\/p>\n<p>[\/et_pb_text][et_pb_button button_url=\u00a0\u00bbhttps:\/\/zcal.co\/kinesiohumaine\/ekineisis\u00a0\u00bb button_text=\u00a0\u00bbRendez-vous kin\u00e9sio humaine\u00a0\u00bb button_alignment=\u00a0\u00bbcenter\u00a0\u00bb _builder_version=\u00a0\u00bb4.27.0&Prime; _module_preset=\u00a0\u00bbdefault\u00a0\u00bb custom_button=\u00a0\u00bbon\u00a0\u00bb button_text_color=\u00a0\u00bb#FFFFFF\u00a0\u00bb button_bg_color=\u00a0\u00bb#7F6A93&Prime; button_border_color=\u00a0\u00bbRGBA(255,255,255,0)\u00a0\u00bb button_border_radius=\u00a0\u00bb13px\u00a0\u00bb button_letter_spacing=\u00a0\u00bb4px\u00a0\u00bb animation_style=\u00a0\u00bbbounce\u00a0\u00bb global_colors_info=\u00a0\u00bb{}\u00a0\u00bb][\/et_pb_button][\/et_pb_column][\/et_pb_row][\/et_pb_section][et_pb_section fb_built=\u00a0\u00bb1&Prime; disabled_on=\u00a0\u00bbon|on|off\u00a0\u00bb _builder_version=\u00a0\u00bb4.27.0&Prime; _module_preset=\u00a0\u00bbdefault\u00a0\u00bb background_color=\u00a0\u00bb#9DB5B2&Prime; global_colors_info=\u00a0\u00bb{}\u00a0\u00bb][et_pb_row _builder_version=\u00a0\u00bb4.27.0&Prime; _module_preset=\u00a0\u00bbdefault\u00a0\u00bb global_colors_info=\u00a0\u00bb{}\u00a0\u00bb][et_pb_column type=\u00a0\u00bb4_4&Prime; _builder_version=\u00a0\u00bb4.27.0&Prime; _module_preset=\u00a0\u00bbdefault\u00a0\u00bb global_colors_info=\u00a0\u00bb{}\u00a0\u00bb][et_pb_heading title=\u00a0\u00bbPour les enfants\u00a0\u00bb _builder_version=\u00a0\u00bb4.27.0&Prime; _module_preset=\u00a0\u00bbdefault\u00a0\u00bb title_font=\u00a0\u00bb&#8211;et_global_body_font||||||||\u00a0\u00bb title_text_align=\u00a0\u00bbcenter\u00a0\u00bb title_text_color=\u00a0\u00bb#7F6A93&Prime; global_colors_info=\u00a0\u00bb{}\u00a0\u00bb][\/et_pb_heading][\/et_pb_column][\/et_pb_row][\/et_pb_section][et_pb_section fb_built=\u00a0\u00bb1&Prime; disabled_on=\u00a0\u00bbon|on|off\u00a0\u00bb _builder_version=\u00a0\u00bb4.27.0&Prime; _module_preset=\u00a0\u00bbdefault\u00a0\u00bb background_color=\u00a0\u00bb#9DB5B2&Prime; global_colors_info=\u00a0\u00bb{}\u00a0\u00bb][et_pb_row column_structure=\u00a0\u00bb1_2,1_2&Prime; _builder_version=\u00a0\u00bb4.27.0&Prime; _module_preset=\u00a0\u00bbdefault\u00a0\u00bb global_colors_info=\u00a0\u00bb{}\u00a0\u00bb][et_pb_column type=\u00a0\u00bb1_2&Prime; _builder_version=\u00a0\u00bb4.27.0&Prime; _module_preset=\u00a0\u00bbdefault\u00a0\u00bb global_colors_info=\u00a0\u00bb{}\u00a0\u00bb][et_pb_image src=\u00a0\u00bbhttp:\/\/ekineisis.fr\/wp-content\/uploads\/2025\/06\/IMG_20241130_134106_266.webp\u00a0\u00bb alt=\u00a0\u00bbC\u00e9line EYMERY Kin\u00e9siologue Kin\u00e9siologue humaine et animale et lib\u00e9ration cranio-sacr\u00e9e\u00a0\u00bb title_text=\u00a0\u00bbC\u00e9line EYMERY Kin\u00e9siologue Kin\u00e9siologue humaine et animale et lib\u00e9ration cranio-sacr\u00e9e\u00a0\u00bb _builder_version=\u00a0\u00bb4.27.0&Prime; _module_preset=\u00a0\u00bbdefault\u00a0\u00bb global_colors_info=\u00a0\u00bb{}\u00a0\u00bb][\/et_pb_image][\/et_pb_column][et_pb_column type=\u00a0\u00bb1_2&Prime; _builder_version=\u00a0\u00bb4.27.0&Prime; _module_preset=\u00a0\u00bbdefault\u00a0\u00bb global_colors_info=\u00a0\u00bb{}\u00a0\u00bb][et_pb_text _builder_version=\u00a0\u00bb4.27.0&Prime; _module_preset=\u00a0\u00bbdefault\u00a0\u00bb module_alignment=\u00a0\u00bbleft\u00a0\u00bb global_colors_info=\u00a0\u00bb{}\u00a0\u00bb]<\/p>\n<ul>\n<li><strong>Difficult\u00e9s \u00e0 g\u00e9rer le stress scolaire<\/strong> : des pressions scolaires ou des difficult\u00e9s d\u2019apprentissage peuvent g\u00e9n\u00e9rer de l\u2019anxi\u00e9t\u00e9, de l&rsquo;inqui\u00e9tude ou un manque de confiance en soi.<\/li>\n<li><strong>Troubles du sommeil<\/strong> : un sommeil agit\u00e9 ou des r\u00e9veils fr\u00e9quents peuvent perturber l\u2019\u00e9nergie de l\u2019enfant et ses capacit\u00e9s de concentration en classe.<\/li>\n<li><strong>Hyperactivit\u00e9 ou difficult\u00e9s d\u2019attention<\/strong> : des probl\u00e8mes de concentration ou d\u2019hyperactivit\u00e9, souvent associ\u00e9s au stress, peuvent rendre l\u2019apprentissage difficile.<\/li>\n<li><strong>Probl\u00e8mes \u00e9motionnels<\/strong> : des \u00e9motions telles que la col\u00e8re, la tristesse ou la peur peuvent \u00eatre ressenties intens\u00e9ment chez les enfants, causant parfois des blocages \u00e9motionnels ou des r\u00e9actions inattendues.<\/li>\n<li><strong>Manque de confiance en soi et timidit\u00e9<\/strong> : certains enfants peuvent \u00e9prouver des difficult\u00e9s \u00e0 s\u2019int\u00e9grer, \u00e0 s\u2019exprimer ou \u00e0 interagir avec les autres, entra\u00eenant des sentiments d\u2019ins\u00e9curit\u00e9 ou de retrait.<\/li>\n<li><strong>Douleurs physiques r\u00e9currentes<\/strong> : des douleurs au ventre, maux de t\u00eate ou autres inconforts corporels peuvent \u00eatre li\u00e9s \u00e0 des tensions \u00e9motionnelles ou \u00e0 du stress, parfois difficile \u00e0 exprimer verbalement.<\/li>\n<li><strong>Changements dans le comportement<\/strong> : un changement brusque de comportement, comme de la col\u00e8re inexpliqu\u00e9e ou du retrait, peut signaler un d\u00e9s\u00e9quilibre \u00e9motionnel ou un stress accumul\u00e9.<\/li>\n<li><strong>\u00c9preuves de vie difficiles<\/strong> : la s\u00e9paration des parents, un d\u00e9m\u00e9nagement, ou la perte d\u2019un proche peuvent affecter profond\u00e9ment l\u2019\u00e9quilibre \u00e9motionnel de l\u2019enfant, le rendant plus vuln\u00e9rable.<\/li>\n<li><strong>Probl\u00e8mes de relation avec les camarades<\/strong> : des tensions avec les amis ou des conflits \u00e0 l\u2019\u00e9cole peuvent g\u00e9n\u00e9rer du stress et un sentiment d\u2019isolement.<\/li>\n<\/ul>\n<p>[\/et_pb_text][et_pb_text _builder_version=\u00a0\u00bb4.27.0&Prime; _module_preset=\u00a0\u00bbdefault\u00a0\u00bb text_text_color=\u00a0\u00bb#7F6A93&Prime; global_colors_info=\u00a0\u00bb{}\u00a0\u00bb]<\/p>\n<p><strong>La kin\u00e9siologie ne remplace en rien un consultation chez un m\u00e9decin.<\/strong><\/p>\n<p>[\/et_pb_text][et_pb_button button_url=\u00a0\u00bbhttps:\/\/zcal.co\/kinesiohumaine\/ekineisis\u00a0\u00bb button_text=\u00a0\u00bbRendez-vous kin\u00e9sio humaine\u00a0\u00bb button_alignment=\u00a0\u00bbcenter\u00a0\u00bb _builder_version=\u00a0\u00bb4.27.0&Prime; _module_preset=\u00a0\u00bbdefault\u00a0\u00bb custom_button=\u00a0\u00bbon\u00a0\u00bb button_text_color=\u00a0\u00bb#FFFFFF\u00a0\u00bb button_bg_color=\u00a0\u00bb#7F6A93&Prime; button_border_color=\u00a0\u00bbRGBA(255,255,255,0)\u00a0\u00bb button_border_radius=\u00a0\u00bb13px\u00a0\u00bb button_letter_spacing=\u00a0\u00bb4px\u00a0\u00bb animation_style=\u00a0\u00bbbounce\u00a0\u00bb global_colors_info=\u00a0\u00bb{}\u00a0\u00bb][\/et_pb_button][\/et_pb_column][\/et_pb_row][\/et_pb_section][et_pb_section fb_built=\u00a0\u00bb1&Prime; disabled_on=\u00a0\u00bboff|off|on\u00a0\u00bb _builder_version=\u00a0\u00bb4.27.0&Prime; _module_preset=\u00a0\u00bbdefault\u00a0\u00bb background_color=\u00a0\u00bb#9DB5B2&Prime; global_colors_info=\u00a0\u00bb{}\u00a0\u00bb][et_pb_row _builder_version=\u00a0\u00bb4.27.0&Prime; _module_preset=\u00a0\u00bbdefault\u00a0\u00bb global_colors_info=\u00a0\u00bb{}\u00a0\u00bb][et_pb_column type=\u00a0\u00bb4_4&Prime; _builder_version=\u00a0\u00bb4.27.0&Prime; _module_preset=\u00a0\u00bbdefault\u00a0\u00bb global_colors_info=\u00a0\u00bb{}\u00a0\u00bb][et_pb_heading title=\u00a0\u00bbPour les adultes\u00a0\u00bb _builder_version=\u00a0\u00bb4.27.0&Prime; _module_preset=\u00a0\u00bbdefault\u00a0\u00bb title_font=\u00a0\u00bb&#8211;et_global_body_font||||||||\u00a0\u00bb title_text_align=\u00a0\u00bbcenter\u00a0\u00bb title_text_color=\u00a0\u00bb#7F6A93&Prime; global_colors_info=\u00a0\u00bb{}\u00a0\u00bb][\/et_pb_heading][\/et_pb_column][\/et_pb_row][\/et_pb_section][et_pb_section fb_built=\u00a0\u00bb1&Prime; disabled_on=\u00a0\u00bboff|off|on\u00a0\u00bb _builder_version=\u00a0\u00bb4.27.0&Prime; _module_preset=\u00a0\u00bbdefault\u00a0\u00bb background_color=\u00a0\u00bb#9DB5B2&Prime; global_colors_info=\u00a0\u00bb{}\u00a0\u00bb][et_pb_row column_structure=\u00a0\u00bb1_2,1_2&Prime; _builder_version=\u00a0\u00bb4.27.0&Prime; _module_preset=\u00a0\u00bbdefault\u00a0\u00bb global_colors_info=\u00a0\u00bb{}\u00a0\u00bb][et_pb_column type=\u00a0\u00bb1_2&Prime; _builder_version=\u00a0\u00bb4.27.0&Prime; _module_preset=\u00a0\u00bbdefault\u00a0\u00bb global_colors_info=\u00a0\u00bb{}\u00a0\u00bb][et_pb_image src=\u00a0\u00bbhttp:\/\/ekineisis.fr\/wp-content\/uploads\/2025\/06\/image006.jpg\u00a0\u00bb alt=\u00a0\u00bbC\u00e9line EYMERY Kin\u00e9siologue Kin\u00e9siologue humaine et animale et lib\u00e9ration cranio-sacr\u00e9e\u00a0\u00bb title_text=\u00a0\u00bbC\u00e9line EYMERY Kin\u00e9siologue Kin\u00e9siologue humaine et animale et lib\u00e9ration cranio-sacr\u00e9e\u00a0\u00bb _builder_version=\u00a0\u00bb4.27.0&Prime; _module_preset=\u00a0\u00bbdefault\u00a0\u00bb global_colors_info=\u00a0\u00bb{}\u00a0\u00bb][\/et_pb_image][\/et_pb_column][et_pb_column type=\u00a0\u00bb1_2&Prime; _builder_version=\u00a0\u00bb4.27.0&Prime; _module_preset=\u00a0\u00bbdefault\u00a0\u00bb global_colors_info=\u00a0\u00bb{}\u00a0\u00bb][et_pb_text _builder_version=\u00a0\u00bb4.27.0&Prime; _module_preset=\u00a0\u00bbdefault\u00a0\u00bb module_alignment=\u00a0\u00bbleft\u00a0\u00bb global_colors_info=\u00a0\u00bb{}\u00a0\u00bb]<\/p>\n<ul>\n<li>Des difficult\u00e9s \u00e0 g\u00e9rer les tensions quotidiennes, les pressions professionnelles ou familiales<\/li>\n<li>Des insomnies ou sommeil non r\u00e9parateur qui impactent l&rsquo;\u00e9nergie et la concentration<\/li>\n<li>Des douleurs chroniques au dos, au cou ou aux articulations qui ne s&rsquo;am\u00e9liorent pas avec les traitements classiques<\/li>\n<li>Des difficult\u00e9s \u00e0 g\u00e9rer des \u00e9motions comme la col\u00e8re, la tristesse, ou la frustration, menant \u00e0 des blocages \u00e9motionnels<\/li>\n<li>Des sensation de fatigue constante, m\u00eame apr\u00e8s une nuit de repos, et un manque d&rsquo;\u00e9nergie g\u00e9n\u00e9ral<\/li>\n<li>Un sentiment d&rsquo;ins\u00e9curit\u00e9 ou des difficult\u00e9s \u00e0 s&rsquo;affirmer dans les situations personnelles ou professionnelles<\/li>\n<li>Des ballonnements, des douleurs ou inconfort digestif souvent en lien avec le stress<\/li>\n<li>Des tensions familiales, amicales ou professionnelles, avec un sentiment de ne pas comprendre ou se faire comprendre<\/li>\n<li>Un sentiment de d\u00e9connexion entre les besoins physiques et \u00e9motionnels, menant \u00e0 un mal-\u00eatre g\u00e9n\u00e9ral<\/li>\n<li>Suite \u00e0 une perte, un choc \u00e9motionnel, ou un changement important de vie<\/li>\n<\/ul>\n<p>[\/et_pb_text][et_pb_text _builder_version=\u00a0\u00bb4.27.0&Prime; _module_preset=\u00a0\u00bbdefault\u00a0\u00bb text_text_color=\u00a0\u00bb#F7E9E9&Prime; global_colors_info=\u00a0\u00bb{}\u00a0\u00bb]<\/p>\n<p><strong>La kin\u00e9siologie ne remplace en rien un consultation chez un m\u00e9decin.<\/strong><\/p>\n<p>[\/et_pb_text][et_pb_button button_url=\u00a0\u00bbhttps:\/\/zcal.co\/kinesiohumaine\/ekineisis\u00a0\u00bb button_text=\u00a0\u00bbRendez-vous kin\u00e9sio humaine\u00a0\u00bb button_alignment=\u00a0\u00bbcenter\u00a0\u00bb _builder_version=\u00a0\u00bb4.27.0&Prime; _module_preset=\u00a0\u00bbdefault\u00a0\u00bb custom_button=\u00a0\u00bbon\u00a0\u00bb button_text_color=\u00a0\u00bb#FFFFFF\u00a0\u00bb button_bg_color=\u00a0\u00bb#7F6A93&Prime; button_border_width=\u00a0\u00bb5px\u00a0\u00bb button_border_color=\u00a0\u00bbRGBA(255,255,255,0)\u00a0\u00bb button_border_radius=\u00a0\u00bb39px\u00a0\u00bb button_letter_spacing=\u00a0\u00bb4px\u00a0\u00bb animation_style=\u00a0\u00bbbounce\u00a0\u00bb global_colors_info=\u00a0\u00bb{}\u00a0\u00bb][\/et_pb_button][\/et_pb_column][\/et_pb_row][\/et_pb_section][et_pb_section fb_built=\u00a0\u00bb1&Prime; disabled_on=\u00a0\u00bboff|off|on\u00a0\u00bb _builder_version=\u00a0\u00bb4.27.0&Prime; _module_preset=\u00a0\u00bbdefault\u00a0\u00bb background_color=\u00a0\u00bb#9DB5B2&Prime; global_colors_info=\u00a0\u00bb{}\u00a0\u00bb][et_pb_row _builder_version=\u00a0\u00bb4.27.0&Prime; _module_preset=\u00a0\u00bbdefault\u00a0\u00bb global_colors_info=\u00a0\u00bb{}\u00a0\u00bb][et_pb_column type=\u00a0\u00bb4_4&Prime; _builder_version=\u00a0\u00bb4.27.0&Prime; _module_preset=\u00a0\u00bbdefault\u00a0\u00bb global_colors_info=\u00a0\u00bb{}\u00a0\u00bb][et_pb_heading title=\u00a0\u00bbPour les enfants\u00a0\u00bb _builder_version=\u00a0\u00bb4.27.0&Prime; _module_preset=\u00a0\u00bbdefault\u00a0\u00bb title_font=\u00a0\u00bb&#8211;et_global_body_font||||||||\u00a0\u00bb title_text_align=\u00a0\u00bbcenter\u00a0\u00bb title_text_color=\u00a0\u00bb#7F6A93&Prime; global_colors_info=\u00a0\u00bb{}\u00a0\u00bb][\/et_pb_heading][\/et_pb_column][\/et_pb_row][\/et_pb_section][et_pb_section fb_built=\u00a0\u00bb1&Prime; disabled_on=\u00a0\u00bboff|off|on\u00a0\u00bb _builder_version=\u00a0\u00bb4.27.0&Prime; _module_preset=\u00a0\u00bbdefault\u00a0\u00bb background_color=\u00a0\u00bb#9DB5B2&Prime; global_colors_info=\u00a0\u00bb{}\u00a0\u00bb][et_pb_row column_structure=\u00a0\u00bb1_2,1_2&Prime; _builder_version=\u00a0\u00bb4.27.0&Prime; _module_preset=\u00a0\u00bbdefault\u00a0\u00bb global_colors_info=\u00a0\u00bb{}\u00a0\u00bb][et_pb_column type=\u00a0\u00bb1_2&Prime; _builder_version=\u00a0\u00bb4.27.0&Prime; _module_preset=\u00a0\u00bbdefault\u00a0\u00bb global_colors_info=\u00a0\u00bb{}\u00a0\u00bb][et_pb_image src=\u00a0\u00bbhttp:\/\/ekineisis.fr\/wp-content\/uploads\/2025\/06\/IMG_20241130_134106_266.webp\u00a0\u00bb alt=\u00a0\u00bbC\u00e9line EYMERY Kin\u00e9siologue Kin\u00e9siologue humaine et animale et lib\u00e9ration cranio-sacr\u00e9e\u00a0\u00bb title_text=\u00a0\u00bbC\u00e9line EYMERY Kin\u00e9siologue Kin\u00e9siologue humaine et animale et lib\u00e9ration cranio-sacr\u00e9e\u00a0\u00bb _builder_version=\u00a0\u00bb4.27.0&Prime; _module_preset=\u00a0\u00bbdefault\u00a0\u00bb global_colors_info=\u00a0\u00bb{}\u00a0\u00bb][\/et_pb_image][\/et_pb_column][et_pb_column type=\u00a0\u00bb1_2&Prime; _builder_version=\u00a0\u00bb4.27.0&Prime; _module_preset=\u00a0\u00bbdefault\u00a0\u00bb global_colors_info=\u00a0\u00bb{}\u00a0\u00bb][et_pb_text _builder_version=\u00a0\u00bb4.27.0&Prime; _module_preset=\u00a0\u00bbdefault\u00a0\u00bb module_alignment=\u00a0\u00bbleft\u00a0\u00bb global_colors_info=\u00a0\u00bb{}\u00a0\u00bb]<\/p>\n<ul>\n<li><strong>Difficult\u00e9s \u00e0 g\u00e9rer le stress scolaire<\/strong> : des pressions scolaires ou des difficult\u00e9s d\u2019apprentissage peuvent g\u00e9n\u00e9rer de l\u2019anxi\u00e9t\u00e9, de l&rsquo;inqui\u00e9tude ou un manque de confiance en soi.<\/li>\n<li><strong>Troubles du sommeil<\/strong> : un sommeil agit\u00e9 ou des r\u00e9veils fr\u00e9quents peuvent perturber l\u2019\u00e9nergie de l\u2019enfant et ses capacit\u00e9s de concentration en classe.<\/li>\n<li><strong>Hyperactivit\u00e9 ou difficult\u00e9s d\u2019attention<\/strong> : des probl\u00e8mes de concentration ou d\u2019hyperactivit\u00e9, souvent associ\u00e9s au stress, peuvent rendre l\u2019apprentissage difficile.<\/li>\n<li><strong>Probl\u00e8mes \u00e9motionnels<\/strong> : des \u00e9motions telles que la col\u00e8re, la tristesse ou la peur peuvent \u00eatre ressenties intens\u00e9ment chez les enfants, causant parfois des blocages \u00e9motionnels ou des r\u00e9actions inattendues.<\/li>\n<li><strong>Manque de confiance en soi et timidit\u00e9<\/strong> : certains enfants peuvent \u00e9prouver des difficult\u00e9s \u00e0 s\u2019int\u00e9grer, \u00e0 s\u2019exprimer ou \u00e0 interagir avec les autres, entra\u00eenant des sentiments d\u2019ins\u00e9curit\u00e9 ou de retrait.<\/li>\n<li><strong>Douleurs physiques r\u00e9currentes<\/strong> : des douleurs au ventre, maux de t\u00eate ou autres inconforts corporels peuvent \u00eatre li\u00e9s \u00e0 des tensions \u00e9motionnelles ou \u00e0 du stress, parfois difficile \u00e0 exprimer verbalement.<\/li>\n<li><strong>Changements dans le comportement<\/strong> : un changement brusque de comportement, comme de la col\u00e8re inexpliqu\u00e9e ou du retrait, peut signaler un d\u00e9s\u00e9quilibre \u00e9motionnel ou un stress accumul\u00e9.<\/li>\n<li><strong>\u00c9preuves de vie difficiles<\/strong> : la s\u00e9paration des parents, un d\u00e9m\u00e9nagement, ou la perte d\u2019un proche peuvent affecter profond\u00e9ment l\u2019\u00e9quilibre \u00e9motionnel de l\u2019enfant, le rendant plus vuln\u00e9rable.<\/li>\n<li><strong>Probl\u00e8mes de relation avec les camarades<\/strong> : des tensions avec les amis ou des conflits \u00e0 l\u2019\u00e9cole peuvent g\u00e9n\u00e9rer du stress et un sentiment d\u2019isolement.<\/li>\n<\/ul>\n<p>[\/et_pb_text][et_pb_text _builder_version=\u00a0\u00bb4.27.0&Prime; _module_preset=\u00a0\u00bbdefault\u00a0\u00bb text_text_color=\u00a0\u00bb#F7E9E9&Prime; global_colors_info=\u00a0\u00bb{}\u00a0\u00bb]<\/p>\n<p><strong>La kin\u00e9siologie ne remplace en rien un consultation chez un m\u00e9decin.<\/strong><\/p>\n<p>[\/et_pb_text][et_pb_button button_url=\u00a0\u00bbhttps:\/\/zcal.co\/kinesiohumaine\/ekineisis\u00a0\u00bb button_text=\u00a0\u00bbRendez-vous kin\u00e9sio humaine\u00a0\u00bb button_alignment=\u00a0\u00bbcenter\u00a0\u00bb _builder_version=\u00a0\u00bb4.27.0&Prime; _module_preset=\u00a0\u00bbdefault\u00a0\u00bb custom_button=\u00a0\u00bbon\u00a0\u00bb button_text_color=\u00a0\u00bb#FFFFFF\u00a0\u00bb button_bg_color=\u00a0\u00bb#7F6A93&Prime; button_border_width=\u00a0\u00bb2px\u00a0\u00bb button_border_color=\u00a0\u00bbRGBA(255,255,255,0)\u00a0\u00bb button_border_radius=\u00a0\u00bb39px\u00a0\u00bb button_letter_spacing=\u00a0\u00bb4px\u00a0\u00bb animation_style=\u00a0\u00bbbounce\u00a0\u00bb global_colors_info=\u00a0\u00bb{}\u00a0\u00bb][\/et_pb_button][\/et_pb_column][\/et_pb_row][\/et_pb_section][et_pb_section fb_built=\u00a0\u00bb1&Prime; disabled_on=\u00a0\u00bbon|on|off\u00a0\u00bb _builder_version=\u00a0\u00bb4.27.0&Prime; _module_preset=\u00a0\u00bbdefault\u00a0\u00bb background_color=\u00a0\u00bb#F7E9E9&Prime; global_colors_info=\u00a0\u00bb{}\u00a0\u00bb][et_pb_row _builder_version=\u00a0\u00bb4.27.0&Prime; _module_preset=\u00a0\u00bbdefault\u00a0\u00bb global_colors_info=\u00a0\u00bb{}\u00a0\u00bb][et_pb_column type=\u00a0\u00bb4_4&Prime; _builder_version=\u00a0\u00bb4.27.0&Prime; _module_preset=\u00a0\u00bbdefault\u00a0\u00bb global_colors_info=\u00a0\u00bb{}\u00a0\u00bb][et_pb_heading title=\u00a0\u00bbPour les animaux\u00a0\u00bb _builder_version=\u00a0\u00bb4.27.0&Prime; _module_preset=\u00a0\u00bbdefault\u00a0\u00bb title_font=\u00a0\u00bb&#8211;et_global_body_font||||||||\u00a0\u00bb title_text_align=\u00a0\u00bbcenter\u00a0\u00bb title_text_color=\u00a0\u00bb#7F6A93&Prime; global_colors_info=\u00a0\u00bb{}\u00a0\u00bb][\/et_pb_heading][\/et_pb_column][\/et_pb_row][\/et_pb_section][et_pb_section fb_built=\u00a0\u00bb1&Prime; disabled_on=\u00a0\u00bbon|on|off\u00a0\u00bb _builder_version=\u00a0\u00bb4.27.0&Prime; _module_preset=\u00a0\u00bbdefault\u00a0\u00bb background_color=\u00a0\u00bb#9DB5B2&Prime; global_colors_info=\u00a0\u00bb{}\u00a0\u00bb][et_pb_row column_structure=\u00a0\u00bb1_2,1_2&Prime; _builder_version=\u00a0\u00bb4.27.0&Prime; _module_preset=\u00a0\u00bbdefault\u00a0\u00bb global_colors_info=\u00a0\u00bb{}\u00a0\u00bb][et_pb_column type=\u00a0\u00bb1_2&Prime; _builder_version=\u00a0\u00bb4.27.0&Prime; _module_preset=\u00a0\u00bbdefault\u00a0\u00bb global_colors_info=\u00a0\u00bb{}\u00a0\u00bb][et_pb_image src=\u00a0\u00bbhttp:\/\/ekineisis.fr\/wp-content\/uploads\/2024\/11\/Design-sans-titre-24.png\u00a0\u00bb alt=\u00a0\u00bbC\u00e9line EYMERY Kin\u00e9siologue Kin\u00e9siologue humaine et animale et lib\u00e9ration cranio-sacr\u00e9e\u00a0\u00bb title_text=\u00a0\u00bbC\u00e9line EYMERY Kin\u00e9siologue Kin\u00e9siologue humaine et animale et lib\u00e9ration cranio-sacr\u00e9e\u00a0\u00bb _builder_version=\u00a0\u00bb4.27.0&Prime; _module_preset=\u00a0\u00bbdefault\u00a0\u00bb global_colors_info=\u00a0\u00bb{}\u00a0\u00bb][\/et_pb_image][\/et_pb_column][et_pb_column type=\u00a0\u00bb1_2&Prime; _builder_version=\u00a0\u00bb4.27.0&Prime; _module_preset=\u00a0\u00bbdefault\u00a0\u00bb global_colors_info=\u00a0\u00bb{}\u00a0\u00bb][et_pb_text _builder_version=\u00a0\u00bb4.27.0&Prime; _module_preset=\u00a0\u00bbdefault\u00a0\u00bb global_colors_info=\u00a0\u00bb{}\u00a0\u00bb]<\/p>\n<ul>\n<li><strong>Stress li\u00e9 \u00e0 des changements d\u2019environnement<\/strong> : un d\u00e9m\u00e9nagement, l\u2019arriv\u00e9e d\u2019un nouvel animal ou d\u2019un b\u00e9b\u00e9, ou tout autre changement soudain peuvent perturber l\u2019\u00e9quilibre de l\u2019animal, g\u00e9n\u00e9rant des comportements inhabituels.<\/li>\n<li><strong>Peurs et anxi\u00e9t\u00e9<\/strong> : des bruits forts, comme les orages ou les feux d\u2019artifice, ou des situations stressantes, comme les visites chez le v\u00e9t\u00e9rinaire, peuvent cr\u00e9er de l\u2019anxi\u00e9t\u00e9 chez certains animaux.<\/li>\n<li><strong>Troubles du comportement<\/strong> : l\u2019agressivit\u00e9, la destruction d\u2019objets, le marquage excessif ou d\u2019autres comportements probl\u00e9matiques peuvent parfois r\u00e9sulter de d\u00e9s\u00e9quilibres \u00e9motionnels.<\/li>\n<li><strong>Difficult\u00e9s d\u2019adaptation<\/strong> : certains animaux montrent des difficult\u00e9s \u00e0 s\u2019adapter \u00e0 de nouvelles situations, ce qui peut \u00eatre un signe de stress ou d\u2019inconfort \u00e9motionnel.<\/li>\n<li><strong>Douleurs physiques inexpliqu\u00e9es<\/strong> : des douleurs persistantes, de l\u2019arthrose ou des raideurs articulaires peuvent \u00eatre li\u00e9es \u00e0 des blocages \u00e9nerg\u00e9tiques et un stress \u00e9motionnel.<\/li>\n<li><strong>Fatigue ou apathie inhabituelle<\/strong> : un manque d\u2019\u00e9nergie ou un comportement l\u00e9thargique peut \u00eatre le signe d\u2019un d\u00e9s\u00e9quilibre interne, surtout si l\u2019animal \u00e9tait auparavant plus dynamique.<\/li>\n<li><strong>Troubles digestifs<\/strong> : des vomissements, de la diarrh\u00e9e ou des probl\u00e8mes digestifs peuvent parfois \u00eatre associ\u00e9s \u00e0 des tensions \u00e9motionnelles, surtout en p\u00e9riode de changement ou de stress.<\/li>\n<li><strong>Traumatismes anciens<\/strong> : un animal ayant v\u00e9cu des situations difficiles (abandon, maltraitance, accidents) peut garder des marques \u00e9motionnelles qui influencent son comportement et sa relation avec son environnement.<\/li>\n<li><strong>Relations difficiles avec les autres animaux ou les humains<\/strong> : des difficult\u00e9s de cohabitation ou un comportement agressif envers d\u2019autres animaux ou des humains peuvent indiquer des tensions ou des peurs non r\u00e9solues.<\/li>\n<li><strong>R\u00e9actions disproportionn\u00e9es<\/strong> : certains animaux r\u00e9agissent de mani\u00e8re excessive \u00e0 de petites situations, ce qui peut \u00eatre un signe de blocage \u00e9motionnel.<\/li>\n<\/ul>\n<p>[\/et_pb_text][et_pb_button button_url=\u00a0\u00bbhttps:\/\/zcal.co\/kinesiohumaine\/Animale\u00a0\u00bb button_text=\u00a0\u00bbRendez-vous kin\u00e9sio animale\u00a0\u00bb button_alignment=\u00a0\u00bbcenter\u00a0\u00bb _builder_version=\u00a0\u00bb4.27.0&Prime; _module_preset=\u00a0\u00bbdefault\u00a0\u00bb custom_button=\u00a0\u00bbon\u00a0\u00bb button_text_color=\u00a0\u00bb#FFFFFF\u00a0\u00bb button_bg_color=\u00a0\u00bb#7F6A93&Prime; button_border_color=\u00a0\u00bbRGBA(255,255,255,0)\u00a0\u00bb button_border_radius=\u00a0\u00bb13px\u00a0\u00bb button_letter_spacing=\u00a0\u00bb4px\u00a0\u00bb animation_style=\u00a0\u00bbbounce\u00a0\u00bb global_colors_info=\u00a0\u00bb{}\u00a0\u00bb][\/et_pb_button][\/et_pb_column][\/et_pb_row][\/et_pb_section][et_pb_section fb_built=\u00a0\u00bb1&Prime; disabled_on=\u00a0\u00bboff|off|on\u00a0\u00bb _builder_version=\u00a0\u00bb4.27.0&Prime; _module_preset=\u00a0\u00bbdefault\u00a0\u00bb background_color=\u00a0\u00bb#9DB5B2&Prime; global_colors_info=\u00a0\u00bb{}\u00a0\u00bb][et_pb_row _builder_version=\u00a0\u00bb4.27.0&Prime; _module_preset=\u00a0\u00bbdefault\u00a0\u00bb global_colors_info=\u00a0\u00bb{}\u00a0\u00bb][et_pb_column type=\u00a0\u00bb4_4&Prime; _builder_version=\u00a0\u00bb4.27.0&Prime; _module_preset=\u00a0\u00bbdefault\u00a0\u00bb global_colors_info=\u00a0\u00bb{}\u00a0\u00bb][et_pb_heading title=\u00a0\u00bbPour les animaux\u00a0\u00bb _builder_version=\u00a0\u00bb4.27.0&Prime; _module_preset=\u00a0\u00bbdefault\u00a0\u00bb title_font=\u00a0\u00bb&#8211;et_global_body_font|||||||#7F6A93|\u00a0\u00bb title_text_align=\u00a0\u00bbcenter\u00a0\u00bb title_text_color=\u00a0\u00bb#7F6A93&Prime; global_colors_info=\u00a0\u00bb{}\u00a0\u00bb][\/et_pb_heading][\/et_pb_column][\/et_pb_row][\/et_pb_section][et_pb_section fb_built=\u00a0\u00bb1&Prime; disabled_on=\u00a0\u00bboff|off|on\u00a0\u00bb _builder_version=\u00a0\u00bb4.27.0&Prime; _module_preset=\u00a0\u00bbdefault\u00a0\u00bb background_color=\u00a0\u00bb#9DB5B2&Prime; global_colors_info=\u00a0\u00bb{}\u00a0\u00bb][et_pb_row column_structure=\u00a0\u00bb1_2,1_2&Prime; _builder_version=\u00a0\u00bb4.27.0&Prime; _module_preset=\u00a0\u00bbdefault\u00a0\u00bb global_colors_info=\u00a0\u00bb{}\u00a0\u00bb][et_pb_column type=\u00a0\u00bb1_2&Prime; _builder_version=\u00a0\u00bb4.27.0&Prime; _module_preset=\u00a0\u00bbdefault\u00a0\u00bb global_colors_info=\u00a0\u00bb{}\u00a0\u00bb][et_pb_image src=\u00a0\u00bbhttp:\/\/ekineisis.fr\/wp-content\/uploads\/2024\/11\/Design-sans-titre-24.png\u00a0\u00bb alt=\u00a0\u00bbC\u00e9line EYMERY Kin\u00e9siologue Kin\u00e9siologue humaine et animale et lib\u00e9ration cranio-sacr\u00e9e\u00a0\u00bb title_text=\u00a0\u00bbC\u00e9line EYMERY Kin\u00e9siologue Kin\u00e9siologue humaine et animale et lib\u00e9ration cranio-sacr\u00e9e\u00a0\u00bb _builder_version=\u00a0\u00bb4.27.0&Prime; _module_preset=\u00a0\u00bbdefault\u00a0\u00bb global_colors_info=\u00a0\u00bb{}\u00a0\u00bb][\/et_pb_image][\/et_pb_column][et_pb_column type=\u00a0\u00bb1_2&Prime; _builder_version=\u00a0\u00bb4.27.0&Prime; _module_preset=\u00a0\u00bbdefault\u00a0\u00bb global_colors_info=\u00a0\u00bb{}\u00a0\u00bb][et_pb_text _builder_version=\u00a0\u00bb4.27.0&Prime; _module_preset=\u00a0\u00bbdefault\u00a0\u00bb global_colors_info=\u00a0\u00bb{}\u00a0\u00bb]<\/p>\n<ul>\n<li><strong>Stress li\u00e9 \u00e0 des changements d\u2019environnement<\/strong> : un d\u00e9m\u00e9nagement, l\u2019arriv\u00e9e d\u2019un nouvel animal ou d\u2019un b\u00e9b\u00e9, ou tout autre changement soudain peuvent perturber l\u2019\u00e9quilibre de l\u2019animal, g\u00e9n\u00e9rant des comportements inhabituels.<\/li>\n<li><strong>Peurs et anxi\u00e9t\u00e9<\/strong> : des bruits forts, comme les orages ou les feux d\u2019artifice, ou des situations stressantes, comme les visites chez le v\u00e9t\u00e9rinaire, peuvent cr\u00e9er de l\u2019anxi\u00e9t\u00e9 chez certains animaux.<\/li>\n<li><strong>Troubles du comportement<\/strong> : l\u2019agressivit\u00e9, la destruction d\u2019objets, le marquage excessif ou d\u2019autres comportements probl\u00e9matiques peuvent parfois r\u00e9sulter de d\u00e9s\u00e9quilibres \u00e9motionnels.<\/li>\n<li><strong>Difficult\u00e9s d\u2019adaptation<\/strong> : certains animaux montrent des difficult\u00e9s \u00e0 s\u2019adapter \u00e0 de nouvelles situations, ce qui peut \u00eatre un signe de stress ou d\u2019inconfort \u00e9motionnel.<\/li>\n<li><strong>Douleurs physiques inexpliqu\u00e9es<\/strong> : des douleurs persistantes, de l\u2019arthrose ou des raideurs articulaires peuvent \u00eatre li\u00e9es \u00e0 des blocages \u00e9nerg\u00e9tiques et un stress \u00e9motionnel.<\/li>\n<li><strong>Fatigue ou apathie inhabituelle<\/strong> : un manque d\u2019\u00e9nergie ou un comportement l\u00e9thargique peut \u00eatre le signe d\u2019un d\u00e9s\u00e9quilibre interne, surtout si l\u2019animal \u00e9tait auparavant plus dynamique.<\/li>\n<li><strong>Troubles digestifs<\/strong> : des vomissements, de la diarrh\u00e9e ou des probl\u00e8mes digestifs peuvent parfois \u00eatre associ\u00e9s \u00e0 des tensions \u00e9motionnelles, surtout en p\u00e9riode de changement ou de stress.<\/li>\n<li><strong>Traumatismes anciens<\/strong> : un animal ayant v\u00e9cu des situations difficiles (abandon, maltraitance, accidents) peut garder des marques \u00e9motionnelles qui influencent son comportement et sa relation avec son environnement.<\/li>\n<li><strong>Relations difficiles avec les autres animaux ou les humains<\/strong> : des difficult\u00e9s de cohabitation ou un comportement agressif envers d\u2019autres animaux ou des humains peuvent indiquer des tensions ou des peurs non r\u00e9solues.<\/li>\n<li><strong>R\u00e9actions disproportionn\u00e9es<\/strong> : certains animaux r\u00e9agissent de mani\u00e8re excessive \u00e0 de petites situations, ce qui peut \u00eatre un signe de blocage \u00e9motionnel.<\/li>\n<\/ul>\n<p>[\/et_pb_text][et_pb_button button_url=\u00a0\u00bbhttps:\/\/zcal.co\/kinesiohumaine\/Animale\u00a0\u00bb button_text=\u00a0\u00bbRendez-vous kin\u00e9sio animale\u00a0\u00bb button_alignment=\u00a0\u00bbcenter\u00a0\u00bb _builder_version=\u00a0\u00bb4.27.0&Prime; _module_preset=\u00a0\u00bbdefault\u00a0\u00bb custom_button=\u00a0\u00bbon\u00a0\u00bb button_text_color=\u00a0\u00bb#FFFFFF\u00a0\u00bb button_bg_color=\u00a0\u00bb#7F6A93&Prime; button_border_color=\u00a0\u00bbRGBA(255,255,255,0)\u00a0\u00bb button_border_radius=\u00a0\u00bb39px\u00a0\u00bb button_letter_spacing=\u00a0\u00bb4px\u00a0\u00bb animation_style=\u00a0\u00bbbounce\u00a0\u00bb global_colors_info=\u00a0\u00bb{}\u00a0\u00bb][\/et_pb_button][\/et_pb_column][\/et_pb_row][\/et_pb_section][et_pb_section fb_built=\u00a0\u00bb1&Prime; disabled_on=\u00a0\u00bbon|on|off\u00a0\u00bb _builder_version=\u00a0\u00bb4.27.0&Prime; _module_preset=\u00a0\u00bbdefault\u00a0\u00bb background_color=\u00a0\u00bb#F7E9E9&Prime; global_colors_info=\u00a0\u00bb{}\u00a0\u00bb][et_pb_row _builder_version=\u00a0\u00bb4.27.0&Prime; _module_preset=\u00a0\u00bbdefault\u00a0\u00bb global_colors_info=\u00a0\u00bb{}\u00a0\u00bb][et_pb_column type=\u00a0\u00bb4_4&Prime; _builder_version=\u00a0\u00bb4.27.0&Prime; _module_preset=\u00a0\u00bbdefault\u00a0\u00bb global_colors_info=\u00a0\u00bb{}\u00a0\u00bb][et_pb_heading title=\u00a0\u00bbEt si la kin\u00e9siologie pouvait \u00eatre la r\u00e9ponse \u00e0 vos maux, \u00e0 ceux de vos enfants ou de votre animal ?\u00a0\u00bb _builder_version=\u00a0\u00bb4.27.0&Prime; _module_preset=\u00a0\u00bbdefault\u00a0\u00bb title_font=\u00a0\u00bb&#8211;et_global_body_font||||||||\u00a0\u00bb title_text_align=\u00a0\u00bbcenter\u00a0\u00bb title_text_color=\u00a0\u00bb#7F6A93&Prime; title_font_size=\u00a0\u00bb24px\u00a0\u00bb custom_margin=\u00a0\u00bb0px||0px||false|false\u00a0\u00bb custom_padding=\u00a0\u00bb||0px|0px|false|false\u00a0\u00bb animation_style=\u00a0\u00bbfade\u00a0\u00bb global_colors_info=\u00a0\u00bb{}\u00a0\u00bb][\/et_pb_heading][\/et_pb_column][\/et_pb_row][\/et_pb_section][et_pb_section fb_built=\u00a0\u00bb1&Prime; disabled_on=\u00a0\u00bboff|off|on\u00a0\u00bb _builder_version=\u00a0\u00bb4.27.0&Prime; _module_preset=\u00a0\u00bbdefault\u00a0\u00bb background_color=\u00a0\u00bb#F7E9E9&Prime; global_colors_info=\u00a0\u00bb{}\u00a0\u00bb][et_pb_row _builder_version=\u00a0\u00bb4.27.0&Prime; _module_preset=\u00a0\u00bbdefault\u00a0\u00bb global_colors_info=\u00a0\u00bb{}\u00a0\u00bb][et_pb_column type=\u00a0\u00bb4_4&Prime; _builder_version=\u00a0\u00bb4.27.0&Prime; _module_preset=\u00a0\u00bbdefault\u00a0\u00bb global_colors_info=\u00a0\u00bb{}\u00a0\u00bb][et_pb_heading title=\u00a0\u00bbEt si la kin\u00e9siologie pouvait \u00eatre la r\u00e9ponse \u00e0 vos maux, \u00e0 ceux de vos enfants ou de votre animal ?\u00a0\u00bb _builder_version=\u00a0\u00bb4.27.0&Prime; _module_preset=\u00a0\u00bbdefault\u00a0\u00bb title_font=\u00a0\u00bb&#8211;et_global_body_font||||||||\u00a0\u00bb title_text_align=\u00a0\u00bbcenter\u00a0\u00bb title_text_color=\u00a0\u00bb#7F6A93&Prime; title_font_size=\u00a0\u00bb24px\u00a0\u00bb custom_margin=\u00a0\u00bb0px||0px||false|false\u00a0\u00bb custom_padding=\u00a0\u00bb||0px|0px|false|false\u00a0\u00bb animation_style=\u00a0\u00bbfade\u00a0\u00bb global_colors_info=\u00a0\u00bb{}\u00a0\u00bb][\/et_pb_heading][\/et_pb_column][\/et_pb_row][\/et_pb_section][et_pb_section fb_built=\u00a0\u00bb1&Prime; disabled_on=\u00a0\u00bbon|on|off\u00a0\u00bb _builder_version=\u00a0\u00bb4.27.0&Prime; _module_preset=\u00a0\u00bbdefault\u00a0\u00bb background_color=\u00a0\u00bb#7F6A93&Prime; global_colors_info=\u00a0\u00bb{}\u00a0\u00bb][et_pb_row column_structure=\u00a0\u00bb1_2,1_2&Prime; _builder_version=\u00a0\u00bb4.27.0&Prime; _module_preset=\u00a0\u00bbdefault\u00a0\u00bb global_colors_info=\u00a0\u00bb{}\u00a0\u00bb][et_pb_column type=\u00a0\u00bb1_2&Prime; _builder_version=\u00a0\u00bb4.27.0&Prime; _module_preset=\u00a0\u00bbdefault\u00a0\u00bb global_colors_info=\u00a0\u00bb{}\u00a0\u00bb][et_pb_image src=\u00a0\u00bbhttp:\/\/ekineisis.fr\/wp-content\/uploads\/2024\/09\/Design-sans-titre-12.png\u00a0\u00bb title_text=\u00a0\u00bbDesign sans titre (12)\u00a0\u00bb _builder_version=\u00a0\u00bb4.27.0&Prime; _module_preset=\u00a0\u00bbdefault\u00a0\u00bb global_colors_info=\u00a0\u00bb{}\u00a0\u00bb][\/et_pb_image][\/et_pb_column][et_pb_column type=\u00a0\u00bb1_2&Prime; _builder_version=\u00a0\u00bb4.27.0&Prime; _module_preset=\u00a0\u00bbdefault\u00a0\u00bb global_colors_info=\u00a0\u00bb{}\u00a0\u00bb][et_pb_text _builder_version=\u00a0\u00bb4.27.0&Prime; _module_preset=\u00a0\u00bbdefault\u00a0\u00bb text_text_color=\u00a0\u00bb#FFFFFF\u00a0\u00bb header_text_color=\u00a0\u00bb#FFFFFF\u00a0\u00bb global_colors_info=\u00a0\u00bb{}\u00a0\u00bb]<\/p>\n<p><strong>Imaginez comment vous pourriez vous sentir apr\u00e8s votre s\u00e9ance :<\/strong><\/p>\n<p>&nbsp;<\/p>\n<ul>\n<li>Vous seriez apais\u00e9, comme si un poids avait \u00e9t\u00e9 lev\u00e9 de vos \u00e9paules.<br \/>Vous g\u00e8rez mieux le stress et vos journ\u00e9es sont beaucoup plus sereines<\/li>\n<li>Vos douleurs chroniques ont nettement diminu\u00e9. Vous pouvez enfin bouger sans ressentir cette g\u00eane constante, et \u00e7a change tout dans votre vie quotidienne<\/li>\n<li>Vous dormiriez tellement mieux ! Fini les insomnies et les nuits agit\u00e9es.<br \/>Vous vous r\u00e9veillez repos\u00e9, pr\u00eat \u00e0 affronter la journ\u00e9e avec \u00e9nergie<\/li>\n<li>Vous seriez beaucoup plus calme \u00e9motionnellement. Vous ne vous laissez plus submerger par la col\u00e8re ou la tristesse, et vous avez retrouv\u00e9 un \u00e9quilibre int\u00e9rieur<\/li>\n<li>Vous ressentiriez une nouvelle \u00e9nergie, une vitalit\u00e9 que vous aviez perdue depuis longtemps. Vous vous sentez plus l\u00e9ger, plus dynamique, et plus en phase avec vous-m\u00eame<\/li>\n<li>Vous seriez plus s\u00fbr de vous. Vos doutes et vos peurs ont laiss\u00e9 place \u00e0 une confiance retrouv\u00e9e, et vous vous sentez capable de relever les d\u00e9fis de votre vie<\/li>\n<li>Vous vous sentiriez enfin reconnect\u00e9 avec vous-m\u00eame. Votre corps et votre esprit travaillent en harmonie, et j\u2019ai l\u2019impression d\u2019\u00eatre plus en accord avec mes besoins profonds<\/li>\n<\/ul>\n<p>[\/et_pb_text][et_pb_button button_url=\u00a0\u00bbhttps:\/\/zcal.co\/kinesiohumaine\/ekineisis\u00a0\u00bb button_text=\u00a0\u00bbRendez-vous kin\u00e9sio humaine\u00a0\u00bb button_alignment=\u00a0\u00bbcenter\u00a0\u00bb disabled_on=\u00a0\u00bboff|off|off\u00a0\u00bb _builder_version=\u00a0\u00bb4.27.0&Prime; _module_preset=\u00a0\u00bbdefault\u00a0\u00bb custom_button=\u00a0\u00bbon\u00a0\u00bb button_text_color=\u00a0\u00bb#FFFFFF\u00a0\u00bb button_bg_color=\u00a0\u00bb#A2C5AC\u00a0\u00bb button_border_color=\u00a0\u00bb#A2C5AC\u00a0\u00bb button_border_radius=\u00a0\u00bb13px\u00a0\u00bb button_letter_spacing=\u00a0\u00bb4px\u00a0\u00bb animation_style=\u00a0\u00bbbounce\u00a0\u00bb global_colors_info=\u00a0\u00bb{}\u00a0\u00bb][\/et_pb_button][\/et_pb_column][\/et_pb_row][\/et_pb_section][et_pb_section fb_built=\u00a0\u00bb1&Prime; disabled_on=\u00a0\u00bboff|off|on\u00a0\u00bb _builder_version=\u00a0\u00bb4.27.0&Prime; _module_preset=\u00a0\u00bbdefault\u00a0\u00bb background_color=\u00a0\u00bb#7F6A93&Prime; global_colors_info=\u00a0\u00bb{}\u00a0\u00bb][et_pb_row column_structure=\u00a0\u00bb1_2,1_2&Prime; _builder_version=\u00a0\u00bb4.27.0&Prime; _module_preset=\u00a0\u00bbdefault\u00a0\u00bb global_colors_info=\u00a0\u00bb{}\u00a0\u00bb][et_pb_column type=\u00a0\u00bb1_2&Prime; _builder_version=\u00a0\u00bb4.27.0&Prime; _module_preset=\u00a0\u00bbdefault\u00a0\u00bb global_colors_info=\u00a0\u00bb{}\u00a0\u00bb][et_pb_image src=\u00a0\u00bbhttp:\/\/ekineisis.fr\/wp-content\/uploads\/2024\/09\/Design-sans-titre-12.png\u00a0\u00bb title_text=\u00a0\u00bbDesign sans titre (12)\u00a0\u00bb _builder_version=\u00a0\u00bb4.27.0&Prime; _module_preset=\u00a0\u00bbdefault\u00a0\u00bb global_colors_info=\u00a0\u00bb{}\u00a0\u00bb][\/et_pb_image][\/et_pb_column][et_pb_column type=\u00a0\u00bb1_2&Prime; _builder_version=\u00a0\u00bb4.27.0&Prime; _module_preset=\u00a0\u00bbdefault\u00a0\u00bb global_colors_info=\u00a0\u00bb{}\u00a0\u00bb][et_pb_text _builder_version=\u00a0\u00bb4.27.0&Prime; _module_preset=\u00a0\u00bbdefault\u00a0\u00bb global_colors_info=\u00a0\u00bb{}\u00a0\u00bb]Imaginez comment vous pourriez vous sentir apr\u00e8s votre s\u00e9ance :<\/p>\n<p>&nbsp;<\/p>\n<ul>\n<li>Vous seriez apais\u00e9, comme si un poids avait \u00e9t\u00e9 lev\u00e9 de vos \u00e9paules. <br \/>Vous g\u00e8rez mieux le stress et vos journ\u00e9es sont beaucoup plus sereines<\/li>\n<li>Vos douleurs chroniques ont nettement diminu\u00e9. Vous pouvez enfin bouger sans ressentir cette g\u00eane constante, et \u00e7a change tout dans votre vie quotidienne<\/li>\n<li>Vous dormiriez tellement mieux ! Fini les insomnies et les nuits agit\u00e9es. <br \/>Vous vous r\u00e9veillez repos\u00e9, pr\u00eat \u00e0 affronter la journ\u00e9e avec \u00e9nergie<\/li>\n<li>Vous seriez beaucoup plus calme \u00e9motionnellement. Vous ne vous laissez<br \/> plus submerger par la col\u00e8re ou la tristesse, et vous avez retrouv\u00e9 un <br \/>\u00e9quilibre int\u00e9rieur<\/li>\n<li>Vous ressentiriez une nouvelle \u00e9nergie, une vitalit\u00e9 que vous aviez perdue depuis longtemps. Vous vous sentez plus l\u00e9ger, plus dynamique, et plus en phase avec vous-m\u00eame<\/li>\n<li>Vous seriez plus s\u00fbr de vous. Vos doutes et vos peurs ont laiss\u00e9 place \u00e0 une confiance retrouv\u00e9e, et vous vous sentez capable de relever les d\u00e9fis de votre vie<\/li>\n<li>Vous vous sentiriez enfin reconnect\u00e9 avec vous-m\u00eame. Votre corps et votre esprit travaillent en harmonie, et j\u2019ai l\u2019impression d\u2019\u00eatre plus en accord avec mes besoins profonds<\/li>\n<\/ul>\n<p>[\/et_pb_text][et_pb_button button_url=\u00a0\u00bbhttps:\/\/zcal.co\/kinesiohumaine\/ekineisis\u00a0\u00bb button_text=\u00a0\u00bbRendez-vous kin\u00e9sio humaine\u00a0\u00bb button_alignment=\u00a0\u00bbcenter\u00a0\u00bb disabled_on=\u00a0\u00bboff|off|on\u00a0\u00bb _builder_version=\u00a0\u00bb4.27.0&Prime; _module_preset=\u00a0\u00bbdefault\u00a0\u00bb custom_button=\u00a0\u00bbon\u00a0\u00bb button_text_color=\u00a0\u00bb#7F6A93&Prime; button_bg_color=\u00a0\u00bb#A2C5AC\u00a0\u00bb button_border_color=\u00a0\u00bb#A2C5AC\u00a0\u00bb button_border_radius=\u00a0\u00bb39px\u00a0\u00bb button_letter_spacing=\u00a0\u00bb4px\u00a0\u00bb animation_style=\u00a0\u00bbbounce\u00a0\u00bb global_colors_info=\u00a0\u00bb{}\u00a0\u00bb][\/et_pb_button][\/et_pb_column][\/et_pb_row][\/et_pb_section][et_pb_section fb_built=\u00a0\u00bb1&Prime; disabled_on=\u00a0\u00bbon|on|off\u00a0\u00bb _builder_version=\u00a0\u00bb4.27.0&Prime; _module_preset=\u00a0\u00bbdefault\u00a0\u00bb background_color=\u00a0\u00bb#9DB5B2&Prime; global_colors_info=\u00a0\u00bb{}\u00a0\u00bb][et_pb_row column_structure=\u00a0\u00bb1_2,1_2&Prime; _builder_version=\u00a0\u00bb4.27.0&Prime; _module_preset=\u00a0\u00bbdefault\u00a0\u00bb global_colors_info=\u00a0\u00bb{}\u00a0\u00bb][et_pb_column type=\u00a0\u00bb1_2&Prime; _builder_version=\u00a0\u00bb4.27.0&Prime; _module_preset=\u00a0\u00bbdefault\u00a0\u00bb global_colors_info=\u00a0\u00bb{}\u00a0\u00bb][et_pb_text _builder_version=\u00a0\u00bb4.27.0&Prime; _module_preset=\u00a0\u00bbdefault\u00a0\u00bb global_colors_info=\u00a0\u00bb{}\u00a0\u00bb]Imaginez comment votre animal pourrez se sentir :<\/p>\n<p>&nbsp;<\/p>\n<ul>\n<li>Votre chien est beaucoup plus calme et d\u00e9tendu. Il ne stresse plus autant quand vous partez de la maison, etvous le sentez apais\u00e9 m\u00eame dans les situations qui l\u2019angoissaient avant<\/li>\n<li>Les comportements agressifs de votre chien ont compl\u00e8tement disparu.<br \/> Il est redevenu affectueux et beaucoup plus facile \u00e0 vivre, ce qui a am\u00e9lior\u00e9 toute votre dynamique \u00e0 la maison<\/li>\n<li>Votre cheval semble enfin soulag\u00e9 de ses douleurs. Il bouge avec plus de fluidit\u00e9 et retrouve son \u00e9nergie d\u2019avant, sans montrer de signes de souffrance<\/li>\n<li>Votre chien n\u2019est plus hyperactif. Il reste calme dans des environnements o\u00f9 il \u00e9tait agit\u00e9, et c\u2019est un vrai soulagement pour vous tous<\/li>\n<li>Votre aniaml semble beaucoup heureux, plus \u00e9quilibr\u00e9. Vous le sentez plus \u00e0 l&rsquo;aise dans son corps et dans son comportement<\/li>\n<\/ul>\n<p>[\/et_pb_text][et_pb_button button_url=\u00a0\u00bbhttps:\/\/zcal.co\/kinesiohumaine\/Animale\u00a0\u00bb button_text=\u00a0\u00bbRendez kin\u00e9sio animale\u00a0\u00bb button_alignment=\u00a0\u00bbcenter\u00a0\u00bb _builder_version=\u00a0\u00bb4.27.0&Prime; _module_preset=\u00a0\u00bbdefault\u00a0\u00bb custom_button=\u00a0\u00bbon\u00a0\u00bb button_text_color=\u00a0\u00bb#FFFFFF\u00a0\u00bb button_bg_color=\u00a0\u00bb#7F6A93&Prime; button_border_color=\u00a0\u00bbRGBA(255,255,255,0)\u00a0\u00bb button_border_radius=\u00a0\u00bb13px\u00a0\u00bb button_letter_spacing=\u00a0\u00bb4px\u00a0\u00bb animation_style=\u00a0\u00bbbounce\u00a0\u00bb global_colors_info=\u00a0\u00bb{}\u00a0\u00bb][\/et_pb_button][\/et_pb_column][et_pb_column type=\u00a0\u00bb1_2&Prime; _builder_version=\u00a0\u00bb4.27.0&Prime; _module_preset=\u00a0\u00bbdefault\u00a0\u00bb global_colors_info=\u00a0\u00bb{}\u00a0\u00bb][et_pb_image src=\u00a0\u00bbhttp:\/\/ekineisis.fr\/wp-content\/uploads\/2024\/09\/Design-sans-titre-11.png\u00a0\u00bb title_text=\u00a0\u00bbDesign sans titre (11)\u00a0\u00bb _builder_version=\u00a0\u00bb4.27.0&Prime; _module_preset=\u00a0\u00bbdefault\u00a0\u00bb global_colors_info=\u00a0\u00bb{}\u00a0\u00bb][\/et_pb_image][\/et_pb_column][\/et_pb_row][\/et_pb_section][et_pb_section fb_built=\u00a0\u00bb1&Prime; disabled_on=\u00a0\u00bboff|off|on\u00a0\u00bb _builder_version=\u00a0\u00bb4.27.0&Prime; _module_preset=\u00a0\u00bbdefault\u00a0\u00bb background_color=\u00a0\u00bb#9DB5B2&Prime; global_colors_info=\u00a0\u00bb{}\u00a0\u00bb][et_pb_row column_structure=\u00a0\u00bb1_2,1_2&Prime; _builder_version=\u00a0\u00bb4.27.0&Prime; _module_preset=\u00a0\u00bbdefault\u00a0\u00bb global_colors_info=\u00a0\u00bb{}\u00a0\u00bb][et_pb_column type=\u00a0\u00bb1_2&Prime; _builder_version=\u00a0\u00bb4.27.0&Prime; _module_preset=\u00a0\u00bbdefault\u00a0\u00bb global_colors_info=\u00a0\u00bb{}\u00a0\u00bb][et_pb_text _builder_version=\u00a0\u00bb4.27.0&Prime; _module_preset=\u00a0\u00bbdefault\u00a0\u00bb global_colors_info=\u00a0\u00bb{}\u00a0\u00bb]Imaginez comment votre animal pourrez se sentir :<\/p>\n<p>&nbsp;<\/p>\n<ul>\n<li>Votre chien est beaucoup plus calme et d\u00e9tendu. Il ne stresse plus autant quand vous partez de la maison, etvous le sentez apais\u00e9 m\u00eame dans les situations qui l\u2019angoissaient avant<\/li>\n<li>Les comportements agressifs de votre chien ont compl\u00e8tement disparu.<br \/> Il est redevenu affectueux et beaucoup plus facile \u00e0 vivre, ce qui a am\u00e9lior\u00e9 toute votre dynamique \u00e0 la maison<\/li>\n<li>Votre cheval semble enfin soulag\u00e9 de ses douleurs. Il bouge avec plus de fluidit\u00e9 et retrouve son \u00e9nergie d\u2019avant, sans montrer de signes de souffrance<\/li>\n<li>Votre chien n\u2019est plus hyperactif. Il reste calme dans des environnements o\u00f9 il \u00e9tait agit\u00e9, et c\u2019est un vrai soulagement pour vous tous<\/li>\n<li>Votre aniaml semble beaucoup heureux, plus \u00e9quilibr\u00e9. Vous le sentez plus \u00e0 l&rsquo;aise dans son corps et dans son comportement<\/li>\n<\/ul>\n<p>[\/et_pb_text][et_pb_button button_url=\u00a0\u00bbhttps:\/\/zcal.co\/kinesiohumaine\/Animale\u00a0\u00bb button_text=\u00a0\u00bbRendez-vous kin\u00e9sio animale\u00a0\u00bb button_alignment=\u00a0\u00bbcenter\u00a0\u00bb _builder_version=\u00a0\u00bb4.27.0&Prime; _module_preset=\u00a0\u00bbdefault\u00a0\u00bb custom_button=\u00a0\u00bbon\u00a0\u00bb button_text_color=\u00a0\u00bb#FFFFFF\u00a0\u00bb button_bg_color=\u00a0\u00bb#7F6A93&Prime; button_border_color=\u00a0\u00bbRGBA(255,255,255,0)\u00a0\u00bb button_border_radius=\u00a0\u00bb39px\u00a0\u00bb button_letter_spacing=\u00a0\u00bb4px\u00a0\u00bb animation_style=\u00a0\u00bbbounce\u00a0\u00bb global_colors_info=\u00a0\u00bb{}\u00a0\u00bb][\/et_pb_button][\/et_pb_column][et_pb_column type=\u00a0\u00bb1_2&Prime; _builder_version=\u00a0\u00bb4.27.0&Prime; _module_preset=\u00a0\u00bbdefault\u00a0\u00bb global_colors_info=\u00a0\u00bb{}\u00a0\u00bb][et_pb_image src=\u00a0\u00bbhttp:\/\/ekineisis.fr\/wp-content\/uploads\/2024\/09\/Design-sans-titre-11.png\u00a0\u00bb title_text=\u00a0\u00bbDesign sans titre (11)\u00a0\u00bb _builder_version=\u00a0\u00bb4.27.0&Prime; _module_preset=\u00a0\u00bbdefault\u00a0\u00bb global_colors_info=\u00a0\u00bb{}\u00a0\u00bb][\/et_pb_image][\/et_pb_column][\/et_pb_row][\/et_pb_section][et_pb_section fb_built=\u00a0\u00bb1&Prime; disabled_on=\u00a0\u00bboff|off|off\u00a0\u00bb admin_label=\u00a0\u00bbFooter\u00a0\u00bb _builder_version=\u00a0\u00bb4.27.0&Prime; _module_preset=\u00a0\u00bbdefault\u00a0\u00bb background_color=\u00a0\u00bb#A2C5AC\u00a0\u00bb background_image=\u00a0\u00bbhttp:\/\/ekineisis.fr\/wp-content\/uploads\/2024\/07\/jewelry-designer-2.png\u00a0\u00bb background_size=\u00a0\u00bbcustom\u00a0\u00bb background_image_width=\u00a0\u00bb10vw\u00a0\u00bb background_position=\u00a0\u00bbbottom_right\u00a0\u00bb background_enable_pattern_style=\u00a0\u00bbon\u00a0\u00bb background_pattern_color=\u00a0\u00bbrgba(235,228,213,0.35)\u00a0\u00bb background_pattern_size=\u00a0\u00bbcustom\u00a0\u00bb background_pattern_width=\u00a0\u00bb6px\u00a0\u00bb min_height=\u00a0\u00bb154.8px\u00a0\u00bb custom_padding=\u00a0\u00bb0px|||||\u00a0\u00bb collapsed=\u00a0\u00bbon\u00a0\u00bb global_colors_info=\u00a0\u00bb{}\u00a0\u00bb][et_pb_row column_structure=\u00a0\u00bb1_2,1_2&Prime; _builder_version=\u00a0\u00bb4.27.0&Prime; _module_preset=\u00a0\u00bbdefault\u00a0\u00bb global_colors_info=\u00a0\u00bb{}\u00a0\u00bb][et_pb_column type=\u00a0\u00bb1_2&Prime; _builder_version=\u00a0\u00bb4.17.4&Prime; _module_preset=\u00a0\u00bbdefault\u00a0\u00bb global_colors_info=\u00a0\u00bb{}\u00a0\u00bb][et_pb_text _builder_version=\u00a0\u00bb4.27.0&Prime; _module_preset=\u00a0\u00bb4827deed-2a92-4d97-a22f-f01067ae6873&Prime; header_font=\u00a0\u00bb||||||||\u00a0\u00bb header_4_font=\u00a0\u00bbBodoni Moda||||||||\u00a0\u00bb header_4_text_color=\u00a0\u00bb#FFFFFF\u00a0\u00bb header_4_font_size=\u00a0\u00bb24px\u00a0\u00bb header_4_line_height=\u00a0\u00bb1.5em\u00a0\u00bb custom_margin=\u00a0\u00bb||30px||false|false\u00a0\u00bb header_4_font_size_tablet=\u00a0\u00bb16px\u00a0\u00bb header_4_font_size_phone=\u00a0\u00bb14px\u00a0\u00bb header_4_font_size_last_edited=\u00a0\u00bbon|tablet\u00a0\u00bb locked=\u00a0\u00bboff\u00a0\u00bb global_colors_info=\u00a0\u00bb{}\u00a0\u00bb]<\/p>\n<h4>C\u00e9line Eymery<\/h4>\n<p>[\/et_pb_text][et_pb_text _builder_version=\u00a0\u00bb4.27.0&Prime; _module_preset=\u00a0\u00bb4c43b4b6-66bf-432d-959a-705bda24a650&Prime; text_font=\u00a0\u00bbMulish||||||||\u00a0\u00bb text_text_color=\u00a0\u00bb#FFFFFF\u00a0\u00bb text_line_height=\u00a0\u00bb1.85em\u00a0\u00bb header_text_color=\u00a0\u00bb#FFFFFF\u00a0\u00bb header_font_size_tablet=\u00a0\u00bb55px\u00a0\u00bb header_font_size_last_edited=\u00a0\u00bboff|desktop\u00a0\u00bb locked=\u00a0\u00bboff\u00a0\u00bb global_colors_info=\u00a0\u00bb{}\u00a0\u00bb]<\/p>\n<h1><span style=\"vertical-align: inherit;\">Kin\u00e9siologue humaine, animale et lib\u00e9ration cranio-sacr\u00e9e<\/span><\/h1>\n<p>[\/et_pb_text][\/et_pb_column][et_pb_column type=\u00a0\u00bb1_2&Prime; _builder_version=\u00a0\u00bb4.17.4&Prime; _module_preset=\u00a0\u00bbdefault\u00a0\u00bb global_colors_info=\u00a0\u00bb{}\u00a0\u00bb][et_pb_image src=\u00a0\u00bbhttp:\/\/ekineisis.fr\/wp-content\/uploads\/2024\/07\/jewelry-designer-3.png\u00a0\u00bb title_text=\u00a0\u00bbjewelry-designer-3&Prime; _builder_version=\u00a0\u00bb4.17.4&Prime; _module_preset=\u00a0\u00bbdefault\u00a0\u00bb positioning=\u00a0\u00bbabsolute\u00a0\u00bb position_origin_a=\u00a0\u00bbtop_right\u00a0\u00bb width=\u00a0\u00bb10%\u00a0\u00bb custom_margin=\u00a0\u00bb-15%|-10%|||false|false\u00a0\u00bb global_colors_info=\u00a0\u00bb{}\u00a0\u00bb][\/et_pb_image][et_pb_text _builder_version=\u00a0\u00bb4.27.0&Prime; _module_preset=\u00a0\u00bb4827deed-2a92-4d97-a22f-f01067ae6873&Prime; header_font=\u00a0\u00bb||||||||\u00a0\u00bb header_4_font=\u00a0\u00bbBodoni Moda||||||||\u00a0\u00bb header_4_text_color=\u00a0\u00bb#FFFFFF\u00a0\u00bb header_4_font_size=\u00a0\u00bb24px\u00a0\u00bb header_4_line_height=\u00a0\u00bb1.5em\u00a0\u00bb text_orientation=\u00a0\u00bbright\u00a0\u00bb custom_margin=\u00a0\u00bb||30px||false|false\u00a0\u00bb header_4_font_size_tablet=\u00a0\u00bb16px\u00a0\u00bb header_4_font_size_phone=\u00a0\u00bb14px\u00a0\u00bb header_4_font_size_last_edited=\u00a0\u00bbon|tablet\u00a0\u00bb locked=\u00a0\u00bboff\u00a0\u00bb global_colors_info=\u00a0\u00bb{}\u00a0\u00bb]<\/p>\n<h4 style=\"text-align: right;\"><span style=\"vertical-align: inherit;\"><span style=\"vertical-align: inherit;\"><span style=\"vertical-align: inherit;\"><span style=\"vertical-align: inherit;\">Contact<\/span><\/span><\/span><\/span><\/h4>\n<p>[\/et_pb_text][et_pb_text _builder_version=\u00a0\u00bb4.27.0&Prime; _module_preset=\u00a0\u00bb518880c8-46c7-4ffa-b5a6-93ffa99dcc17&Prime; text_font=\u00a0\u00bb||||||||\u00a0\u00bb text_text_color=\u00a0\u00bbrgba(255,255,255,0.7)\u00a0\u00bb text_font_size=\u00a0\u00bb18px\u00a0\u00bb text_line_height=\u00a0\u00bb1.8em\u00a0\u00bb link_text_color=\u00a0\u00bb#AC8961&Prime; text_orientation=\u00a0\u00bbright\u00a0\u00bb custom_margin=\u00a0\u00bb||10px||false|false\u00a0\u00bb text_font_size_tablet=\u00a0\u00bb16px\u00a0\u00bb text_font_size_phone=\u00a0\u00bb14px\u00a0\u00bb text_font_size_last_edited=\u00a0\u00bbon|phone\u00a0\u00bb locked=\u00a0\u00bboff\u00a0\u00bb global_colors_info=\u00a0\u00bb{}\u00a0\u00bb]<\/p>\n<p>59 Pl. de la croix, 38560 Jarrie<\/p>\n<p style=\"text-align: right;\">T\u00e9l : 07.49.05.36.19<\/p>\n<p>[\/et_pb_text][et_pb_social_media_follow _builder_version=\u00a0\u00bb4.27.0&Prime; _module_preset=\u00a0\u00bbdefault\u00a0\u00bb text_orientation=\u00a0\u00bbright\u00a0\u00bb global_colors_info=\u00a0\u00bb{}\u00a0\u00bb][et_pb_social_media_follow_network social_network=\u00a0\u00bbfacebook\u00a0\u00bb _builder_version=\u00a0\u00bb4.17.4&Prime; _module_preset=\u00a0\u00bbdefault\u00a0\u00bb background_enable_color=\u00a0\u00bboff\u00a0\u00bb global_colors_info=\u00a0\u00bb{}\u00a0\u00bb follow_button=\u00a0\u00bboff\u00a0\u00bb url_new_window=\u00a0\u00bbon\u00a0\u00bb]facebook[\/et_pb_social_media_follow_network][et_pb_social_media_follow_network social_network=\u00a0\u00bbinstagram\u00a0\u00bb _builder_version=\u00a0\u00bb4.17.4&Prime; _module_preset=\u00a0\u00bbdefault\u00a0\u00bb background_color=\u00a0\u00bbRGBA(255,255,255,0)\u00a0\u00bb background_enable_color=\u00a0\u00bbon\u00a0\u00bb global_colors_info=\u00a0\u00bb{}\u00a0\u00bb follow_button=\u00a0\u00bboff\u00a0\u00bb url_new_window=\u00a0\u00bbon\u00a0\u00bb]instagram[\/et_pb_social_media_follow_network][\/et_pb_social_media_follow][\/et_pb_column][\/et_pb_row][\/et_pb_section]<\/p>\n","protected":false},"excerpt":{"rendered":"<p>EKINEISISKin\u00e9siologue humaine, animale et lib\u00e9ration cranio-sacr\u00e9ePour une vie en harmonie, lib\u00e9rez vos \u00e9motions et atteignez l&rsquo;\u00e9quilibre int\u00e9rieurEKINEISISKin\u00e9siologue humaine, animale et lib\u00e9ration cranio-sacr\u00e9ePour une vie en harmonie, lib\u00e9rez vos \u00e9motions et atteignez l&rsquo;\u00e9quilibre int\u00e9rieur\u00a0\u00bbTout ce \u00e0 quoi je r\u00e9siste persiste, tout ce que je r\u00e9prime s&rsquo;imprime, tout ce que j&#8217;embrasse s&rsquo;efface. Inspirez le pr\u00e9sent, expirez le [&hellip;]<\/p>\n","protected":false},"author":1,"featured_media":170,"parent":0,"menu_order":0,"comment_status":"closed","ping_status":"closed","template":"","meta":{"_et_pb_use_builder":"on","_et_pb_old_content":"","_et_gb_content_width":"","footnotes":""},"class_list":["post-100","page","type-page","status-publish","has-post-thumbnail","hentry"],"yoast_head":"<!-- This site is optimized with the Yoast SEO plugin v23.9 - https:\/\/yoast.com\/wordpress\/plugins\/seo\/ -->\n<title>Accueil - EKINEISIS<\/title>\n<meta name=\"description\" content=\"D\u00e9couvrez qu&#039;est-ce que la kin\u00e9siologie : une m\u00e9thode douce et holistique pour lib\u00e9rer les \u00e9motions bloqu\u00e9es et retrouver l\u2019\u00e9quilibre chez les humains et les animaux.\" \/>\n<meta name=\"robots\" content=\"index, follow, max-snippet:-1, max-image-preview:large, max-video-preview:-1\" \/>\n<link rel=\"canonical\" href=\"https:\/\/ekineisis.fr\/\" \/>\n<meta property=\"og:locale\" content=\"fr_FR\" \/>\n<meta property=\"og:type\" content=\"article\" \/>\n<meta property=\"og:title\" content=\"Accueil - EKINEISIS\" \/>\n<meta property=\"og:description\" content=\"D\u00e9couvrez qu&#039;est-ce que la kin\u00e9siologie : une m\u00e9thode douce et holistique pour lib\u00e9rer les \u00e9motions bloqu\u00e9es et retrouver l\u2019\u00e9quilibre chez les humains et les animaux.\" \/>\n<meta property=\"og:url\" content=\"https:\/\/ekineisis.fr\/\" \/>\n<meta property=\"og:site_name\" content=\"EKINEISIS\" \/>\n<meta property=\"article:modified_time\" content=\"2025-06-07T15:41:36+00:00\" \/>\n<meta property=\"og:image\" content=\"http:\/\/ekineisis.fr\/wp-content\/uploads\/2024\/08\/Logo.png4_.png\" \/>\n\t<meta property=\"og:image:width\" content=\"1500\" \/>\n\t<meta property=\"og:image:height\" content=\"1500\" \/>\n\t<meta property=\"og:image:type\" content=\"image\/png\" \/>\n<meta name=\"twitter:card\" content=\"summary_large_image\" \/>\n<meta name=\"twitter:label1\" content=\"Dur\u00e9e de lecture estim\u00e9e\" \/>\n\t<meta name=\"twitter:data1\" content=\"21 minutes\" \/>\n<script type=\"application\/ld+json\" class=\"yoast-schema-graph\">{\"@context\":\"https:\/\/schema.org\",\"@graph\":[{\"@type\":\"WebPage\",\"@id\":\"https:\/\/ekineisis.fr\/\",\"url\":\"https:\/\/ekineisis.fr\/\",\"name\":\"Accueil - EKINEISIS\",\"isPartOf\":{\"@id\":\"https:\/\/ekineisis.fr\/#website\"},\"primaryImageOfPage\":{\"@id\":\"https:\/\/ekineisis.fr\/#primaryimage\"},\"image\":{\"@id\":\"https:\/\/ekineisis.fr\/#primaryimage\"},\"thumbnailUrl\":\"https:\/\/ekineisis.fr\/wp-content\/uploads\/2024\/08\/Logo.png4_.png\",\"datePublished\":\"2024-07-25T09:14:42+00:00\",\"dateModified\":\"2025-06-07T15:41:36+00:00\",\"description\":\"D\u00e9couvrez qu'est-ce que la kin\u00e9siologie : une m\u00e9thode douce et holistique pour lib\u00e9rer les \u00e9motions bloqu\u00e9es et retrouver l\u2019\u00e9quilibre chez les humains et les animaux.\",\"breadcrumb\":{\"@id\":\"https:\/\/ekineisis.fr\/#breadcrumb\"},\"inLanguage\":\"fr-FR\",\"potentialAction\":[{\"@type\":\"ReadAction\",\"target\":[\"https:\/\/ekineisis.fr\/\"]}]},{\"@type\":\"ImageObject\",\"inLanguage\":\"fr-FR\",\"@id\":\"https:\/\/ekineisis.fr\/#primaryimage\",\"url\":\"https:\/\/ekineisis.fr\/wp-content\/uploads\/2024\/08\/Logo.png4_.png\",\"contentUrl\":\"https:\/\/ekineisis.fr\/wp-content\/uploads\/2024\/08\/Logo.png4_.png\",\"width\":1500,\"height\":1500,\"caption\":\"Kin\u00e9siologue humaine et animale et lib\u00e9ration cranio-sacr\u00e9e\"},{\"@type\":\"BreadcrumbList\",\"@id\":\"https:\/\/ekineisis.fr\/#breadcrumb\",\"itemListElement\":[{\"@type\":\"ListItem\",\"position\":1,\"name\":\"Accueil\",\"item\":\"https:\/\/ekineisis.fr\/\"},{\"@type\":\"ListItem\",\"position\":2,\"name\":\"Accueil\"}]},{\"@type\":\"WebSite\",\"@id\":\"https:\/\/ekineisis.fr\/#website\",\"url\":\"https:\/\/ekineisis.fr\/\",\"name\":\"EKINEISIS\",\"description\":\"\",\"publisher\":{\"@id\":\"https:\/\/ekineisis.fr\/#\/schema\/person\/71a0789376085015ddc9e12fdc49001e\"},\"potentialAction\":[{\"@type\":\"SearchAction\",\"target\":{\"@type\":\"EntryPoint\",\"urlTemplate\":\"https:\/\/ekineisis.fr\/?s={search_term_string}\"},\"query-input\":{\"@type\":\"PropertyValueSpecification\",\"valueRequired\":true,\"valueName\":\"search_term_string\"}}],\"inLanguage\":\"fr-FR\"},{\"@type\":[\"Person\",\"Organization\"],\"@id\":\"https:\/\/ekineisis.fr\/#\/schema\/person\/71a0789376085015ddc9e12fdc49001e\",\"name\":\"admin5797\",\"image\":{\"@type\":\"ImageObject\",\"inLanguage\":\"fr-FR\",\"@id\":\"https:\/\/ekineisis.fr\/#\/schema\/person\/image\/\",\"url\":\"https:\/\/secure.gravatar.com\/avatar\/b9477204cc761744e70ca2f02dcf1c2c5137cbdcafa7d4792c7ef489ae7c99df?s=96&d=mm&r=g\",\"contentUrl\":\"https:\/\/secure.gravatar.com\/avatar\/b9477204cc761744e70ca2f02dcf1c2c5137cbdcafa7d4792c7ef489ae7c99df?s=96&d=mm&r=g\",\"caption\":\"admin5797\"},\"logo\":{\"@id\":\"https:\/\/ekineisis.fr\/#\/schema\/person\/image\/\"},\"sameAs\":[\"http:\/\/ekineisis.fr\"]}]}<\/script>\n<!-- \/ Yoast SEO plugin. -->","yoast_head_json":{"title":"Accueil - EKINEISIS","description":"D\u00e9couvrez qu'est-ce que la kin\u00e9siologie : une m\u00e9thode douce et holistique pour lib\u00e9rer les \u00e9motions bloqu\u00e9es et retrouver l\u2019\u00e9quilibre chez les humains et les animaux.","robots":{"index":"index","follow":"follow","max-snippet":"max-snippet:-1","max-image-preview":"max-image-preview:large","max-video-preview":"max-video-preview:-1"},"canonical":"https:\/\/ekineisis.fr\/","og_locale":"fr_FR","og_type":"article","og_title":"Accueil - EKINEISIS","og_description":"D\u00e9couvrez qu'est-ce que la kin\u00e9siologie : une m\u00e9thode douce et holistique pour lib\u00e9rer les \u00e9motions bloqu\u00e9es et retrouver l\u2019\u00e9quilibre chez les humains et les animaux.","og_url":"https:\/\/ekineisis.fr\/","og_site_name":"EKINEISIS","article_modified_time":"2025-06-07T15:41:36+00:00","og_image":[{"width":1500,"height":1500,"url":"http:\/\/ekineisis.fr\/wp-content\/uploads\/2024\/08\/Logo.png4_.png","type":"image\/png"}],"twitter_card":"summary_large_image","twitter_misc":{"Dur\u00e9e de lecture estim\u00e9e":"21 minutes"},"schema":{"@context":"https:\/\/schema.org","@graph":[{"@type":"WebPage","@id":"https:\/\/ekineisis.fr\/","url":"https:\/\/ekineisis.fr\/","name":"Accueil - EKINEISIS","isPartOf":{"@id":"https:\/\/ekineisis.fr\/#website"},"primaryImageOfPage":{"@id":"https:\/\/ekineisis.fr\/#primaryimage"},"image":{"@id":"https:\/\/ekineisis.fr\/#primaryimage"},"thumbnailUrl":"https:\/\/ekineisis.fr\/wp-content\/uploads\/2024\/08\/Logo.png4_.png","datePublished":"2024-07-25T09:14:42+00:00","dateModified":"2025-06-07T15:41:36+00:00","description":"D\u00e9couvrez qu'est-ce que la kin\u00e9siologie : une m\u00e9thode douce et holistique pour lib\u00e9rer les \u00e9motions bloqu\u00e9es et retrouver l\u2019\u00e9quilibre chez les humains et les animaux.","breadcrumb":{"@id":"https:\/\/ekineisis.fr\/#breadcrumb"},"inLanguage":"fr-FR","potentialAction":[{"@type":"ReadAction","target":["https:\/\/ekineisis.fr\/"]}]},{"@type":"ImageObject","inLanguage":"fr-FR","@id":"https:\/\/ekineisis.fr\/#primaryimage","url":"https:\/\/ekineisis.fr\/wp-content\/uploads\/2024\/08\/Logo.png4_.png","contentUrl":"https:\/\/ekineisis.fr\/wp-content\/uploads\/2024\/08\/Logo.png4_.png","width":1500,"height":1500,"caption":"Kin\u00e9siologue humaine et animale et lib\u00e9ration cranio-sacr\u00e9e"},{"@type":"BreadcrumbList","@id":"https:\/\/ekineisis.fr\/#breadcrumb","itemListElement":[{"@type":"ListItem","position":1,"name":"Accueil","item":"https:\/\/ekineisis.fr\/"},{"@type":"ListItem","position":2,"name":"Accueil"}]},{"@type":"WebSite","@id":"https:\/\/ekineisis.fr\/#website","url":"https:\/\/ekineisis.fr\/","name":"EKINEISIS","description":"","publisher":{"@id":"https:\/\/ekineisis.fr\/#\/schema\/person\/71a0789376085015ddc9e12fdc49001e"},"potentialAction":[{"@type":"SearchAction","target":{"@type":"EntryPoint","urlTemplate":"https:\/\/ekineisis.fr\/?s={search_term_string}"},"query-input":{"@type":"PropertyValueSpecification","valueRequired":true,"valueName":"search_term_string"}}],"inLanguage":"fr-FR"},{"@type":["Person","Organization"],"@id":"https:\/\/ekineisis.fr\/#\/schema\/person\/71a0789376085015ddc9e12fdc49001e","name":"admin5797","image":{"@type":"ImageObject","inLanguage":"fr-FR","@id":"https:\/\/ekineisis.fr\/#\/schema\/person\/image\/","url":"https:\/\/secure.gravatar.com\/avatar\/b9477204cc761744e70ca2f02dcf1c2c5137cbdcafa7d4792c7ef489ae7c99df?s=96&d=mm&r=g","contentUrl":"https:\/\/secure.gravatar.com\/avatar\/b9477204cc761744e70ca2f02dcf1c2c5137cbdcafa7d4792c7ef489ae7c99df?s=96&d=mm&r=g","caption":"admin5797"},"logo":{"@id":"https:\/\/ekineisis.fr\/#\/schema\/person\/image\/"},"sameAs":["http:\/\/ekineisis.fr"]}]}},"_links":{"self":[{"href":"https:\/\/ekineisis.fr\/index.php\/wp-json\/wp\/v2\/pages\/100","targetHints":{"allow":["GET"]}}],"collection":[{"href":"https:\/\/ekineisis.fr\/index.php\/wp-json\/wp\/v2\/pages"}],"about":[{"href":"https:\/\/ekineisis.fr\/index.php\/wp-json\/wp\/v2\/types\/page"}],"author":[{"embeddable":true,"href":"https:\/\/ekineisis.fr\/index.php\/wp-json\/wp\/v2\/users\/1"}],"replies":[{"embeddable":true,"href":"https:\/\/ekineisis.fr\/index.php\/wp-json\/wp\/v2\/comments?post=100"}],"version-history":[{"count":151,"href":"https:\/\/ekineisis.fr\/index.php\/wp-json\/wp\/v2\/pages\/100\/revisions"}],"predecessor-version":[{"id":902,"href":"https:\/\/ekineisis.fr\/index.php\/wp-json\/wp\/v2\/pages\/100\/revisions\/902"}],"wp:featuredmedia":[{"embeddable":true,"href":"https:\/\/ekineisis.fr\/index.php\/wp-json\/wp\/v2\/media\/170"}],"wp:attachment":[{"href":"https:\/\/ekineisis.fr\/index.php\/wp-json\/wp\/v2\/media?parent=100"}],"curies":[{"name":"wp","href":"https:\/\/api.w.org\/{rel}","templated":true}]}}